{"id":1923,"date":"2024-05-03T11:33:20","date_gmt":"2024-05-03T10:33:20","guid":{"rendered":"https:\/\/prepast.org\/?page_id=1923"},"modified":"2026-02-12T09:13:03","modified_gmt":"2026-02-12T08:13:03","slug":"zones-prioritaries","status":"publish","type":"page","link":"https:\/\/prepast.org\/es\/actuacions\/zones-prioritaries\/","title":{"rendered":"Zonas prioritarias de actuaci\u00f3n"},"content":{"rendered":"<div data-aos= \"fade-down\" data-aos-duration=\"400\" data-aos-delay=\"0\" data-aos-easing=\"ease\" data-aos-once=\"true\" class=\"wp-block-uagb-container uagb-block-c61ca359 alignfull uagb-is-root-container\"><div class=\"uagb-container-inner-blocks-wrap\">\n<div class=\"wp-block-uagb-info-box uagb-block-83dfa9ba uagb-infobox__content-wrap  uagb-infobox-icon-above-title uagb-infobox-image-valign-top\"><div class=\"uagb-ifb-content\"><div class=\"uagb-ifb-title-wrap\"><h1 class=\"uagb-ifb-title\">Zonas prioritarias de actuaci\u00f3n<\/h1><\/div><p class=\"uagb-ifb-desc\">Identificamos las \u00e1reas con mayor potencial para recuperar el pasto al Montsec, integrando criterios ecol\u00f3gicos, sociales y ganaderos para conservar la biodiversidad y prevenir incendios de manera sostenible.<\/p><\/div><\/div>\n<\/div><\/div>\n\n\n\n<div class=\"wp-block-uagb-container uagb-block-70ec5659 alignfull uagb-is-root-container\">\n<div class=\"wp-block-uagb-container uagb-block-375add93\">\n<p>Esta actuaci\u00f3n ha permitido localizar las zonas m\u00e1s adecuadas para recuperar y consolidar el pastoreo extensivo en la sierra del Montsec, considerando factores clave como el valor pastoral, el inter\u00e9s social y ganadero, el potencial de mejora de la biodiversidad, la prevenci\u00f3n de incendios y la proximidad a explotaciones activas. <\/p>\n\n\n\n<p>El resultado es un mapa que clasifica el territorio en cuatro niveles de prioridad, que sirve como herramienta para seleccionar las \u00e1reas de intervenci\u00f3n demostrativa del proyecto PREPAST. Esta informaci\u00f3n contribuye a impulsar una gesti\u00f3n sostenible que favorece el mantenimiento del mosaico agroforestal, la resiliencia del paisaje y la conservaci\u00f3n de los valores naturales y culturales del Montsec.<\/p>\n\n\n\n<!-- Imatge responsive; en clicar s\u2019obre a mida completa -->\n<a href=\"https:\/\/prepast.org\/Mapes\/0.jpg\" target=\"_blank\" rel=\"noopener\">\n  <img decoding=\"async\" \n    src=\"https:\/\/prepast.org\/Mapes\/0.jpg\" \n    alt=\"Mapa PREPAST en imatge\" \n    style=\"max-width:100%; height:auto; display:block; border:0;\"\n    loading=\"lazy\">\n<\/a>\n<\/div>\n<\/div>\n\n\n\n<div class=\"wp-block-uagb-container uagb-block-e33dc3d0 alignfull uagb-is-root-container\"><div class=\"uagb-container-inner-blocks-wrap\"><\/div><\/div>\n\n\n\n<div class=\"wp-block-uagb-container uagb-block-5b6aa6f1 default uagb-is-root-container\">\n<p><\/p>\n\n\n\n<div class=\"wp-block-uagb-advanced-heading uagb-block-e9cca9a2\"><h1 class=\"uagb-heading-text\">Informes<\/h1><\/div>\n\n\n\n<p><\/p>\n\n\n\n<div class=\"wp-block-uagb-call-to-action uagb-block-f5d28886 wp-block-button\"><div class=\"uagb-cta__wrap\"><h6 class=\"uagb-cta__title\">INFORME FINAL<\/h6><p class=\"uagb-cta__desc\">Zonas \u00f3ptimas para la recuperaci\u00f3n de pastos<\/p><\/div><div class=\"uagb-cta__buttons\"><a href=\"https:\/\/drive.google.com\/file\/d\/1kT37GbYfzGLNkoGTnaW7XOoxr-WHB-lo\/view?usp=drive_link\" class=\"uagb-cta__button-link-wrapper wp-block-button__link\" target=\"_blank\" rel=\"noopener noreferrer\">Ver y\/o descargar <svg xmlns=\"https:\/\/www.w3.org\/2000\/svg\" viewbox=\"0 0 576 512\"><path d=\"M144.3 32.04C106.9 31.29 63.7 41.44 18.6 61.29c-11.42 5.026-18.6 16.67-18.6 29.15l0 357.6c0 11.55 11.99 19.55 22.45 14.65c126.3-59.14 219.8 11 223.8 14.01C249.1 478.9 252.5 480 256 480c12.4 0 16-11.38 16-15.98V80.04c0-5.203-2.531-10.08-6.781-13.08C263.3 65.58 216.7 33.35 144.3 32.04zM557.4 61.29c-45.11-19.79-88.48-29.61-125.7-29.26c-72.44 1.312-118.1 33.55-120.9 34.92C306.5 69.96 304 74.83 304 80.04v383.1C304 468.4 307.5 480 320 480c3.484 0 6.938-1.125 9.781-3.328c3.925-3.018 97.44-73.16 223.8-14c10.46 4.896 22.45-3.105 22.45-14.65l.0001-357.6C575.1 77.97 568.8 66.31 557.4 61.29z\"><\/path><\/svg><\/a><\/div><\/div>\n\n\n\n<p><\/p>\n\n\n\n<div class=\"wp-block-uagb-call-to-action uagb-block-549ec154 wp-block-button\"><div class=\"uagb-cta__wrap\"><h6 class=\"uagb-cta__title\">Mapa final en alta resoluci\u00f3n<\/h6><p class=\"uagb-cta__desc\">Zonas \u00f3ptimas para la recuperaci\u00f3n de pastos<\/p><\/div><div class=\"uagb-cta__buttons\"><a href=\"https:\/\/drive.google.com\/file\/d\/1KDfKOx6o71o94UKiZvqHC6yugT9WtiCY\/view?usp=drive_link\" class=\"uagb-cta__button-link-wrapper wp-block-button__link\" target=\"_blank\" rel=\"noopener noreferrer\">Ver y\/o descargar <svg xmlns=\"https:\/\/www.w3.org\/2000\/svg\" viewbox=\"0 0 576 512\"><path d=\"M144.3 32.04C106.9 31.29 63.7 41.44 18.6 61.29c-11.42 5.026-18.6 16.67-18.6 29.15l0 357.6c0 11.55 11.99 19.55 22.45 14.65c126.3-59.14 219.8 11 223.8 14.01C249.1 478.9 252.5 480 256 480c12.4 0 16-11.38 16-15.98V80.04c0-5.203-2.531-10.08-6.781-13.08C263.3 65.58 216.7 33.35 144.3 32.04zM557.4 61.29c-45.11-19.79-88.48-29.61-125.7-29.26c-72.44 1.312-118.1 33.55-120.9 34.92C306.5 69.96 304 74.83 304 80.04v383.1C304 468.4 307.5 480 320 480c3.484 0 6.938-1.125 9.781-3.328c3.925-3.018 97.44-73.16 223.8-14c10.46 4.896 22.45-3.105 22.45-14.65l.0001-357.6C575.1 77.97 568.8 66.31 557.4 61.29z\"><\/path><\/svg><\/a><\/div><\/div>\n\n\n\n<p><\/p>\n\n\n\n<div class=\"wp-block-uagb-call-to-action uagb-block-47f60be4 wp-block-button\"><div class=\"uagb-cta__wrap\"><h6 class=\"uagb-cta__title\">Potencial ganadero de los h\u00e1bitats del Montsec<\/h6><\/div><div class=\"uagb-cta__buttons\"><a href=\"https:\/\/drive.google.com\/file\/d\/1hMkuKnzgvGtz0_50KSxhGLR4KPvZl8q3\/view?usp=drive_link\" class=\"uagb-cta__button-link-wrapper wp-block-button__link\" target=\"_blank\" rel=\"noopener noreferrer\">Ver y\/o descargar<svg xmlns=\"https:\/\/www.w3.org\/2000\/svg\" viewbox=\"0 0 576 512\"><path d=\"M144.3 32.04C106.9 31.29 63.7 41.44 18.6 61.29c-11.42 5.026-18.6 16.67-18.6 29.15l0 357.6c0 11.55 11.99 19.55 22.45 14.65c126.3-59.14 219.8 11 223.8 14.01C249.1 478.9 252.5 480 256 480c12.4 0 16-11.38 16-15.98V80.04c0-5.203-2.531-10.08-6.781-13.08C263.3 65.58 216.7 33.35 144.3 32.04zM557.4 61.29c-45.11-19.79-88.48-29.61-125.7-29.26c-72.44 1.312-118.1 33.55-120.9 34.92C306.5 69.96 304 74.83 304 80.04v383.1C304 468.4 307.5 480 320 480c3.484 0 6.938-1.125 9.781-3.328c3.925-3.018 97.44-73.16 223.8-14c10.46 4.896 22.45-3.105 22.45-14.65l.0001-357.6C575.1 77.97 568.8 66.31 557.4 61.29z\"><\/path><\/svg><\/a><\/div><\/div>\n\n\n\n<p><\/p>\n\n\n\n<div class=\"wp-block-uagb-call-to-action uagb-block-26b47ae8 wp-block-button\"><div class=\"uagb-cta__wrap\"><h6 class=\"uagb-cta__title\">Zonas prioritarias en funci\u00f3n de inter\u00e9s social y el manejo ganadero<\/h6><\/div><div class=\"uagb-cta__buttons\"><a href=\"https:\/\/drive.google.com\/file\/d\/1ydOzhXxVl5G6u93z7UVrA1xEuols--90\/view?usp=drive_link\" class=\"uagb-cta__button-link-wrapper wp-block-button__link\" target=\"_blank\" rel=\"noopener noreferrer\">Ver y\/o descargar<svg xmlns=\"https:\/\/www.w3.org\/2000\/svg\" viewbox=\"0 0 576 512\"><path d=\"M144.3 32.04C106.9 31.29 63.7 41.44 18.6 61.29c-11.42 5.026-18.6 16.67-18.6 29.15l0 357.6c0 11.55 11.99 19.55 22.45 14.65c126.3-59.14 219.8 11 223.8 14.01C249.1 478.9 252.5 480 256 480c12.4 0 16-11.38 16-15.98V80.04c0-5.203-2.531-10.08-6.781-13.08C263.3 65.58 216.7 33.35 144.3 32.04zM557.4 61.29c-45.11-19.79-88.48-29.61-125.7-29.26c-72.44 1.312-118.1 33.55-120.9 34.92C306.5 69.96 304 74.83 304 80.04v383.1C304 468.4 307.5 480 320 480c3.484 0 6.938-1.125 9.781-3.328c3.925-3.018 97.44-73.16 223.8-14c10.46 4.896 22.45-3.105 22.45-14.65l.0001-357.6C575.1 77.97 568.8 66.31 557.4 61.29z\"><\/path><\/svg><\/a><\/div><\/div>\n\n\n\n<p><\/p>\n\n\n\n<div class=\"wp-block-uagb-call-to-action uagb-block-dc2cc585 wp-block-button\"><div class=\"uagb-cta__wrap\"><h6 class=\"uagb-cta__title\">Zonas prioritarias para la prevenci\u00f3n de incendios<\/h6><\/div><div class=\"uagb-cta__buttons\"><a href=\"https:\/\/drive.google.com\/file\/d\/1s8pYx6n3jFoZHO8jwOX6DPiMZ2_RxrWY\/view?usp=drive_link\" class=\"uagb-cta__button-link-wrapper wp-block-button__link\" target=\"_blank\" rel=\"noopener noreferrer\">Ver y\/o descargar<svg xmlns=\"https:\/\/www.w3.org\/2000\/svg\" viewbox=\"0 0 576 512\"><path d=\"M144.3 32.04C106.9 31.29 63.7 41.44 18.6 61.29c-11.42 5.026-18.6 16.67-18.6 29.15l0 357.6c0 11.55 11.99 19.55 22.45 14.65c126.3-59.14 219.8 11 223.8 14.01C249.1 478.9 252.5 480 256 480c12.4 0 16-11.38 16-15.98V80.04c0-5.203-2.531-10.08-6.781-13.08C263.3 65.58 216.7 33.35 144.3 32.04zM557.4 61.29c-45.11-19.79-88.48-29.61-125.7-29.26c-72.44 1.312-118.1 33.55-120.9 34.92C306.5 69.96 304 74.83 304 80.04v383.1C304 468.4 307.5 480 320 480c3.484 0 6.938-1.125 9.781-3.328c3.925-3.018 97.44-73.16 223.8-14c10.46 4.896 22.45-3.105 22.45-14.65l.0001-357.6C575.1 77.97 568.8 66.31 557.4 61.29z\"><\/path><\/svg><\/a><\/div><\/div>\n\n\n\n<p><\/p>\n\n\n\n<div class=\"wp-block-uagb-call-to-action uagb-block-36df6795 wp-block-button\"><div class=\"uagb-cta__wrap\"><h6 class=\"uagb-cta__title\">Zonas prioritarias en funci\u00f3n del impacto positivo en la biodiversidad<\/h6><\/div><div class=\"uagb-cta__buttons\"><a href=\"https:\/\/drive.google.com\/file\/d\/1yHMYMHMrcLxmyQEoDjjsy4uUnOYfYx_w\/view?usp=drive_link\" class=\"uagb-cta__button-link-wrapper wp-block-button__link\" target=\"_blank\" rel=\"noopener noreferrer\">Ver y\/o descargar<svg xmlns=\"https:\/\/www.w3.org\/2000\/svg\" viewbox=\"0 0 576 512\"><path d=\"M144.3 32.04C106.9 31.29 63.7 41.44 18.6 61.29c-11.42 5.026-18.6 16.67-18.6 29.15l0 357.6c0 11.55 11.99 19.55 22.45 14.65c126.3-59.14 219.8 11 223.8 14.01C249.1 478.9 252.5 480 256 480c12.4 0 16-11.38 16-15.98V80.04c0-5.203-2.531-10.08-6.781-13.08C263.3 65.58 216.7 33.35 144.3 32.04zM557.4 61.29c-45.11-19.79-88.48-29.61-125.7-29.26c-72.44 1.312-118.1 33.55-120.9 34.92C306.5 69.96 304 74.83 304 80.04v383.1C304 468.4 307.5 480 320 480c3.484 0 6.938-1.125 9.781-3.328c3.925-3.018 97.44-73.16 223.8-14c10.46 4.896 22.45-3.105 22.45-14.65l.0001-357.6C575.1 77.97 568.8 66.31 557.4 61.29z\"><\/path><\/svg><\/a><\/div><\/div>\n<\/div>\n\n\n\n<div class=\"wp-block-uagb-container uag-hide-desktop uag-hide-tab uag-hide-mob uagb-block-ff18c1e8 alignfull uagb-is-root-container\"><div class=\"uagb-container-inner-blocks-wrap\">\n<div data-aos= \"fade-right\" data-aos-duration=\"400\" data-aos-delay=\"0\" data-aos-easing=\"ease\" data-aos-once=\"true\" class=\"wp-block-uagb-container uagb-block-d14f2f7c\">\n<div class=\"wp-block-uagb-advanced-heading uagb-block-e962af39\"><h2 class=\"uagb-heading-text\">T\u00edtol<\/h2><\/div>\n\n\n\n<p>La p\u00e9rdida de pastores y reba\u00f1os en la situaci\u00f3n actual de cambio clim\u00e1tico, de episodios de sequ\u00eda y de aumento de la intensificaci\u00f3n agr\u00edcola, significa tambi\u00e9n el abandono del campo, la no utilizaci\u00f3n de los recursos renovables locales, el aumento del riesgo de incendios, la p\u00e9rdida de biodiversidad con la homogeneizaci\u00f3n del paisaje y el despoblamiento del territorio.<\/p>\n<\/div>\n\n\n\n<div data-aos= \"fade-left\" data-aos-duration=\"400\" data-aos-delay=\"0\" data-aos-easing=\"ease\" data-aos-once=\"true\" class=\"wp-block-uagb-container uagb-block-847f1532\">\n<div class=\"wp-block-uagb-image alignleft uagb-block-ab7feac7 wp-block-uagb-image--layout-default wp-block-uagb-image--effect-static wp-block-uagb-image--align-left\"><figure class=\"wp-block-uagb-image__figure\"><img decoding=\"async\" srcset=\"https:\/\/prepast.org\/wp-content\/uploads\/2024\/05\/exemple-mapa-1024x663.png ,https:\/\/prepast.org\/wp-content\/uploads\/2024\/05\/exemple-mapa.png 780w, https:\/\/prepast.org\/wp-content\/uploads\/2024\/05\/exemple-mapa.png 360w\" sizes=\"auto, (max-width: 480px) 150px\" src=\"https:\/\/prepast.org\/wp-content\/uploads\/2024\/05\/exemple-mapa-1024x663.png\" alt=\"\" class=\"uag-image-1898\" width=\"660\" height=\"400\" title=\"exemple-mapa\" loading=\"lazy\" role=\"img\"\/><\/figure><\/div>\n<\/div>\n<\/div><\/div>","protected":false},"excerpt":{"rendered":"<p>Aquesta actuaci\u00f3 ha perm\u00e8s localitzar les zones m\u00e9s adients per recuperar i consolidar la pastura extensiva a la serra del Montsec, considerant factors clau com el valor pastoral, l\u2019inter\u00e8s social i ramader, el potencial de millora de la biodiversitat, la prevenci\u00f3 d\u2019incendis i la proximitat a explotacions actives. El resultat \u00e9s un mapa que classifica [&hellip;]<\/p>","protected":false},"author":8,"featured_media":0,"parent":41,"menu_order":3,"comment_status":"closed","ping_status":"closed","template":"","meta":{"_uag_custom_page_level_css":"","site-sidebar-layout":"default","site-content-layout":"page-builder","ast-site-content-layout":"full-width-container","site-content-style":"unboxed","site-sidebar-style":"unboxed","ast-global-header-display":"","ast-banner-title-visibility":"","ast-main-header-display":"","ast-hfb-above-header-display":"","ast-hfb-below-header-display":"","ast-hfb-mobile-header-display":"","site-post-title":"disabled","ast-breadcrumbs-content":"","ast-featured-img":"","footer-sml-layout":"","ast-disable-related-posts":"","theme-transparent-header-meta":"enabled","adv-header-id-meta":"","stick-header-meta":"","header-above-stick-meta":"","header-main-stick-meta":"","header-below-stick-meta":"","astra-migrate-meta-layouts":"set","ast-page-background-enabled":"default","ast-page-background-meta":{"desktop":{"background-color":"var(--ast-global-color-4)","background-image":"","background-repeat":"repeat","background-position":"center center","background-size":"auto","background-attachment":"scroll","background-type":"","background-media":"","overlay-type":"","overlay-color":"","overlay-opacity":"","overlay-gradient":""},"tablet":{"background-color":"","background-image":"","background-repeat":"repeat","background-position":"center center","background-size":"auto","background-attachment":"scroll","background-type":"","background-media":"","overlay-type":"","overlay-color":"","overlay-opacity":"","overlay-gradient":""},"mobile":{"background-color":"","background-image":"","background-repeat":"repeat","background-position":"center center","background-size":"auto","background-attachment":"scroll","background-type":"","background-media":"","overlay-type":"","overlay-color":"","overlay-opacity":"","overlay-gradient":""}},"ast-content-background-meta":{"desktop":{"background-color":"var(--ast-global-color-5)","background-image":"","background-repeat":"repeat","background-position":"center center","background-size":"auto","background-attachment":"scroll","background-type":"","background-media":"","overlay-type":"","overlay-color":"","overlay-opacity":"","overlay-gradient":""},"tablet":{"background-color":"var(--ast-global-color-5)","background-image":"","background-repeat":"repeat","background-position":"center center","background-size":"auto","background-attachment":"scroll","background-type":"","background-media":"","overlay-type":"","overlay-color":"","overlay-opacity":"","overlay-gradient":""},"mobile":{"background-color":"var(--ast-global-color-5)","background-image":"","background-repeat":"repeat","background-position":"center center","background-size":"auto","background-attachment":"scroll","background-type":"","background-media":"","overlay-type":"","overlay-color":"","overlay-opacity":"","overlay-gradient":""}},"footnotes":""},"class_list":["post-1923","page","type-page","status-publish","hentry"],"yoast_head":"<!-- This site is optimized with the Yoast SEO plugin v22.6 - https:\/\/yoast.com\/wordpress\/plugins\/seo\/ -->\n<title>Zones priorit\u00e0ries d&#039;actuaci\u00f3 - PREPAST<\/title>\n<meta name=\"robots\" content=\"index, follow, max-snippet:-1, max-image-preview:large, max-video-preview:-1\" \/>\n<link rel=\"canonical\" href=\"https:\/\/prepast.org\/es\/actuacions\/zones-prioritaries\/\" \/>\n<meta property=\"og:locale\" content=\"es_ES\" \/>\n<meta property=\"og:type\" content=\"article\" \/>\n<meta property=\"og:title\" content=\"Zones priorit\u00e0ries d&#039;actuaci\u00f3 - PREPAST\" \/>\n<meta property=\"og:description\" content=\"Aquesta actuaci\u00f3 ha perm\u00e8s localitzar les zones m\u00e9s adients per recuperar i consolidar la pastura extensiva a la serra del Montsec, considerant factors clau com el valor pastoral, l\u2019inter\u00e8s social i ramader, el potencial de millora de la biodiversitat, la prevenci\u00f3 d\u2019incendis i la proximitat a explotacions actives. El resultat \u00e9s un mapa que classifica [&hellip;]\" \/>\n<meta property=\"og:url\" content=\"https:\/\/prepast.org\/es\/actuacions\/zones-prioritaries\/\" \/>\n<meta property=\"og:site_name\" content=\"PREPAST\" \/>\n<meta property=\"article:modified_time\" content=\"2026-02-12T08:13:03+00:00\" \/>\n<meta property=\"og:image\" content=\"https:\/\/prepast.org\/Mapes\/0.jpg\" \/>\n<meta name=\"twitter:card\" content=\"summary_large_image\" \/>\n<meta name=\"twitter:site\" content=\"@projecteprepast\" \/>\n<meta name=\"twitter:label1\" content=\"Tiempo de lectura\" \/>\n\t<meta name=\"twitter:data1\" content=\"2 minutos\" \/>\n<script type=\"application\/ld+json\" class=\"yoast-schema-graph\">{\"@context\":\"https:\/\/schema.org\",\"@graph\":[{\"@type\":\"WebPage\",\"@id\":\"https:\/\/prepast.org\/actuacions\/zones-prioritaries\/\",\"url\":\"https:\/\/prepast.org\/actuacions\/zones-prioritaries\/\",\"name\":\"Zones priorit\u00e0ries d'actuaci\u00f3 - PREPAST\",\"isPartOf\":{\"@id\":\"https:\/\/prepast.org\/#website\"},\"primaryImageOfPage\":{\"@id\":\"https:\/\/prepast.org\/actuacions\/zones-prioritaries\/#primaryimage\"},\"image\":{\"@id\":\"https:\/\/prepast.org\/actuacions\/zones-prioritaries\/#primaryimage\"},\"thumbnailUrl\":\"https:\/\/prepast.org\/Mapes\/0.jpg\",\"datePublished\":\"2024-05-03T10:33:20+00:00\",\"dateModified\":\"2026-02-12T08:13:03+00:00\",\"breadcrumb\":{\"@id\":\"https:\/\/prepast.org\/actuacions\/zones-prioritaries\/#breadcrumb\"},\"inLanguage\":\"es\",\"potentialAction\":[{\"@type\":\"ReadAction\",\"target\":[\"https:\/\/prepast.org\/actuacions\/zones-prioritaries\/\"]}]},{\"@type\":\"ImageObject\",\"inLanguage\":\"es\",\"@id\":\"https:\/\/prepast.org\/actuacions\/zones-prioritaries\/#primaryimage\",\"url\":\"https:\/\/prepast.org\/Mapes\/0.jpg\",\"contentUrl\":\"https:\/\/prepast.org\/Mapes\/0.jpg\"},{\"@type\":\"BreadcrumbList\",\"@id\":\"https:\/\/prepast.org\/actuacions\/zones-prioritaries\/#breadcrumb\",\"itemListElement\":[{\"@type\":\"ListItem\",\"position\":1,\"name\":\"Inici\",\"item\":\"https:\/\/prepast.org\/\"},{\"@type\":\"ListItem\",\"position\":2,\"name\":\"Actuacions\",\"item\":\"https:\/\/prepast.org\/actuacions\/\"},{\"@type\":\"ListItem\",\"position\":3,\"name\":\"Zones priorit\u00e0ries d&#8217;actuaci\u00f3\"}]},{\"@type\":\"WebSite\",\"@id\":\"https:\/\/prepast.org\/#website\",\"url\":\"https:\/\/prepast.org\/\",\"name\":\"PREPAST\",\"description\":\"Pastures del Prepirineu\",\"publisher\":{\"@id\":\"https:\/\/prepast.org\/#organization\"},\"potentialAction\":[{\"@type\":\"SearchAction\",\"target\":{\"@type\":\"EntryPoint\",\"urlTemplate\":\"https:\/\/prepast.org\/?s={search_term_string}\"},\"query-input\":\"required name=search_term_string\"}],\"inLanguage\":\"es\"},{\"@type\":\"Organization\",\"@id\":\"https:\/\/prepast.org\/#organization\",\"name\":\"PREPAST\",\"url\":\"https:\/\/prepast.org\/\",\"logo\":{\"@type\":\"ImageObject\",\"inLanguage\":\"es\",\"@id\":\"https:\/\/prepast.org\/#\/schema\/logo\/image\/\",\"url\":\"https:\/\/prepast.org\/wp-content\/uploads\/2024\/03\/LOGO-PREPAST.png\",\"contentUrl\":\"https:\/\/prepast.org\/wp-content\/uploads\/2024\/03\/LOGO-PREPAST.png\",\"width\":1095,\"height\":1095,\"caption\":\"PREPAST\"},\"image\":{\"@id\":\"https:\/\/prepast.org\/#\/schema\/logo\/image\/\"},\"sameAs\":[\"https:\/\/x.com\/projecteprepast\",\"https:\/\/www.instagram.com\/projecteprepast\/\"]}]}<\/script>\n<!-- \/ Yoast SEO plugin. -->","yoast_head_json":{"title":"Zones priorit\u00e0ries d'actuaci\u00f3 - PREPAST","robots":{"index":"index","follow":"follow","max-snippet":"max-snippet:-1","max-image-preview":"max-image-preview:large","max-video-preview":"max-video-preview:-1"},"canonical":"https:\/\/prepast.org\/es\/actuacions\/zones-prioritaries\/","og_locale":"es_ES","og_type":"article","og_title":"Zones priorit\u00e0ries d'actuaci\u00f3 - PREPAST","og_description":"Aquesta actuaci\u00f3 ha perm\u00e8s localitzar les zones m\u00e9s adients per recuperar i consolidar la pastura extensiva a la serra del Montsec, considerant factors clau com el valor pastoral, l\u2019inter\u00e8s social i ramader, el potencial de millora de la biodiversitat, la prevenci\u00f3 d\u2019incendis i la proximitat a explotacions actives. El resultat \u00e9s un mapa que classifica [&hellip;]","og_url":"https:\/\/prepast.org\/es\/actuacions\/zones-prioritaries\/","og_site_name":"PREPAST","article_modified_time":"2026-02-12T08:13:03+00:00","og_image":[{"url":"https:\/\/prepast.org\/Mapes\/0.jpg"}],"twitter_card":"summary_large_image","twitter_site":"@projecteprepast","twitter_misc":{"Tiempo de lectura":"2 minutos"},"schema":{"@context":"https:\/\/schema.org","@graph":[{"@type":"WebPage","@id":"https:\/\/prepast.org\/actuacions\/zones-prioritaries\/","url":"https:\/\/prepast.org\/actuacions\/zones-prioritaries\/","name":"Zones priorit\u00e0ries d'actuaci\u00f3 - PREPAST","isPartOf":{"@id":"https:\/\/prepast.org\/#website"},"primaryImageOfPage":{"@id":"https:\/\/prepast.org\/actuacions\/zones-prioritaries\/#primaryimage"},"image":{"@id":"https:\/\/prepast.org\/actuacions\/zones-prioritaries\/#primaryimage"},"thumbnailUrl":"https:\/\/prepast.org\/Mapes\/0.jpg","datePublished":"2024-05-03T10:33:20+00:00","dateModified":"2026-02-12T08:13:03+00:00","breadcrumb":{"@id":"https:\/\/prepast.org\/actuacions\/zones-prioritaries\/#breadcrumb"},"inLanguage":"es","potentialAction":[{"@type":"ReadAction","target":["https:\/\/prepast.org\/actuacions\/zones-prioritaries\/"]}]},{"@type":"ImageObject","inLanguage":"es","@id":"https:\/\/prepast.org\/actuacions\/zones-prioritaries\/#primaryimage","url":"https:\/\/prepast.org\/Mapes\/0.jpg","contentUrl":"https:\/\/prepast.org\/Mapes\/0.jpg"},{"@type":"BreadcrumbList","@id":"https:\/\/prepast.org\/actuacions\/zones-prioritaries\/#breadcrumb","itemListElement":[{"@type":"ListItem","position":1,"name":"Inici","item":"https:\/\/prepast.org\/"},{"@type":"ListItem","position":2,"name":"Actuacions","item":"https:\/\/prepast.org\/actuacions\/"},{"@type":"ListItem","position":3,"name":"Zones priorit\u00e0ries d&#8217;actuaci\u00f3"}]},{"@type":"WebSite","@id":"https:\/\/prepast.org\/#website","url":"https:\/\/prepast.org\/","name":"PREPAST","description":"Pastos del Prepirineo","publisher":{"@id":"https:\/\/prepast.org\/#organization"},"potentialAction":[{"@type":"SearchAction","target":{"@type":"EntryPoint","urlTemplate":"https:\/\/prepast.org\/?s={search_term_string}"},"query-input":"required name=search_term_string"}],"inLanguage":"es"},{"@type":"Organization","@id":"https:\/\/prepast.org\/#organization","name":"PREPAST","url":"https:\/\/prepast.org\/","logo":{"@type":"ImageObject","inLanguage":"es","@id":"https:\/\/prepast.org\/#\/schema\/logo\/image\/","url":"https:\/\/prepast.org\/wp-content\/uploads\/2024\/03\/LOGO-PREPAST.png","contentUrl":"https:\/\/prepast.org\/wp-content\/uploads\/2024\/03\/LOGO-PREPAST.png","width":1095,"height":1095,"caption":"PREPAST"},"image":{"@id":"https:\/\/prepast.org\/#\/schema\/logo\/image\/"},"sameAs":["https:\/\/x.com\/projecteprepast","https:\/\/www.instagram.com\/projecteprepast\/"]}]}},"uagb_featured_image_src":{"full":false,"thumbnail":false,"medium":false,"medium_large":false,"large":false,"1536x1536":false,"2048x2048":false,"trp-custom-language-flag":false},"uagb_author_info":{"display_name":"NznR1yyA2iIR","author_link":"https:\/\/prepast.org\/es\/author\/nznr1yya2iir\/"},"uagb_comment_info":0,"uagb_excerpt":"Aquesta actuaci\u00f3 ha perm\u00e8s localitzar les zones m\u00e9s adients per recuperar i consolidar la pastura extensiva a la serra del Montsec, considerant factors clau com el valor pastoral, l\u2019inter\u00e8s social i ramader, el potencial de millora de la biodiversitat, la prevenci\u00f3 d\u2019incendis i la proximitat a explotacions actives. El resultat \u00e9s un mapa que classifica&hellip;","_links":{"self":[{"href":"https:\/\/prepast.org\/es\/wp-json\/wp\/v2\/pages\/1923","targetHints":{"allow":["GET"]}}],"collection":[{"href":"https:\/\/prepast.org\/es\/wp-json\/wp\/v2\/pages"}],"about":[{"href":"https:\/\/prepast.org\/es\/wp-json\/wp\/v2\/types\/page"}],"author":[{"embeddable":true,"href":"https:\/\/prepast.org\/es\/wp-json\/wp\/v2\/users\/8"}],"replies":[{"embeddable":true,"href":"https:\/\/prepast.org\/es\/wp-json\/wp\/v2\/comments?post=1923"}],"version-history":[{"count":49,"href":"https:\/\/prepast.org\/es\/wp-json\/wp\/v2\/pages\/1923\/revisions"}],"predecessor-version":[{"id":3516,"href":"https:\/\/prepast.org\/es\/wp-json\/wp\/v2\/pages\/1923\/revisions\/3516"}],"up":[{"embeddable":true,"href":"https:\/\/prepast.org\/es\/wp-json\/wp\/v2\/pages\/41"}],"wp:attachment":[{"href":"https:\/\/prepast.org\/es\/wp-json\/wp\/v2\/media?parent=1923"}],"curies":[{"name":"wp","href":"https:\/\/api.w.org\/{rel}","templated":true}]}}