{"id":1928,"date":"2024-05-03T11:37:37","date_gmt":"2024-05-03T10:37:37","guid":{"rendered":"https:\/\/prepast.org\/?page_id=1928"},"modified":"2025-12-23T12:11:54","modified_gmt":"2025-12-23T11:11:54","slug":"proces-de-debat","status":"publish","type":"page","link":"https:\/\/prepast.org\/es\/actuacions\/proces-de-debat\/","title":{"rendered":"Jornadas de debate sobre la ganader\u00eda extensiva en el Montsec"},"content":{"rendered":"<div data-aos= \"fade-down\" data-aos-duration=\"400\" data-aos-delay=\"0\" data-aos-easing=\"ease\" data-aos-once=\"true\" class=\"wp-block-uagb-container uagb-block-c61ca359 alignfull uagb-is-root-container\"><div class=\"uagb-container-inner-blocks-wrap\">\n<div class=\"wp-block-uagb-info-box uagb-block-83dfa9ba uagb-infobox__content-wrap  uagb-infobox-icon-above-title uagb-infobox-image-valign-top\"><div class=\"uagb-ifb-content\"><div class=\"uagb-ifb-title-wrap\"><h1 class=\"uagb-ifb-title\">Jornadas de debate sobre la ganader\u00eda extensiva en el Montsec<\/h1><\/div><p class=\"uagb-ifb-desc\">Recuperamos la ganader\u00eda extensiva en el Prepirineo, para promover la bioeconom\u00eda del territorio, la transici\u00f3n ecol\u00f3gica, la lucha contra la despoblaci\u00f3n rural y la prevenci\u00f3n de grandes incendios forestales.<\/p><\/div><\/div>\n<\/div><\/div>\n\n\n\n<div class=\"wp-block-uagb-container uagb-block-70ec5659 alignfull uagb-is-root-container\">\n<div class=\"wp-block-uagb-container uagb-block-375add93\">\n<p>A lo largo del proyecto se quiere implicar a los diferentes actores del territorio para debatir sobre la ganader\u00eda extensiva en el Montsec ligada al proyecto PREPAST. El objetivo es implicar a todos los agentes, desde profesionales de la ganader\u00eda, del sector forestal, de las administraciones p\u00fablicas locales, comarcales, provinciales y territoriales, cient\u00edficos y otros profesionales del sector. <\/p>\n\n\n\n<p>Este proceso se inicia con un primer encuentro en oto\u00f1o de 2024 donde se presenta brevemente el trabajo que se est\u00e1 llevando a cabo y que se llevar\u00e1 a cabo durante los casi dos a\u00f1os del proyecto. Durante la jornada se debate sobre algunas de estas actuaciones y tambi\u00e9n sobre la continuidad del proyecto una vez \u00e9ste finalizado.<\/p>\n\n\n\n<p>En la segunda y \u00faltima jornada, organizada en oto\u00f1o de 2025 se re\u00fanen administraciones, ganaderos\/as, entidades y equipos t\u00e9cnicos para presentar los resultados finales del proyecto. Se comparten aprendizajes y l\u00edneas prioritarias de futuro en gesti\u00f3n silvopastoral. Tambi\u00e9n se exponen las conclusiones de las jornadas previas y el valor de la colaboraci\u00f3n entre actores. El punto central es la presentaci\u00f3n del <strong><a href=\"https:\/\/prepast.org\/es\/resultats\/governanca-futur\/\">Conveni de Participaci\u00f3 i Col\u00b7laboraci\u00f3<\/a><\/strong>. El encuentro reforz\u00f3 el compromiso y la cooperaci\u00f3n para seguir trabajando juntos en el Montsec.<\/p>\n\n\n\n<div class=\"wp-block-uagb-call-to-action uagb-block-d5635e37 wp-block-button\"><div class=\"uagb-cta__wrap\"><h3 class=\"uagb-cta__title\">Primera jornada<\/h3><p class=\"uagb-cta__desc\">Consulte el informe de la primera jornada de transferencia y debate<\/p><\/div><div class=\"uagb-cta__buttons\"><a href=\"https:\/\/drive.google.com\/file\/d\/1URH7LjSuO9lfkbJyG1T9HiNcf7kuBLRd\/view?usp=drive_link\" class=\"uagb-cta__button-link-wrapper wp-block-button__link\" target=\"_blank\" rel=\"noopener noreferrer\">Descarga<svg xmlns=\"https:\/\/www.w3.org\/2000\/svg\" viewbox=\"0 0 512 512\"><path d=\"M480 352h-133.5l-45.25 45.25C289.2 409.3 273.1 416 256 416s-33.16-6.656-45.25-18.75L165.5 352H32c-17.67 0-32 14.33-32 32v96c0 17.67 14.33 32 32 32h448c17.67 0 32-14.33 32-32v-96C512 366.3 497.7 352 480 352zM432 456c-13.2 0-24-10.8-24-24c0-13.2 10.8-24 24-24s24 10.8 24 24C456 445.2 445.2 456 432 456zM233.4 374.6C239.6 380.9 247.8 384 256 384s16.38-3.125 22.62-9.375l128-128c12.49-12.5 12.49-32.75 0-45.25c-12.5-12.5-32.76-12.5-45.25 0L288 274.8V32c0-17.67-14.33-32-32-32C238.3 0 224 14.33 224 32v242.8L150.6 201.4c-12.49-12.5-32.75-12.5-45.25 0c-12.49 12.5-12.49 32.75 0 45.25L233.4 374.6z\"><\/path><\/svg><\/a><\/div><\/div>\n\n\n\n<div class=\"wp-block-uagb-call-to-action uagb-block-befcc263 wp-block-button\"><div class=\"uagb-cta__wrap\"><h3 class=\"uagb-cta__title\">Segunda jornada<\/h3><p class=\"uagb-cta__desc\">Consulte el informe sobre la segunda y \u00faltima jornada de transferencia y debate<\/p><\/div><div class=\"uagb-cta__buttons\"><a href=\"https:\/\/drive.google.com\/file\/d\/1xOAZApifPKU3HRE4j1DwA0ZV5oIVeljR\/view?usp=sharing\" class=\"uagb-cta__button-link-wrapper wp-block-button__link\" target=\"_blank\" rel=\"noopener noreferrer\">Descarga<svg xmlns=\"https:\/\/www.w3.org\/2000\/svg\" viewbox=\"0 0 512 512\"><path d=\"M480 352h-133.5l-45.25 45.25C289.2 409.3 273.1 416 256 416s-33.16-6.656-45.25-18.75L165.5 352H32c-17.67 0-32 14.33-32 32v96c0 17.67 14.33 32 32 32h448c17.67 0 32-14.33 32-32v-96C512 366.3 497.7 352 480 352zM432 456c-13.2 0-24-10.8-24-24c0-13.2 10.8-24 24-24s24 10.8 24 24C456 445.2 445.2 456 432 456zM233.4 374.6C239.6 380.9 247.8 384 256 384s16.38-3.125 22.62-9.375l128-128c12.49-12.5 12.49-32.75 0-45.25c-12.5-12.5-32.76-12.5-45.25 0L288 274.8V32c0-17.67-14.33-32-32-32C238.3 0 224 14.33 224 32v242.8L150.6 201.4c-12.49-12.5-32.75-12.5-45.25 0c-12.49 12.5-12.49 32.75 0 45.25L233.4 374.6z\"><\/path><\/svg><\/a><\/div><\/div>\n\n\n\n<p><\/p>\n\n\n\n<div class=\"wp-block-uagb-advanced-heading uagb-block-182ad0d4\"><h3 class=\"uagb-heading-text\">Noticias relacionadas<\/h3><\/div>\n\n\n\n<div class=\"wp-block-uagb-buttons uagb-buttons__outer-wrap uagb-btn__default-btn uagb-btn-tablet__default-btn uagb-btn-mobile__default-btn uagb-block-385ecb72\"><div class=\"uagb-buttons__wrap uagb-buttons-layout-wrap\">\n<div class=\"wp-block-uagb-buttons-child uagb-buttons__outer-wrap uagb-block-643f3014 wp-block-button\"><div class=\"uagb-button__wrapper\"><a class=\"uagb-buttons-repeater wp-block-button__link\" aria-label=\"\" href=\"https:\/\/prepast.org\/es\/prepast-impulsa-una-jornada-de-debat-per-consolidar-el-futur-de-la-ramaderia-extensiva-al-montsec\/\" rel=\"follow noopener\" target=\"_self\" role=\"button\"><div class=\"uagb-button__link\">Noviembre 2024<\/div><\/a><\/div><\/div>\n\n\n\n<div class=\"wp-block-uagb-buttons-child uagb-buttons__outer-wrap uagb-block-2c447030 wp-block-button\"><div class=\"uagb-button__wrapper\"><a class=\"uagb-buttons-repeater wp-block-button__link\" aria-label=\"\" href=\"https:\/\/prepast.org\/es\/ager-acull-la-2a-jornada-de-transferencia-i-debat\/\" rel=\"follow noopener\" target=\"_self\" role=\"button\"><div class=\"uagb-button__link\">Noviembre 2025<\/div><\/a><\/div><\/div>\n<\/div><\/div>\n<\/div>\n\n\n\n<div class=\"wp-block-uagb-container uag-hide-desktop uag-hide-tab uag-hide-mob uagb-block-3dfbd848\">\n<figure class=\"wp-block-table is-style-stripes\"><table class=\"has-ast-global-color-5-background-color has-background\"><thead><tr><th class=\"has-text-align-left\" data-align=\"left\"><\/th><th class=\"has-text-align-left\" data-align=\"left\">1950<\/th><th class=\"has-text-align-left\" data-align=\"left\">1924<\/th><th class=\"has-text-align-left\" data-align=\"left\">2014<\/th><th class=\"has-text-align-left\" data-align=\"left\">2023<\/th><th class=\"has-text-align-left\" data-align=\"left\">2024<\/th><\/tr><\/thead><tbody><tr><td class=\"has-text-align-left\" data-align=\"left\"><strong>Ramats<\/strong><\/td><td class=\"has-text-align-left\" data-align=\"left\">10<\/td><td class=\"has-text-align-left\" data-align=\"left\">10<\/td><td class=\"has-text-align-left\" data-align=\"left\">10<\/td><td class=\"has-text-align-left\" data-align=\"left\">10<\/td><td class=\"has-text-align-left\" data-align=\"left\">10<\/td><\/tr><tr><td class=\"has-text-align-left\" data-align=\"left\"><strong>Caps en total<\/strong><\/td><td class=\"has-text-align-left\" data-align=\"left\">10<\/td><td class=\"has-text-align-left\" data-align=\"left\">10<\/td><td class=\"has-text-align-left\" data-align=\"left\">10<\/td><td class=\"has-text-align-left\" data-align=\"left\">10<\/td><td class=\"has-text-align-left\" data-align=\"left\">10<\/td><\/tr><tr><td class=\"has-text-align-left\" data-align=\"left\"><strong>Hect\u00e0rees pasturades<\/strong><\/td><td class=\"has-text-align-left\" data-align=\"left\">10<\/td><td class=\"has-text-align-left\" data-align=\"left\">10<\/td><td class=\"has-text-align-left\" data-align=\"left\">10<\/td><td class=\"has-text-align-left\" data-align=\"left\">10<\/td><td class=\"has-text-align-left\" data-align=\"left\">10<\/td><\/tr><tr><td class=\"has-text-align-left\" data-align=\"left\"><strong>Corrals<\/strong><\/td><td class=\"has-text-align-left\" data-align=\"left\">10<\/td><td class=\"has-text-align-left\" data-align=\"left\">10<\/td><td class=\"has-text-align-left\" data-align=\"left\">10<\/td><td class=\"has-text-align-left\" data-align=\"left\">10<\/td><td class=\"has-text-align-left\" data-align=\"left\">10<\/td><\/tr><tr><td class=\"has-text-align-left\" data-align=\"left\"><strong>Pastors\/es<\/strong><\/td><td class=\"has-text-align-left\" data-align=\"left\">10<\/td><td class=\"has-text-align-left\" data-align=\"left\">10<\/td><td class=\"has-text-align-left\" data-align=\"left\">10<\/td><td class=\"has-text-align-left\" data-align=\"left\">10<\/td><td class=\"has-text-align-left\" data-align=\"left\">10<\/td><\/tr><\/tbody><\/table><\/figure>\n<\/div>\n<\/div>\n\n\n\n<figure class=\"wp-block-embed is-type-video is-provider-youtube wp-block-embed-youtube wp-embed-aspect-16-9 wp-has-aspect-ratio uag-hide-desktop uag-hide-tab uag-hide-mob\"><div class=\"wp-block-embed__wrapper\">\n<iframe loading=\"lazy\" title=\"Jornada de presentaci\u00f3n de la convocatoria de ayudas para el impulso de la bioeconom\u00eda forestal 2023\" width=\"500\" height=\"281\" src=\"https:\/\/www.youtube.com\/embed\/LeBerV7Ir3o?feature=oembed\" frameborder=\"0\" allow=\"accelerometer; autoplay; clipboard-write; encrypted-media; gyroscope; picture-in-picture; web-share\" referrerpolicy=\"strict-origin-when-cross-origin\" allowfullscreen><\/iframe>\n<\/div><\/figure>\n\n\n\n<div class=\"wp-block-uagb-container uag-hide-desktop uag-hide-tab uag-hide-mob uagb-block-ff18c1e8 alignfull uagb-is-root-container\"><div class=\"uagb-container-inner-blocks-wrap\">\n<div data-aos= \"fade-right\" data-aos-duration=\"400\" data-aos-delay=\"0\" data-aos-easing=\"ease\" data-aos-once=\"true\" class=\"wp-block-uagb-container uagb-block-d14f2f7c\">\n<div class=\"wp-block-uagb-advanced-heading uagb-block-a10df6bb\"><h2 class=\"uagb-heading-text\">T\u00edtol<\/h2><p class=\"uagb-desc-text\">El proyecto PREPAST nace de la preocupaci\u00f3n por la desaparici\u00f3n de reba\u00f1os extensivos del territorio, lo que supone problemas ecol\u00f3gicos, econ\u00f3micos y sociales.<\/p><\/div>\n\n\n\n<p>La p\u00e9rdida de pastores y reba\u00f1os en la situaci\u00f3n actual de cambio clim\u00e1tico, de episodios de sequ\u00eda y de aumento de la intensificaci\u00f3n agr\u00edcola, significa tambi\u00e9n el abandono del campo, la no utilizaci\u00f3n de los recursos renovables locales, el aumento del riesgo de incendios, la p\u00e9rdida de biodiversidad con la homogeneizaci\u00f3n del paisaje y el despoblamiento del territorio.<\/p>\n<\/div>\n\n\n\n<div data-aos= \"fade-left\" data-aos-duration=\"400\" data-aos-delay=\"0\" data-aos-easing=\"ease\" data-aos-once=\"true\" class=\"wp-block-uagb-container uagb-block-847f1532\">\n<div class=\"wp-block-uagb-image alignleft uagb-block-ab7feac7 wp-block-uagb-image--layout-default wp-block-uagb-image--effect-static wp-block-uagb-image--align-left\"><figure class=\"wp-block-uagb-image__figure\"><img decoding=\"async\" srcset=\"https:\/\/prepast.org\/wp-content\/uploads\/2024\/05\/exemple-mapa-1024x663.png ,https:\/\/prepast.org\/wp-content\/uploads\/2024\/05\/exemple-mapa.png 780w, https:\/\/prepast.org\/wp-content\/uploads\/2024\/05\/exemple-mapa.png 360w\" sizes=\"auto, (max-width: 480px) 150px\" src=\"https:\/\/prepast.org\/wp-content\/uploads\/2024\/05\/exemple-mapa-1024x663.png\" alt=\"\" class=\"uag-image-1898\" width=\"660\" height=\"400\" title=\"exemple-mapa\" loading=\"lazy\" role=\"img\"\/><\/figure><\/div>\n<\/div>\n<\/div><\/div>\n\n\n\n<div class=\"wp-block-uagb-container uag-hide-desktop uag-hide-tab uag-hide-mob uagb-block-531bbdf9 alignfull uagb-is-root-container\"><div class=\"uagb-container-inner-blocks-wrap\">\n<div data-aos= \"fade-left\" data-aos-duration=\"400\" data-aos-delay=\"0\" data-aos-easing=\"ease\" data-aos-once=\"true\" class=\"wp-block-uagb-container uagb-block-b08bcd46\">\n<div class=\"wp-block-uagb-image alignleft uagb-block-ec8fcc87 wp-block-uagb-image--layout-default wp-block-uagb-image--effect-static wp-block-uagb-image--align-left\"><figure class=\"wp-block-uagb-image__figure\"><img decoding=\"async\" srcset=\"https:\/\/prepast.org\/wp-content\/uploads\/2024\/05\/exemple-mapa-1024x663.png ,https:\/\/prepast.org\/wp-content\/uploads\/2024\/05\/exemple-mapa.png 780w, https:\/\/prepast.org\/wp-content\/uploads\/2024\/05\/exemple-mapa.png 360w\" sizes=\"auto, (max-width: 480px) 150px\" src=\"https:\/\/prepast.org\/wp-content\/uploads\/2024\/05\/exemple-mapa-1024x663.png\" alt=\"\" class=\"uag-image-1898\" width=\"660\" height=\"400\" title=\"exemple-mapa\" loading=\"lazy\" role=\"img\"\/><\/figure><\/div>\n<\/div>\n\n\n\n<div data-aos= \"fade-right\" data-aos-duration=\"400\" data-aos-delay=\"0\" data-aos-easing=\"ease\" data-aos-once=\"true\" class=\"wp-block-uagb-container uagb-block-428fd172\">\n<div class=\"wp-block-uagb-advanced-heading uagb-block-997faea8\"><h2 class=\"uagb-heading-text\">T\u00edtol<\/h2><\/div>\n\n\n\n<p>La p\u00e9rdida de pastores y reba\u00f1os en la situaci\u00f3n actual de cambio clim\u00e1tico, de episodios de sequ\u00eda y de aumento de la intensificaci\u00f3n agr\u00edcola, significa tambi\u00e9n el abandono del campo, la no utilizaci\u00f3n de los recursos renovables locales, el aumento del riesgo de incendios, la p\u00e9rdida de biodiversidad con la homogeneizaci\u00f3n del paisaje y el despoblamiento del territorio.<\/p>\n<\/div>\n<\/div><\/div>\n\n\n\n<div class=\"wp-block-uagb-container uag-hide-desktop uag-hide-tab uag-hide-mob uagb-block-1fded0f7 alignfull uagb-is-root-container\"><div class=\"uagb-container-inner-blocks-wrap\">\n<div class=\"wp-block-uagb-container uagb-block-9fc39a1f\">\n<div class=\"wp-block-uagb-advanced-heading uagb-block-4b4adb45\"><h2 class=\"uagb-heading-text\">T\u00edtol<\/h2><\/div>\n<\/div>\n\n\n\n<div class=\"wp-block-uagb-container uagb-block-1bff3f2d\"><\/div>\n<\/div><\/div>","protected":false},"excerpt":{"rendered":"<p>Al llarg del projecte es vol implicar als diferents actors del territori per a debatre sobre la ramaderia extensiva al Montsec lligada amb el projecte PREPAST. L&#8217;objectiu \u00e9s implicar a tots els agents, des de professionals de la ramaderia, del sector forestal, de les administracions p\u00fabliques locals, comarcals, provicincials i territorials, cient\u00edfics i altres professionals [&hellip;]<\/p>","protected":false},"author":8,"featured_media":0,"parent":41,"menu_order":5,"comment_status":"closed","ping_status":"closed","template":"","meta":{"_uag_custom_page_level_css":"","site-sidebar-layout":"default","site-content-layout":"page-builder","ast-site-content-layout":"full-width-container","site-content-style":"unboxed","site-sidebar-style":"unboxed","ast-global-header-display":"","ast-banner-title-visibility":"","ast-main-header-display":"","ast-hfb-above-header-display":"","ast-hfb-below-header-display":"","ast-hfb-mobile-header-display":"","site-post-title":"disabled","ast-breadcrumbs-content":"","ast-featured-img":"","footer-sml-layout":"","ast-disable-related-posts":"","theme-transparent-header-meta":"enabled","adv-header-id-meta":"","stick-header-meta":"","header-above-stick-meta":"","header-main-stick-meta":"","header-below-stick-meta":"","astra-migrate-meta-layouts":"set","ast-page-background-enabled":"default","ast-page-background-meta":{"desktop":{"background-color":"var(--ast-global-color-4)","background-image":"","background-repeat":"repeat","background-position":"center center","background-size":"auto","background-attachment":"scroll","background-type":"","background-media":"","overlay-type":"","overlay-color":"","overlay-opacity":"","overlay-gradient":""},"tablet":{"background-color":"","background-image":"","background-repeat":"repeat","background-position":"center center","background-size":"auto","background-attachment":"scroll","background-type":"","background-media":"","overlay-type":"","overlay-color":"","overlay-opacity":"","overlay-gradient":""},"mobile":{"background-color":"","background-image":"","background-repeat":"repeat","background-position":"center center","background-size":"auto","background-attachment":"scroll","background-type":"","background-media":"","overlay-type":"","overlay-color":"","overlay-opacity":"","overlay-gradient":""}},"ast-content-background-meta":{"desktop":{"background-color":"var(--ast-global-color-5)","background-image":"","background-repeat":"repeat","background-position":"center center","background-size":"auto","background-attachment":"scroll","background-type":"","background-media":"","overlay-type":"","overlay-color":"","overlay-opacity":"","overlay-gradient":""},"tablet":{"background-color":"var(--ast-global-color-5)","background-image":"","background-repeat":"repeat","background-position":"center center","background-size":"auto","background-attachment":"scroll","background-type":"","background-media":"","overlay-type":"","overlay-color":"","overlay-opacity":"","overlay-gradient":""},"mobile":{"background-color":"var(--ast-global-color-5)","background-image":"","background-repeat":"repeat","background-position":"center center","background-size":"auto","background-attachment":"scroll","background-type":"","background-media":"","overlay-type":"","overlay-color":"","overlay-opacity":"","overlay-gradient":""}},"footnotes":""},"class_list":["post-1928","page","type-page","status-publish","hentry"],"yoast_head":"<!-- This site is optimized with the Yoast SEO plugin v22.6 - https:\/\/yoast.com\/wordpress\/plugins\/seo\/ -->\n<title>Jornades de debat sobre la ramaderia extensiva al Montsec - PREPAST<\/title>\n<meta name=\"robots\" content=\"index, follow, max-snippet:-1, max-image-preview:large, max-video-preview:-1\" \/>\n<link rel=\"canonical\" href=\"https:\/\/prepast.org\/es\/actuacions\/proces-de-debat\/\" \/>\n<meta property=\"og:locale\" content=\"es_ES\" \/>\n<meta property=\"og:type\" content=\"article\" \/>\n<meta property=\"og:title\" content=\"Jornades de debat sobre la ramaderia extensiva al Montsec - PREPAST\" \/>\n<meta property=\"og:description\" content=\"Al llarg del projecte es vol implicar als diferents actors del territori per a debatre sobre la ramaderia extensiva al Montsec lligada amb el projecte PREPAST. L&#8217;objectiu \u00e9s implicar a tots els agents, des de professionals de la ramaderia, del sector forestal, de les administracions p\u00fabliques locals, comarcals, provicincials i territorials, cient\u00edfics i altres professionals [&hellip;]\" \/>\n<meta property=\"og:url\" content=\"https:\/\/prepast.org\/es\/actuacions\/proces-de-debat\/\" \/>\n<meta property=\"og:site_name\" content=\"PREPAST\" \/>\n<meta property=\"article:modified_time\" content=\"2025-12-23T11:11:54+00:00\" \/>\n<meta property=\"og:image\" content=\"https:\/\/prepast.org\/wp-content\/uploads\/2024\/05\/exemple-mapa-1024x663.png\" \/>\n<meta name=\"twitter:card\" content=\"summary_large_image\" \/>\n<meta name=\"twitter:site\" content=\"@projecteprepast\" \/>\n<meta name=\"twitter:label1\" content=\"Tiempo de lectura\" \/>\n\t<meta name=\"twitter:data1\" content=\"3 minutos\" \/>\n<script type=\"application\/ld+json\" class=\"yoast-schema-graph\">{\"@context\":\"https:\/\/schema.org\",\"@graph\":[{\"@type\":\"WebPage\",\"@id\":\"https:\/\/prepast.org\/actuacions\/proces-de-debat\/\",\"url\":\"https:\/\/prepast.org\/actuacions\/proces-de-debat\/\",\"name\":\"Jornades de debat sobre la ramaderia extensiva al Montsec - PREPAST\",\"isPartOf\":{\"@id\":\"https:\/\/prepast.org\/#website\"},\"primaryImageOfPage\":{\"@id\":\"https:\/\/prepast.org\/actuacions\/proces-de-debat\/#primaryimage\"},\"image\":{\"@id\":\"https:\/\/prepast.org\/actuacions\/proces-de-debat\/#primaryimage\"},\"thumbnailUrl\":\"https:\/\/prepast.org\/wp-content\/uploads\/2024\/05\/exemple-mapa-1024x663.png\",\"datePublished\":\"2024-05-03T10:37:37+00:00\",\"dateModified\":\"2025-12-23T11:11:54+00:00\",\"breadcrumb\":{\"@id\":\"https:\/\/prepast.org\/actuacions\/proces-de-debat\/#breadcrumb\"},\"inLanguage\":\"es\",\"potentialAction\":[{\"@type\":\"ReadAction\",\"target\":[\"https:\/\/prepast.org\/actuacions\/proces-de-debat\/\"]}]},{\"@type\":\"ImageObject\",\"inLanguage\":\"es\",\"@id\":\"https:\/\/prepast.org\/actuacions\/proces-de-debat\/#primaryimage\",\"url\":\"https:\/\/prepast.org\/wp-content\/uploads\/2024\/05\/exemple-mapa-1024x663.png\",\"contentUrl\":\"https:\/\/prepast.org\/wp-content\/uploads\/2024\/05\/exemple-mapa-1024x663.png\"},{\"@type\":\"BreadcrumbList\",\"@id\":\"https:\/\/prepast.org\/actuacions\/proces-de-debat\/#breadcrumb\",\"itemListElement\":[{\"@type\":\"ListItem\",\"position\":1,\"name\":\"Inici\",\"item\":\"https:\/\/prepast.org\/\"},{\"@type\":\"ListItem\",\"position\":2,\"name\":\"Actuacions\",\"item\":\"https:\/\/prepast.org\/actuacions\/\"},{\"@type\":\"ListItem\",\"position\":3,\"name\":\"Jornades de debat sobre la ramaderia extensiva al Montsec\"}]},{\"@type\":\"WebSite\",\"@id\":\"https:\/\/prepast.org\/#website\",\"url\":\"https:\/\/prepast.org\/\",\"name\":\"PREPAST\",\"description\":\"Pastures del Prepirineu\",\"publisher\":{\"@id\":\"https:\/\/prepast.org\/#organization\"},\"potentialAction\":[{\"@type\":\"SearchAction\",\"target\":{\"@type\":\"EntryPoint\",\"urlTemplate\":\"https:\/\/prepast.org\/?s={search_term_string}\"},\"query-input\":\"required name=search_term_string\"}],\"inLanguage\":\"es\"},{\"@type\":\"Organization\",\"@id\":\"https:\/\/prepast.org\/#organization\",\"name\":\"PREPAST\",\"url\":\"https:\/\/prepast.org\/\",\"logo\":{\"@type\":\"ImageObject\",\"inLanguage\":\"es\",\"@id\":\"https:\/\/prepast.org\/#\/schema\/logo\/image\/\",\"url\":\"https:\/\/prepast.org\/wp-content\/uploads\/2024\/03\/LOGO-PREPAST.png\",\"contentUrl\":\"https:\/\/prepast.org\/wp-content\/uploads\/2024\/03\/LOGO-PREPAST.png\",\"width\":1095,\"height\":1095,\"caption\":\"PREPAST\"},\"image\":{\"@id\":\"https:\/\/prepast.org\/#\/schema\/logo\/image\/\"},\"sameAs\":[\"https:\/\/x.com\/projecteprepast\",\"https:\/\/www.instagram.com\/projecteprepast\/\"]}]}<\/script>\n<!-- \/ Yoast SEO plugin. -->","yoast_head_json":{"title":"Jornades de debat sobre la ramaderia extensiva al Montsec - PREPAST","robots":{"index":"index","follow":"follow","max-snippet":"max-snippet:-1","max-image-preview":"max-image-preview:large","max-video-preview":"max-video-preview:-1"},"canonical":"https:\/\/prepast.org\/es\/actuacions\/proces-de-debat\/","og_locale":"es_ES","og_type":"article","og_title":"Jornades de debat sobre la ramaderia extensiva al Montsec - PREPAST","og_description":"Al llarg del projecte es vol implicar als diferents actors del territori per a debatre sobre la ramaderia extensiva al Montsec lligada amb el projecte PREPAST. L&#8217;objectiu \u00e9s implicar a tots els agents, des de professionals de la ramaderia, del sector forestal, de les administracions p\u00fabliques locals, comarcals, provicincials i territorials, cient\u00edfics i altres professionals [&hellip;]","og_url":"https:\/\/prepast.org\/es\/actuacions\/proces-de-debat\/","og_site_name":"PREPAST","article_modified_time":"2025-12-23T11:11:54+00:00","og_image":[{"url":"https:\/\/prepast.org\/wp-content\/uploads\/2024\/05\/exemple-mapa-1024x663.png"}],"twitter_card":"summary_large_image","twitter_site":"@projecteprepast","twitter_misc":{"Tiempo de lectura":"3 minutos"},"schema":{"@context":"https:\/\/schema.org","@graph":[{"@type":"WebPage","@id":"https:\/\/prepast.org\/actuacions\/proces-de-debat\/","url":"https:\/\/prepast.org\/actuacions\/proces-de-debat\/","name":"Jornades de debat sobre la ramaderia extensiva al Montsec - PREPAST","isPartOf":{"@id":"https:\/\/prepast.org\/#website"},"primaryImageOfPage":{"@id":"https:\/\/prepast.org\/actuacions\/proces-de-debat\/#primaryimage"},"image":{"@id":"https:\/\/prepast.org\/actuacions\/proces-de-debat\/#primaryimage"},"thumbnailUrl":"https:\/\/prepast.org\/wp-content\/uploads\/2024\/05\/exemple-mapa-1024x663.png","datePublished":"2024-05-03T10:37:37+00:00","dateModified":"2025-12-23T11:11:54+00:00","breadcrumb":{"@id":"https:\/\/prepast.org\/actuacions\/proces-de-debat\/#breadcrumb"},"inLanguage":"es","potentialAction":[{"@type":"ReadAction","target":["https:\/\/prepast.org\/actuacions\/proces-de-debat\/"]}]},{"@type":"ImageObject","inLanguage":"es","@id":"https:\/\/prepast.org\/actuacions\/proces-de-debat\/#primaryimage","url":"https:\/\/prepast.org\/wp-content\/uploads\/2024\/05\/exemple-mapa-1024x663.png","contentUrl":"https:\/\/prepast.org\/wp-content\/uploads\/2024\/05\/exemple-mapa-1024x663.png"},{"@type":"BreadcrumbList","@id":"https:\/\/prepast.org\/actuacions\/proces-de-debat\/#breadcrumb","itemListElement":[{"@type":"ListItem","position":1,"name":"Inici","item":"https:\/\/prepast.org\/"},{"@type":"ListItem","position":2,"name":"Actuacions","item":"https:\/\/prepast.org\/actuacions\/"},{"@type":"ListItem","position":3,"name":"Jornades de debat sobre la ramaderia extensiva al Montsec"}]},{"@type":"WebSite","@id":"https:\/\/prepast.org\/#website","url":"https:\/\/prepast.org\/","name":"PREPAST","description":"Pastos del Prepirineo","publisher":{"@id":"https:\/\/prepast.org\/#organization"},"potentialAction":[{"@type":"SearchAction","target":{"@type":"EntryPoint","urlTemplate":"https:\/\/prepast.org\/?s={search_term_string}"},"query-input":"required name=search_term_string"}],"inLanguage":"es"},{"@type":"Organization","@id":"https:\/\/prepast.org\/#organization","name":"PREPAST","url":"https:\/\/prepast.org\/","logo":{"@type":"ImageObject","inLanguage":"es","@id":"https:\/\/prepast.org\/#\/schema\/logo\/image\/","url":"https:\/\/prepast.org\/wp-content\/uploads\/2024\/03\/LOGO-PREPAST.png","contentUrl":"https:\/\/prepast.org\/wp-content\/uploads\/2024\/03\/LOGO-PREPAST.png","width":1095,"height":1095,"caption":"PREPAST"},"image":{"@id":"https:\/\/prepast.org\/#\/schema\/logo\/image\/"},"sameAs":["https:\/\/x.com\/projecteprepast","https:\/\/www.instagram.com\/projecteprepast\/"]}]}},"uagb_featured_image_src":{"full":false,"thumbnail":false,"medium":false,"medium_large":false,"large":false,"1536x1536":false,"2048x2048":false,"trp-custom-language-flag":false},"uagb_author_info":{"display_name":"NznR1yyA2iIR","author_link":"https:\/\/prepast.org\/es\/author\/nznr1yya2iir\/"},"uagb_comment_info":0,"uagb_excerpt":"Al llarg del projecte es vol implicar als diferents actors del territori per a debatre sobre la ramaderia extensiva al Montsec lligada amb el projecte PREPAST. L&#8217;objectiu \u00e9s implicar a tots els agents, des de professionals de la ramaderia, del sector forestal, de les administracions p\u00fabliques locals, comarcals, provicincials i territorials, cient\u00edfics i altres professionals&hellip;","_links":{"self":[{"href":"https:\/\/prepast.org\/es\/wp-json\/wp\/v2\/pages\/1928","targetHints":{"allow":["GET"]}}],"collection":[{"href":"https:\/\/prepast.org\/es\/wp-json\/wp\/v2\/pages"}],"about":[{"href":"https:\/\/prepast.org\/es\/wp-json\/wp\/v2\/types\/page"}],"author":[{"embeddable":true,"href":"https:\/\/prepast.org\/es\/wp-json\/wp\/v2\/users\/8"}],"replies":[{"embeddable":true,"href":"https:\/\/prepast.org\/es\/wp-json\/wp\/v2\/comments?post=1928"}],"version-history":[{"count":19,"href":"https:\/\/prepast.org\/es\/wp-json\/wp\/v2\/pages\/1928\/revisions"}],"predecessor-version":[{"id":3374,"href":"https:\/\/prepast.org\/es\/wp-json\/wp\/v2\/pages\/1928\/revisions\/3374"}],"up":[{"embeddable":true,"href":"https:\/\/prepast.org\/es\/wp-json\/wp\/v2\/pages\/41"}],"wp:attachment":[{"href":"https:\/\/prepast.org\/es\/wp-json\/wp\/v2\/media?parent=1928"}],"curies":[{"name":"wp","href":"https:\/\/api.w.org\/{rel}","templated":true}]}}