{"id":1934,"date":"2024-05-03T11:39:48","date_gmt":"2024-05-03T10:39:48","guid":{"rendered":"https:\/\/prepast.org\/?page_id=1934"},"modified":"2025-12-23T12:27:09","modified_gmt":"2025-12-23T11:27:09","slug":"activitats-turistiques","status":"publish","type":"page","link":"https:\/\/prepast.org\/es\/actuacions\/activitats-turistiques\/","title":{"rendered":"Actividades tur\u00edsticas"},"content":{"rendered":"<div data-aos= \"fade-down\" data-aos-duration=\"400\" data-aos-delay=\"0\" data-aos-easing=\"ease\" data-aos-once=\"true\" class=\"wp-block-uagb-container uagb-block-c61ca359 alignfull uagb-is-root-container\"><div class=\"uagb-container-inner-blocks-wrap\">\n<div class=\"wp-block-uagb-info-box uagb-block-83dfa9ba uagb-infobox__content-wrap  uagb-infobox-icon-above-title uagb-infobox-image-valign-top\"><div class=\"uagb-ifb-content\"><div class=\"uagb-ifb-title-wrap\"><h1 class=\"uagb-ifb-title\">Turismo vinculado a la ganader\u00eda extensiva y al patrimonio pastoral<\/h1><\/div><p class=\"uagb-ifb-desc\">Cat\u00e1logo de servicios tur\u00edsticos, nuevas actividades y acciones para poner en valor el patrimonio cultural y natural asociado a la ganader\u00eda extensiva.<\/p><\/div><\/div>\n<\/div><\/div>\n\n\n\n<div class=\"wp-block-uagb-container uagb-block-70ec5659 alignfull uagb-is-root-container\">\n<div class=\"wp-block-uagb-container uagb-block-375add93\">\n<p>El acercamiento consciente y querido de personas y colectivos ajenos al mundo ganadero a actividades y productos relacionadas con la ganader\u00eda puede servir para reivindicar y hacer m\u00e1s viable el trabajo de pastores y manadas en la gesti\u00f3n del territorio. Una manera de hacerlo es con actividad tur\u00edsticas. Por eso hemos elaborado un cat\u00e1logo con los alojamientos, servicios y actividades existentes relacionadas de alguna manera con la ganader\u00eda extensiva. Las actividades m\u00e1s relevantes del cat\u00e1logo se han integrado al SIG del proyecto para facilitar su consulta. <\/p>\n\n\n\n<p><\/p>\n\n\n\n<p>Tambi\u00e9n se han dise\u00f1ado nuevas actividades de ocio relacionadas con el mundo pastoral, fomentando el turismo sostenible y el arraigo territorial. Con estas actuaciones se promueve el reconocimiento del valor del patrimonio inmaterial ganadero y contribuye a su conservaci\u00f3n activa, a la vez que puede ser un recurso econ\u00f3mico para el territorio y para las explotaciones ganaderas. <\/p>\n\n\n\n<div class=\"wp-block-uagb-container uagb-block-ae6dd60c\">\n<div class=\"wp-block-uagb-advanced-heading uagb-block-a8776ab9\"><h2 class=\"uagb-heading-text\">Cat\u00e1logo de servicios tur\u00edsticos ligados a la ganader\u00eda extensiva<\/h2><\/div>\n\n\n\n<p><\/p>\n\n\n\n<p>Esta compilaci\u00f3n se ha llevado a cabo en municipios de los Espacios Naturales Protegidos del Prepirineo de Lleida. Cualquier sugerencia de servicio a incroporar ser\u00e1 bienvenido. Aqu\u00ed os presentamos los m\u00e1s relevantes.<\/p>\n\n\n\n<iframe loading=\"lazy\" src=\"https:\/\/www.google.com\/maps\/d\/embed?mid=1FwnVlw9CZEUCXz3E7fxFznM7C7045sQ&#038;ehbc=2E312F\" width=\"640\" height=\"480\"><\/iframe>\n<\/div>\n<\/div>\n<\/div>\n\n\n\n<div class=\"wp-block-uagb-advanced-heading uagb-block-7fb0b6d9\"><h2 class=\"uagb-heading-text\">Actividades organizadas durante el proyecto<\/h2><\/div>\n\n\n\n<div class=\"wp-block-uagb-container uagb-block-ff18c1e8 alignfull uagb-is-root-container\"><div class=\"uagb-container-inner-blocks-wrap\">\n<div data-aos= \"fade-right\" data-aos-duration=\"400\" data-aos-delay=\"0\" data-aos-easing=\"ease\" data-aos-once=\"true\" class=\"wp-block-uagb-container uagb-block-d14f2f7c\">\n<div class=\"wp-block-uagb-advanced-heading uagb-block-a10df6bb\"><h3 class=\"uagb-heading-text\">Acompa\u00f1amiento a la transhumancia<\/h3><p class=\"uagb-desc-text\">Durante seis d\u00edas, un grupo de participantes sigui\u00f3 el reba\u00f1o de ovejas \"xisquetes\" de Casa Tomaso desde \u00c0ger, en el Montsec, hasta el Puerto de Erta. El recorrido se hizo por la cabanera hist\u00f3rica, recuperada recientemente, con apoyo log\u00edstico de un veh\u00edculo de asistencia y puntos de avituallamiento. Los acompa\u00f1antes participaron en tareas como el montaje y desmontaje del campamento y la pleta, la preparaci\u00f3n de los men\u00fas y la toma de fotograf\u00edas. La convivencia con el pastor permiti\u00f3 conocer de cerca la realidad de la ganader\u00eda extensiva. La actividad ofreci\u00f3 una experiencia vivencial de turismo regenerativo vinculada a la gesti\u00f3n sostenible del territorio.<\/p><\/div>\n<\/div>\n\n\n\n<div data-aos= \"fade-left\" data-aos-duration=\"400\" data-aos-delay=\"0\" data-aos-easing=\"ease\" data-aos-once=\"true\" class=\"wp-block-uagb-container uagb-block-847f1532\">\n<div class=\"wp-block-uagb-image alignleft uagb-block-ab7feac7 wp-block-uagb-image--layout-default wp-block-uagb-image--effect-static wp-block-uagb-image--align-left\"><figure class=\"wp-block-uagb-image__figure\"><img decoding=\"async\" srcset=\"https:\/\/prepast.org\/wp-content\/uploads\/2025\/07\/BA870241_1-copia.jpg ,https:\/\/prepast.org\/wp-content\/uploads\/2025\/07\/BA870241_1-copia.jpg 780w, https:\/\/prepast.org\/wp-content\/uploads\/2025\/07\/BA870241_1-copia.jpg 360w\" sizes=\"auto, (max-width: 480px) 150px\" src=\"https:\/\/prepast.org\/wp-content\/uploads\/2025\/07\/BA870241_1-copia.jpg\" alt=\"Ramat transhumant i acompanyants\" class=\"uag-image-2405\" width=\"660\" height=\"400\" title=\"_BA87024(1)_1 - copia\" loading=\"lazy\" role=\"img\"\/><\/figure><\/div>\n<\/div>\n<\/div><\/div>\n\n\n\n<div class=\"wp-block-uagb-container uagb-block-97449fab alignfull uagb-is-root-container\"><div class=\"uagb-container-inner-blocks-wrap\">\n<div data-aos= \"fade-left\" data-aos-duration=\"400\" data-aos-delay=\"0\" data-aos-easing=\"ease\" data-aos-once=\"true\" class=\"wp-block-uagb-container uagb-block-9754f748\">\n<div class=\"wp-block-uagb-image alignleft uagb-block-c23d3864 wp-block-uagb-image--layout-default wp-block-uagb-image--effect-static wp-block-uagb-image--align-left\"><figure class=\"wp-block-uagb-image__figure\"><img decoding=\"async\" srcset=\"https:\/\/prepast.org\/wp-content\/uploads\/2025\/07\/BA87188_1-copia.jpg ,https:\/\/prepast.org\/wp-content\/uploads\/2025\/07\/BA87188_1-copia.jpg 780w, https:\/\/prepast.org\/wp-content\/uploads\/2025\/07\/BA87188_1-copia.jpg 360w\" sizes=\"auto, (max-width: 480px) 150px\" src=\"https:\/\/prepast.org\/wp-content\/uploads\/2025\/07\/BA87188_1-copia.jpg\" alt=\"Projecci\u00f3 del documental sobre Transhum\u00e0ncia a l'esgl\u00e9sia de Corroncui\" class=\"uag-image-2404\" width=\"660\" height=\"400\" title=\"_BA87188_1 - copia\" loading=\"lazy\" role=\"img\"\/><\/figure><\/div>\n<\/div>\n\n\n\n<div data-aos= \"fade-right\" data-aos-duration=\"400\" data-aos-delay=\"0\" data-aos-easing=\"ease\" data-aos-once=\"true\" class=\"wp-block-uagb-container uagb-block-733d25e0\">\n<div class=\"wp-block-uagb-advanced-heading uagb-block-a3f08767\"><h3 class=\"uagb-heading-text\">Actividades de recibimiento del reba\u00f1o<\/h3><\/div>\n\n\n\n<p>A lo largo del recorrido se organizaron varias actividades para dar visibilidad a la trashumancia e implicar los pueblos. Al Me\u00fcll hubo una cena popular con carne de cordero y una charla hist\u00f3rica con una cincuentena de asistentes. A Corroncui se hizo una proyecci\u00f3n de documental con gran participaci\u00f3n vecinal, y a Sas una comida colectiva con ganaderos locales. Se realiz\u00f3 tambi\u00e9n una observaci\u00f3n astron\u00f3mica en el Coll de la P\u00faa, aprovechando el cielo del Montsec. Estas acciones favorecieron la conexi\u00f3n entre cultura local, ganader\u00eda y territorio.<\/p>\n<\/div>\n<\/div><\/div>\n\n\n\n<div class=\"wp-block-uagb-container uagb-block-c97d96b0 alignfull uagb-is-root-container\"><div class=\"uagb-container-inner-blocks-wrap\">\n<div data-aos= \"fade-right\" data-aos-duration=\"400\" data-aos-delay=\"0\" data-aos-easing=\"ease\" data-aos-once=\"true\" class=\"wp-block-uagb-container uagb-block-1974e72b\">\n<div class=\"wp-block-uagb-advanced-heading uagb-block-6e9e6822\"><h3 class=\"uagb-heading-text\">Gastronom\u00eda y productos locales<\/h3><\/div>\n\n\n\n<p>Las comidas y actividades incluyeron productos de proximidad vinculados a la ganader\u00eda extensiva. Se ofrecieron quesos artesanales como los de Formatges de Pallars y Or Blanc, y carne del mismo reba\u00f1o. A Claramunt se sirvi\u00f3 pasta elaborada con trigo \"forment\", y a Sas y Corroncui se prepararon calderetas de cordero con implicaci\u00f3n comunitaria. La gastronom\u00eda aconteci\u00f3 un elemento clave para transmitir valores de sostenibilidad y arraigo. La actividad reforz\u00f3 el v\u00ednculo entre consumo local, econom\u00eda rural y conservaci\u00f3n del paisaje.<\/p>\n<\/div>\n\n\n\n<div data-aos= \"fade-left\" data-aos-duration=\"400\" data-aos-delay=\"0\" data-aos-easing=\"ease\" data-aos-once=\"true\" class=\"wp-block-uagb-container uagb-block-d0137dc5\">\n<div class=\"wp-block-uagb-image alignleft uagb-block-c384d132 wp-block-uagb-image--layout-default wp-block-uagb-image--effect-static wp-block-uagb-image--align-left\"><figure class=\"wp-block-uagb-image__figure\"><img decoding=\"async\" srcset=\"https:\/\/prepast.org\/wp-content\/uploads\/2025\/07\/BA87206_1.jpg ,https:\/\/prepast.org\/wp-content\/uploads\/2025\/07\/BA87206_1.jpg 780w, https:\/\/prepast.org\/wp-content\/uploads\/2025\/07\/BA87206_1.jpg 360w\" sizes=\"auto, (max-width: 480px) 150px\" src=\"https:\/\/prepast.org\/wp-content\/uploads\/2025\/07\/BA87206_1.jpg\" alt=\"Dinar de caldereta de corder a Sas\" class=\"uag-image-2398\" width=\"660\" height=\"400\" title=\"_BA87206_1\" loading=\"lazy\" role=\"img\"\/><\/figure><\/div>\n<\/div>\n<\/div><\/div>\n\n\n\n<div class=\"wp-block-uagb-advanced-heading uagb-block-a4b7a5f4\"><h3 class=\"uagb-heading-text\">TERRITORIO Y FUEGO<\/h3><\/div>\n\n\n\n<div class=\"wp-block-uagb-advanced-heading uagb-block-ce57fa81\"><h3 class=\"uagb-heading-text\">Ruta interpretativa a los pies de Sant Mamet<\/h3><\/div>\n\n\n\n<div class=\"wp-block-uagb-container uagb-block-10ca6902 alignfull uagb-is-root-container\"><div class=\"uagb-container-inner-blocks-wrap\">\n<div data-aos= \"fade-left\" data-aos-duration=\"400\" data-aos-delay=\"0\" data-aos-easing=\"ease\" data-aos-once=\"true\" class=\"wp-block-uagb-container uagb-block-14dbb22a\">\n<div class=\"wp-block-uagb-image alignleft uagb-block-a6a70ce5 wp-block-uagb-image--layout-default wp-block-uagb-image--effect-static wp-block-uagb-image--align-left\"><figure class=\"wp-block-uagb-image__figure\"><img decoding=\"async\" srcset=\"https:\/\/prepast.org\/wp-content\/uploads\/2025\/11\/329-DJI_0797_1-1024x529.jpg ,https:\/\/prepast.org\/wp-content\/uploads\/2025\/11\/329-DJI_0797_1.jpg 780w, https:\/\/prepast.org\/wp-content\/uploads\/2025\/11\/329-DJI_0797_1.jpg 360w\" sizes=\"auto, (max-width: 480px) 150px\" src=\"https:\/\/prepast.org\/wp-content\/uploads\/2025\/11\/329-DJI_0797_1-1024x529.jpg\" alt=\"Corral en ru\u00efnes i bosc cremat\" class=\"uag-image-3119\" width=\"660\" height=\"400\" title=\"329 DJI_0797_1\" loading=\"lazy\" role=\"img\"\/><\/figure><\/div>\n\n\n\n<p>Ruta circular por los pies de la sierra de Sant Mamet de 5,6 km para interpretar el paisaje despu\u00e9s del incendio de 2022, que quem\u00f3 2.700 hect\u00e1reas. El recorrido combina patrimonio natural y cultural: vegetaci\u00f3n post-incendio, fauna, piedra seca y ganader\u00eda. La actividad incluye paradas para observar buitres, estrategias de regeneraci\u00f3n propias del bosque mediterr\u00e1neo o antiguos corrales. La ruta invita a reflexionar sobre la relaci\u00f3n entre fuego, gesti\u00f3n del territorio y paisajes en transformaci\u00f3n. <\/p>\n<\/div>\n\n\n\n<div data-aos= \"fade-right\" data-aos-duration=\"400\" data-aos-delay=\"0\" data-aos-easing=\"ease\" data-aos-once=\"true\" class=\"wp-block-uagb-container uagb-block-e7f5799d\">\n<div class=\"wp-block-uagb-call-to-action uagb-block-73e09d31 wp-block-button\"><div class=\"uagb-cta__wrap\"><h4 class=\"uagb-cta__title\">Haz la ruta por tu cuenta!<\/h4><p class=\"uagb-cta__desc\">Descarga este tr\u00edptico para obtener informaci\u00f3n detallada de cada una de las paradas!<\/p><\/div><div class=\"uagb-cta__buttons\"><a href=\"https:\/\/prepast.org\/wp-content\/uploads\/2025\/11\/Guia-itinerari-2.pdf\" class=\"uagb-cta__button-link-wrapper wp-block-button__link\" target=\"_blank\" rel=\"noopener noreferrer\"><svg xmlns=\"https:\/\/www.w3.org\/2000\/svg\" viewbox=\"0 0 512 512\"><path d=\"M480 352h-133.5l-45.25 45.25C289.2 409.3 273.1 416 256 416s-33.16-6.656-45.25-18.75L165.5 352H32c-17.67 0-32 14.33-32 32v96c0 17.67 14.33 32 32 32h448c17.67 0 32-14.33 32-32v-96C512 366.3 497.7 352 480 352zM432 456c-13.2 0-24-10.8-24-24c0-13.2 10.8-24 24-24s24 10.8 24 24C456 445.2 445.2 456 432 456zM233.4 374.6C239.6 380.9 247.8 384 256 384s16.38-3.125 22.62-9.375l128-128c12.49-12.5 12.49-32.75 0-45.25c-12.5-12.5-32.76-12.5-45.25 0L288 274.8V32c0-17.67-14.33-32-32-32C238.3 0 224 14.33 224 32v242.8L150.6 201.4c-12.49-12.5-32.75-12.5-45.25 0c-12.49 12.5-12.49 32.75 0 45.25L233.4 374.6z\"><\/path><\/svg><\/a><\/div><\/div>\n\n\n\n<iframe loading=\"lazy\" frameborder=\"0\" scrolling=\"no\" src=\"https:\/\/ca.wikiloc.com\/wikiloc\/embedv2.do?id=237241823&#038;elevation=off&#038;images=off&#038;maptype=H\" width=\"600\" height=\"500\"><\/iframe><div style=\"color:#777;font-size:11px;line-height:16px;\">Powered by&nbsp;<a style=\"color:#4C8C2B;font-size:11px;line-height:16px;\" target=\"_blank\" href=\"https:\/\/ca.wikiloc.com\">Wikiloc<\/a><\/div>\n<\/div>\n<\/div><\/div>\n\n\n\n<div class=\"wp-block-uagb-container uagb-block-b3479a38 alignfull uagb-is-root-container\"><div class=\"uagb-container-inner-blocks-wrap\">\n<div data-aos= \"fade-right\" data-aos-duration=\"400\" data-aos-delay=\"0\" data-aos-easing=\"ease\" data-aos-once=\"true\" class=\"wp-block-uagb-container uagb-block-2968c9b0\">\n<div class=\"wp-block-uagb-advanced-heading uagb-block-21ae1ee4\"><h3 class=\"uagb-heading-text\">Buitres y reba\u00f1os<\/h3><\/div>\n\n\n\n<p>Se ha elaborado un tr\u00edptico informativo dirigido a fot\u00f3grafos y visitantes de muladares, donde se explica la relaci\u00f3n entre buitres y ganader\u00eda extensiva. El material destaca los beneficios mutuos de esta interacci\u00f3n: eliminaci\u00f3n natural de cad\u00e1veres, fomento de la biodiversidad, prevenci\u00f3n de incendios y apoyo a especies carro\u00f1eras. El tr\u00edptico se ha distribuido en los alrededores de varios muladares y act\u00faa como herramienta de sensibilizaci\u00f3n y promoci\u00f3n de buenas pr\u00e1cticas. Adem\u00e1s, se prev\u00e9 participar en alguna actividad vinculada a los muladares para dar visibilidad a esta tem\u00e1tica. La acci\u00f3n contribuye a reforzar la compatibilidad entre conservaci\u00f3n, ganader\u00eda y turismo responsable.<\/p>\n\n\n\n<div class=\"wp-block-uagb-call-to-action uagb-block-ac3a6e81 wp-block-button\"><div class=\"uagb-cta__wrap\"><p class=\"uagb-cta__desc\">Descarga el tr\u00edptico<\/p><\/div><div class=\"uagb-cta__buttons\"><a href=\"https:\/\/prepast.org\/wp-content\/uploads\/2025\/11\/Triptic_comprimit.pdf\" class=\"uagb-cta__button-link-wrapper wp-block-button__link\" target=\"_blank\" rel=\"noopener noreferrer\"><svg xmlns=\"https:\/\/www.w3.org\/2000\/svg\" viewbox=\"0 0 512 512\"><path d=\"M480 352h-133.5l-45.25 45.25C289.2 409.3 273.1 416 256 416s-33.16-6.656-45.25-18.75L165.5 352H32c-17.67 0-32 14.33-32 32v96c0 17.67 14.33 32 32 32h448c17.67 0 32-14.33 32-32v-96C512 366.3 497.7 352 480 352zM432 456c-13.2 0-24-10.8-24-24c0-13.2 10.8-24 24-24s24 10.8 24 24C456 445.2 445.2 456 432 456zM233.4 374.6C239.6 380.9 247.8 384 256 384s16.38-3.125 22.62-9.375l128-128c12.49-12.5 12.49-32.75 0-45.25c-12.5-12.5-32.76-12.5-45.25 0L288 274.8V32c0-17.67-14.33-32-32-32C238.3 0 224 14.33 224 32v242.8L150.6 201.4c-12.49-12.5-32.75-12.5-45.25 0c-12.49 12.5-12.49 32.75 0 45.25L233.4 374.6z\"><\/path><\/svg><\/a><\/div><\/div>\n<\/div>\n\n\n\n<div data-aos= \"fade-left\" data-aos-duration=\"400\" data-aos-delay=\"0\" data-aos-easing=\"ease\" data-aos-once=\"true\" class=\"wp-block-uagb-container uagb-block-9c39fb8b\">\n<div class=\"wp-block-uagb-image alignleft uagb-block-b06f0dcd wp-block-uagb-image--layout-default wp-block-uagb-image--effect-static wp-block-uagb-image--align-left\"><figure class=\"wp-block-uagb-image__figure\"><img decoding=\"async\" srcset=\"https:\/\/prepast.org\/wp-content\/uploads\/2025\/12\/Prepast-28-1024x495.jpg ,https:\/\/prepast.org\/wp-content\/uploads\/2025\/12\/Prepast-28.jpg 780w, https:\/\/prepast.org\/wp-content\/uploads\/2025\/12\/Prepast-28.jpg 360w\" sizes=\"auto, (max-width: 480px) 150px\" src=\"https:\/\/prepast.org\/wp-content\/uploads\/2025\/12\/Prepast-28-1024x495.jpg\" alt=\"Voltors\" class=\"uag-image-3377\" width=\"660\" height=\"400\" title=\"Prepast 28\" loading=\"lazy\" role=\"img\"\/><\/figure><\/div>\n<\/div>\n<\/div><\/div>\n\n\n\n<div class=\"wp-block-uagb-container uag-hide-desktop uag-hide-tab uag-hide-mob uagb-block-fadc7ba3 alignfull uagb-is-root-container\">\n<div class=\"wp-block-uagb-container uagb-block-eceeacc6\">\nhttps:\/\/youtube.com\/shorts\/ATjADn7cpOI\n<\/div>\n<\/div>\n\n\n\n<div class=\"wp-block-uagb-container uag-hide-desktop uag-hide-tab uag-hide-mob uagb-block-531bbdf9 alignfull uagb-is-root-container\"><div class=\"uagb-container-inner-blocks-wrap\">\n<div data-aos= \"fade-left\" data-aos-duration=\"400\" data-aos-delay=\"0\" data-aos-easing=\"ease\" data-aos-once=\"true\" class=\"wp-block-uagb-container uagb-block-b08bcd46\">\n<div class=\"wp-block-uagb-image alignleft uagb-block-ec8fcc87 wp-block-uagb-image--layout-default wp-block-uagb-image--effect-static wp-block-uagb-image--align-left\"><figure class=\"wp-block-uagb-image__figure\"><img decoding=\"async\" srcset=\"https:\/\/prepast.org\/wp-content\/uploads\/2024\/05\/exemple-mapa-1024x663.png ,https:\/\/prepast.org\/wp-content\/uploads\/2024\/05\/exemple-mapa.png 780w, https:\/\/prepast.org\/wp-content\/uploads\/2024\/05\/exemple-mapa.png 360w\" sizes=\"auto, (max-width: 480px) 150px\" src=\"https:\/\/prepast.org\/wp-content\/uploads\/2024\/05\/exemple-mapa-1024x663.png\" alt=\"\" class=\"uag-image-1898\" width=\"660\" height=\"400\" title=\"exemple-mapa\" loading=\"lazy\" role=\"img\"\/><\/figure><\/div>\n<\/div>\n\n\n\n<div data-aos= \"fade-right\" data-aos-duration=\"400\" data-aos-delay=\"0\" data-aos-easing=\"ease\" data-aos-once=\"true\" class=\"wp-block-uagb-container uagb-block-428fd172\">\n<div class=\"wp-block-uagb-advanced-heading uagb-block-997faea8\"><h2 class=\"uagb-heading-text\">Fira de pastors d&#8217;\u00c0ger<\/h2><\/div>\n\n\n\n<p>La p\u00e9rdida de pastores y reba\u00f1os en la situaci\u00f3n actual de cambio clim\u00e1tico, de episodios de sequ\u00eda y de aumento de la intensificaci\u00f3n agr\u00edcola, significa tambi\u00e9n el abandono del campo, la no utilizaci\u00f3n de los recursos renovables locales, el aumento del riesgo de incendios, la p\u00e9rdida de biodiversidad con la homogeneizaci\u00f3n del paisaje y el despoblamiento del territorio.<\/p>\n<\/div>\n<\/div><\/div>\n\n\n\n<div class=\"wp-block-uagb-container uag-hide-desktop uag-hide-tab uag-hide-mob uagb-block-1fded0f7 alignfull uagb-is-root-container\"><div class=\"uagb-container-inner-blocks-wrap\">\n<div class=\"wp-block-uagb-container uagb-block-9fc39a1f\">\n<div class=\"wp-block-uagb-advanced-heading uagb-block-4b4adb45\"><h2 class=\"uagb-heading-text\">T\u00edtol<\/h2><\/div>\n<\/div>\n\n\n\n<div class=\"wp-block-uagb-container uagb-block-1bff3f2d\"><\/div>\n<\/div><\/div>","protected":false},"excerpt":{"rendered":"<p>L\u2019acostament conscient i volgut de persones i col\u00b7lectius aliens al m\u00f3n ramader a activitats i productes relacionades amb la ramaderia pot servir per reivindicar i fer m\u00e9s viable la feina de pastors i ramats en la gesti\u00f3 del territori. Una manera de fer-ho \u00e9s amb activitat tur\u00edstiques. Per aix\u00f2 hem elaborat un cat\u00e0leg amb els [&hellip;]<\/p>","protected":false},"author":8,"featured_media":0,"parent":41,"menu_order":7,"comment_status":"closed","ping_status":"closed","template":"","meta":{"_uag_custom_page_level_css":"","site-sidebar-layout":"default","site-content-layout":"page-builder","ast-site-content-layout":"full-width-container","site-content-style":"unboxed","site-sidebar-style":"unboxed","ast-global-header-display":"","ast-banner-title-visibility":"","ast-main-header-display":"","ast-hfb-above-header-display":"","ast-hfb-below-header-display":"","ast-hfb-mobile-header-display":"","site-post-title":"disabled","ast-breadcrumbs-content":"","ast-featured-img":"","footer-sml-layout":"","ast-disable-related-posts":"","theme-transparent-header-meta":"enabled","adv-header-id-meta":"","stick-header-meta":"","header-above-stick-meta":"","header-main-stick-meta":"","header-below-stick-meta":"","astra-migrate-meta-layouts":"set","ast-page-background-enabled":"default","ast-page-background-meta":{"desktop":{"background-color":"var(--ast-global-color-4)","background-image":"","background-repeat":"repeat","background-position":"center center","background-size":"auto","background-attachment":"scroll","background-type":"","background-media":"","overlay-type":"","overlay-color":"","overlay-opacity":"","overlay-gradient":""},"tablet":{"background-color":"","background-image":"","background-repeat":"repeat","background-position":"center center","background-size":"auto","background-attachment":"scroll","background-type":"","background-media":"","overlay-type":"","overlay-color":"","overlay-opacity":"","overlay-gradient":""},"mobile":{"background-color":"","background-image":"","background-repeat":"repeat","background-position":"center center","background-size":"auto","background-attachment":"scroll","background-type":"","background-media":"","overlay-type":"","overlay-color":"","overlay-opacity":"","overlay-gradient":""}},"ast-content-background-meta":{"desktop":{"background-color":"var(--ast-global-color-5)","background-image":"","background-repeat":"repeat","background-position":"center center","background-size":"auto","background-attachment":"scroll","background-type":"","background-media":"","overlay-type":"","overlay-color":"","overlay-opacity":"","overlay-gradient":""},"tablet":{"background-color":"var(--ast-global-color-5)","background-image":"","background-repeat":"repeat","background-position":"center center","background-size":"auto","background-attachment":"scroll","background-type":"","background-media":"","overlay-type":"","overlay-color":"","overlay-opacity":"","overlay-gradient":""},"mobile":{"background-color":"var(--ast-global-color-5)","background-image":"","background-repeat":"repeat","background-position":"center center","background-size":"auto","background-attachment":"scroll","background-type":"","background-media":"","overlay-type":"","overlay-color":"","overlay-opacity":"","overlay-gradient":""}},"footnotes":""},"class_list":["post-1934","page","type-page","status-publish","hentry"],"yoast_head":"<!-- This site is optimized with the Yoast SEO plugin v22.6 - https:\/\/yoast.com\/wordpress\/plugins\/seo\/ -->\n<title>Activitats tur\u00edstiques - PREPAST<\/title>\n<meta name=\"robots\" content=\"index, follow, max-snippet:-1, max-image-preview:large, max-video-preview:-1\" \/>\n<link rel=\"canonical\" href=\"https:\/\/prepast.org\/es\/actuacions\/activitats-turistiques\/\" \/>\n<meta property=\"og:locale\" content=\"es_ES\" \/>\n<meta property=\"og:type\" content=\"article\" \/>\n<meta property=\"og:title\" content=\"Activitats tur\u00edstiques - PREPAST\" \/>\n<meta property=\"og:description\" content=\"L\u2019acostament conscient i volgut de persones i col\u00b7lectius aliens al m\u00f3n ramader a activitats i productes relacionades amb la ramaderia pot servir per reivindicar i fer m\u00e9s viable la feina de pastors i ramats en la gesti\u00f3 del territori. Una manera de fer-ho \u00e9s amb activitat tur\u00edstiques. Per aix\u00f2 hem elaborat un cat\u00e0leg amb els [&hellip;]\" \/>\n<meta property=\"og:url\" content=\"https:\/\/prepast.org\/es\/actuacions\/activitats-turistiques\/\" \/>\n<meta property=\"og:site_name\" content=\"PREPAST\" \/>\n<meta property=\"article:modified_time\" content=\"2025-12-23T11:27:09+00:00\" \/>\n<meta property=\"og:image\" content=\"https:\/\/prepast.org\/wp-content\/uploads\/2025\/07\/BA870241_1-copia.jpg\" \/>\n<meta name=\"twitter:card\" content=\"summary_large_image\" \/>\n<meta name=\"twitter:site\" content=\"@projecteprepast\" \/>\n<meta name=\"twitter:label1\" content=\"Tiempo de lectura\" \/>\n\t<meta name=\"twitter:data1\" content=\"6 minutos\" \/>\n<script type=\"application\/ld+json\" class=\"yoast-schema-graph\">{\"@context\":\"https:\/\/schema.org\",\"@graph\":[{\"@type\":\"WebPage\",\"@id\":\"https:\/\/prepast.org\/actuacions\/activitats-turistiques\/\",\"url\":\"https:\/\/prepast.org\/actuacions\/activitats-turistiques\/\",\"name\":\"Activitats tur\u00edstiques - PREPAST\",\"isPartOf\":{\"@id\":\"https:\/\/prepast.org\/#website\"},\"primaryImageOfPage\":{\"@id\":\"https:\/\/prepast.org\/actuacions\/activitats-turistiques\/#primaryimage\"},\"image\":{\"@id\":\"https:\/\/prepast.org\/actuacions\/activitats-turistiques\/#primaryimage\"},\"thumbnailUrl\":\"https:\/\/prepast.org\/wp-content\/uploads\/2025\/07\/BA870241_1-copia.jpg\",\"datePublished\":\"2024-05-03T10:39:48+00:00\",\"dateModified\":\"2025-12-23T11:27:09+00:00\",\"breadcrumb\":{\"@id\":\"https:\/\/prepast.org\/actuacions\/activitats-turistiques\/#breadcrumb\"},\"inLanguage\":\"es\",\"potentialAction\":[{\"@type\":\"ReadAction\",\"target\":[\"https:\/\/prepast.org\/actuacions\/activitats-turistiques\/\"]}]},{\"@type\":\"ImageObject\",\"inLanguage\":\"es\",\"@id\":\"https:\/\/prepast.org\/actuacions\/activitats-turistiques\/#primaryimage\",\"url\":\"https:\/\/prepast.org\/wp-content\/uploads\/2025\/07\/BA870241_1-copia.jpg\",\"contentUrl\":\"https:\/\/prepast.org\/wp-content\/uploads\/2025\/07\/BA870241_1-copia.jpg\"},{\"@type\":\"BreadcrumbList\",\"@id\":\"https:\/\/prepast.org\/actuacions\/activitats-turistiques\/#breadcrumb\",\"itemListElement\":[{\"@type\":\"ListItem\",\"position\":1,\"name\":\"Inici\",\"item\":\"https:\/\/prepast.org\/\"},{\"@type\":\"ListItem\",\"position\":2,\"name\":\"Actuacions\",\"item\":\"https:\/\/prepast.org\/actuacions\/\"},{\"@type\":\"ListItem\",\"position\":3,\"name\":\"Activitats tur\u00edstiques\"}]},{\"@type\":\"WebSite\",\"@id\":\"https:\/\/prepast.org\/#website\",\"url\":\"https:\/\/prepast.org\/\",\"name\":\"PREPAST\",\"description\":\"Pastures del Prepirineu\",\"publisher\":{\"@id\":\"https:\/\/prepast.org\/#organization\"},\"potentialAction\":[{\"@type\":\"SearchAction\",\"target\":{\"@type\":\"EntryPoint\",\"urlTemplate\":\"https:\/\/prepast.org\/?s={search_term_string}\"},\"query-input\":\"required name=search_term_string\"}],\"inLanguage\":\"es\"},{\"@type\":\"Organization\",\"@id\":\"https:\/\/prepast.org\/#organization\",\"name\":\"PREPAST\",\"url\":\"https:\/\/prepast.org\/\",\"logo\":{\"@type\":\"ImageObject\",\"inLanguage\":\"es\",\"@id\":\"https:\/\/prepast.org\/#\/schema\/logo\/image\/\",\"url\":\"https:\/\/prepast.org\/wp-content\/uploads\/2024\/03\/LOGO-PREPAST.png\",\"contentUrl\":\"https:\/\/prepast.org\/wp-content\/uploads\/2024\/03\/LOGO-PREPAST.png\",\"width\":1095,\"height\":1095,\"caption\":\"PREPAST\"},\"image\":{\"@id\":\"https:\/\/prepast.org\/#\/schema\/logo\/image\/\"},\"sameAs\":[\"https:\/\/x.com\/projecteprepast\",\"https:\/\/www.instagram.com\/projecteprepast\/\"]}]}<\/script>\n<!-- \/ Yoast SEO plugin. -->","yoast_head_json":{"title":"Activitats tur\u00edstiques - PREPAST","robots":{"index":"index","follow":"follow","max-snippet":"max-snippet:-1","max-image-preview":"max-image-preview:large","max-video-preview":"max-video-preview:-1"},"canonical":"https:\/\/prepast.org\/es\/actuacions\/activitats-turistiques\/","og_locale":"es_ES","og_type":"article","og_title":"Activitats tur\u00edstiques - PREPAST","og_description":"L\u2019acostament conscient i volgut de persones i col\u00b7lectius aliens al m\u00f3n ramader a activitats i productes relacionades amb la ramaderia pot servir per reivindicar i fer m\u00e9s viable la feina de pastors i ramats en la gesti\u00f3 del territori. Una manera de fer-ho \u00e9s amb activitat tur\u00edstiques. Per aix\u00f2 hem elaborat un cat\u00e0leg amb els [&hellip;]","og_url":"https:\/\/prepast.org\/es\/actuacions\/activitats-turistiques\/","og_site_name":"PREPAST","article_modified_time":"2025-12-23T11:27:09+00:00","og_image":[{"url":"https:\/\/prepast.org\/wp-content\/uploads\/2025\/07\/BA870241_1-copia.jpg"}],"twitter_card":"summary_large_image","twitter_site":"@projecteprepast","twitter_misc":{"Tiempo de lectura":"6 minutos"},"schema":{"@context":"https:\/\/schema.org","@graph":[{"@type":"WebPage","@id":"https:\/\/prepast.org\/actuacions\/activitats-turistiques\/","url":"https:\/\/prepast.org\/actuacions\/activitats-turistiques\/","name":"Activitats tur\u00edstiques - PREPAST","isPartOf":{"@id":"https:\/\/prepast.org\/#website"},"primaryImageOfPage":{"@id":"https:\/\/prepast.org\/actuacions\/activitats-turistiques\/#primaryimage"},"image":{"@id":"https:\/\/prepast.org\/actuacions\/activitats-turistiques\/#primaryimage"},"thumbnailUrl":"https:\/\/prepast.org\/wp-content\/uploads\/2025\/07\/BA870241_1-copia.jpg","datePublished":"2024-05-03T10:39:48+00:00","dateModified":"2025-12-23T11:27:09+00:00","breadcrumb":{"@id":"https:\/\/prepast.org\/actuacions\/activitats-turistiques\/#breadcrumb"},"inLanguage":"es","potentialAction":[{"@type":"ReadAction","target":["https:\/\/prepast.org\/actuacions\/activitats-turistiques\/"]}]},{"@type":"ImageObject","inLanguage":"es","@id":"https:\/\/prepast.org\/actuacions\/activitats-turistiques\/#primaryimage","url":"https:\/\/prepast.org\/wp-content\/uploads\/2025\/07\/BA870241_1-copia.jpg","contentUrl":"https:\/\/prepast.org\/wp-content\/uploads\/2025\/07\/BA870241_1-copia.jpg"},{"@type":"BreadcrumbList","@id":"https:\/\/prepast.org\/actuacions\/activitats-turistiques\/#breadcrumb","itemListElement":[{"@type":"ListItem","position":1,"name":"Inici","item":"https:\/\/prepast.org\/"},{"@type":"ListItem","position":2,"name":"Actuacions","item":"https:\/\/prepast.org\/actuacions\/"},{"@type":"ListItem","position":3,"name":"Activitats tur\u00edstiques"}]},{"@type":"WebSite","@id":"https:\/\/prepast.org\/#website","url":"https:\/\/prepast.org\/","name":"PREPAST","description":"Pastos del Prepirineo","publisher":{"@id":"https:\/\/prepast.org\/#organization"},"potentialAction":[{"@type":"SearchAction","target":{"@type":"EntryPoint","urlTemplate":"https:\/\/prepast.org\/?s={search_term_string}"},"query-input":"required name=search_term_string"}],"inLanguage":"es"},{"@type":"Organization","@id":"https:\/\/prepast.org\/#organization","name":"PREPAST","url":"https:\/\/prepast.org\/","logo":{"@type":"ImageObject","inLanguage":"es","@id":"https:\/\/prepast.org\/#\/schema\/logo\/image\/","url":"https:\/\/prepast.org\/wp-content\/uploads\/2024\/03\/LOGO-PREPAST.png","contentUrl":"https:\/\/prepast.org\/wp-content\/uploads\/2024\/03\/LOGO-PREPAST.png","width":1095,"height":1095,"caption":"PREPAST"},"image":{"@id":"https:\/\/prepast.org\/#\/schema\/logo\/image\/"},"sameAs":["https:\/\/x.com\/projecteprepast","https:\/\/www.instagram.com\/projecteprepast\/"]}]}},"uagb_featured_image_src":{"full":false,"thumbnail":false,"medium":false,"medium_large":false,"large":false,"1536x1536":false,"2048x2048":false,"trp-custom-language-flag":false},"uagb_author_info":{"display_name":"NznR1yyA2iIR","author_link":"https:\/\/prepast.org\/es\/author\/nznr1yya2iir\/"},"uagb_comment_info":0,"uagb_excerpt":"L\u2019acostament conscient i volgut de persones i col\u00b7lectius aliens al m\u00f3n ramader a activitats i productes relacionades amb la ramaderia pot servir per reivindicar i fer m\u00e9s viable la feina de pastors i ramats en la gesti\u00f3 del territori. Una manera de fer-ho \u00e9s amb activitat tur\u00edstiques. Per aix\u00f2 hem elaborat un cat\u00e0leg amb els&hellip;","_links":{"self":[{"href":"https:\/\/prepast.org\/es\/wp-json\/wp\/v2\/pages\/1934","targetHints":{"allow":["GET"]}}],"collection":[{"href":"https:\/\/prepast.org\/es\/wp-json\/wp\/v2\/pages"}],"about":[{"href":"https:\/\/prepast.org\/es\/wp-json\/wp\/v2\/types\/page"}],"author":[{"embeddable":true,"href":"https:\/\/prepast.org\/es\/wp-json\/wp\/v2\/users\/8"}],"replies":[{"embeddable":true,"href":"https:\/\/prepast.org\/es\/wp-json\/wp\/v2\/comments?post=1934"}],"version-history":[{"count":39,"href":"https:\/\/prepast.org\/es\/wp-json\/wp\/v2\/pages\/1934\/revisions"}],"predecessor-version":[{"id":3378,"href":"https:\/\/prepast.org\/es\/wp-json\/wp\/v2\/pages\/1934\/revisions\/3378"}],"up":[{"embeddable":true,"href":"https:\/\/prepast.org\/es\/wp-json\/wp\/v2\/pages\/41"}],"wp:attachment":[{"href":"https:\/\/prepast.org\/es\/wp-json\/wp\/v2\/media?parent=1934"}],"curies":[{"name":"wp","href":"https:\/\/api.w.org\/{rel}","templated":true}]}}