{"id":2014,"date":"2024-05-09T09:33:35","date_gmt":"2024-05-09T08:33:35","guid":{"rendered":"https:\/\/prepast.org\/?page_id=2014"},"modified":"2024-05-09T09:41:41","modified_gmt":"2024-05-09T08:41:41","slug":"privacitat","status":"publish","type":"page","link":"https:\/\/prepast.org\/es\/privacitat\/","title":{"rendered":"Pol\u00edtica de privacidad"},"content":{"rendered":"<div class=\"wp-block-uagb-container uagb-block-bafed66b alignfull uagb-is-root-container\"><div class=\"uagb-container-inner-blocks-wrap\">\n<div class=\"wp-block-uagb-advanced-heading uagb-block-13e44219\"><h1 class=\"uagb-heading-text\">Pol\u00edtica de privacidad<\/h1><\/div>\n<\/div><\/div>\n\n\n\n<div class=\"wp-block-uagb-container uagb-block-6c6f04fa alignfull uagb-is-root-container\"><div class=\"uagb-container-inner-blocks-wrap\">\n<p>Respetando lo establecido en la legislaci\u00f3n vigente, la Asociaci\u00f3n La Sabina se compromete a adoptar las medidas t\u00e9cnicas y organizativas necesarias, seg\u00fan el nivel de seguridad adecuado al riesgo de los datos recogidos.<\/p>\n\n\n\n<p><strong>Leyes que incorpora esta pol\u00edtica de privacidad<\/strong><\/p>\n\n\n\n<p>Esta pol\u00edtica de privacidad est\u00e1 adaptada a la normativa espa\u00f1ola y europea vigente en materia de protecci\u00f3n de datos personales en Internet. En concreto, \u00e9sta respeta las siguientes normas:<\/p>\n\n\n\n<ul class=\"wp-block-list\">\n<li>El Reglamento (UE) 2016\/679 del Parlamento Europeo y del Consejo, de 27 de abril de 2016, relativo a la protecci\u00f3n de las personas f\u00edsicas en lo que se refiere al tratamiento de datos personales ya la libre circulaci\u00f3n de estos datos (RGPD) .<\/li>\n\n\n\n<li>La Ley Org\u00e1nica 3\/2018, de 5 de diciembre, de Protecci\u00f3n de Datos Personales y garant\u00eda de los derechos digitales (LOPD-GDD).<\/li>\n\n\n\n<li>El Real decreto 1720\/2007, de 21 de diciembre, por el que se aprueba el Reglamento de desarrollo de la Ley org\u00e1nica 15\/1999, de 13 de diciembre, de protecci\u00f3n de datos de car\u00e1cter personal (RDLOPD).<\/li>\n\n\n\n<li>La Ley 34\/2002, de 11 de julio, de servicios de la sociedad de la informaci\u00f3n y de comercio electr\u00f3nico (LSSI-CE).<\/li>\n<\/ul>\n\n\n\n<p><strong>Identidad del responsable del tratamiento de los datos personales<\/strong><\/p>\n\n\n\n<p>Associaci\u00f3 per la Salvaguarda de la Biodiversitat i la Natura -La Sabina-<\/p>\n\n\n\n<p>Direcci\u00f3n: Calle del Mig, 10. 25737 Montson\u00eds<\/p>\n\n\n\n<p>Tel\u00e9fono: (+34) 973 40 20 45 \/ (+34) 660 46 88 74<\/p>\n\n\n\n<p>Correo electr\u00f3nico: info@lasabina.cat<\/p>\n\n\n\n<p>NIF: G25686916<\/p>\n\n\n\n<p><strong>Principios aplicables en el tratamiento de los datos personales<\/strong><\/p>\n\n\n\n<p>El tratamiento de tus datos personales se someter\u00e1 a los siguientes principios recogidos en el art\u00edculo 5 del RGPD y en el art\u00edculo 4 y siguientes de la Ley Org\u00e1nica 3\/2018, de 5 de diciembre, de Protecci\u00f3n de Datos Personales y garant\u00eda de los derechos digitales :<\/p>\n\n\n\n<ul class=\"wp-block-list\">\n<li>Principio de licitud, lealtad y transparencia: se requerir\u00e1 en todo momento el consentimiento del Usuario previa informaci\u00f3n completamente transparente de los fines para los que se recogen los datos personales.<\/li>\n\n\n\n<li>Principio de limitaci\u00f3n de la finalidad: los datos personales ser\u00e1n recogidos con fines determinados, expl\u00edcitos y leg\u00edtimos.<\/li>\n\n\n\n<li>Principio de minimizaci\u00f3n de datos: los datos personales recogidos ser\u00e1n \u00fanicamente los estrictamente necesarios en relaci\u00f3n con los fines para los que son tratados.<\/li>\n\n\n\n<li>Principio de exactitud: los datos personales deben ser exactos y estar siempre actualizados.<\/li>\n\n\n\n<li>Principio de limitaci\u00f3n del plazo de conservaci\u00f3n: los datos personales s\u00f3lo ser\u00e1n mantenidos de forma que se permita la identificaci\u00f3n del usuario durante el tiempo necesario para los fines del tratamiento.<\/li>\n\n\n\n<li>Principio de integridad y confidencialidad: los datos personales ser\u00e1n tratados de forma que se garantice su seguridad y confidencialidad.<\/li>\n\n\n\n<li>Principio de responsabilidad proactiva: el responsable del tratamiento ser\u00e1 responsable de asegurar que los principios anteriores se cumplen.<\/li>\n<\/ul>\n\n\n\n<p><strong>Registro de Datos de Car\u00e1cter Personal<\/strong><\/p>\n\n\n\n<p>En cumplimiento de lo que establecen el RGPD y la LOPD-GDD, te informamos que los datos personales recabados por la Asociaci\u00f3n La Sabina, mediante los formularios extendidos en sus p\u00e1ginas quedar\u00e1n incorporados y ser\u00e1n tratados en nuestro fichero para poder facilitar, agilizar y cumplir los compromisos establecidos entre Asociaci\u00f3n La Sabina y el Usuario o el mantenimiento de la relaci\u00f3n que se establezca en los formularios que \u00e9ste cumplimente, o para atender una solicitud o consulta. Asimismo, de conformidad con lo previsto en el RGPD y la LOPD-GDD, salvo que sea de aplicaci\u00f3n la excepci\u00f3n prevista en el art\u00edculo 30.5 del RGPD, se mantiene un registro de actividades de tratamiento que especifica, seg\u00fan sus finalidades, las actividades de tratamiento llevadas a cabo y las dem\u00e1s circunstancias establecidas en el RGPD.<\/p>\n\n\n\n<p><strong>Categories de dades personals<\/strong><\/p>\n\n\n\n<p>Les categories de dades que es tracten en aquest lloc web s\u00f3n \u00fanicament dades identificatives. En cap cas, no es tracten categories especials de dades personals en el sentit de l\u2019article 9 del RGPD.<\/p>\n\n\n\n<p><strong>Base legal per al tractament de les dades personals<\/strong><\/p>\n\n\n\n<p>La base legal per al tractament de les teves dades \u00e9s: el teu consentiment, el qual obtenim quan marques la casella d\u2019acceptaci\u00f3 de la Pol\u00edtica de Privacitat que es troba en els nostres formularis.<\/p>\n\n\n\n<p><strong>Com obtenim les teves dades?<\/strong><\/p>\n\n\n\n<p>Les dades personals procedeixen de l\u2019usuari que els facilita a trav\u00e9s dels seg\u00fcents mitjans:<\/p>\n\n\n\n<ul class=\"wp-block-list\">\n<li>Formulari de contacte<\/li>\n\n\n\n<li>Correo electr\u00f3nico<\/li>\n<\/ul>\n\n\n\n<p><strong>Finalitats del tractament a qu\u00e8 es destinen les dades personals<\/strong><\/p>\n\n\n\n<p>Quan et connectes amb aquesta web per enviar un correu electr\u00f2nic o per utilitzar els nostres formularis, est\u00e0s facilitant informaci\u00f3 de car\u00e0cter personal de la qual som responsables.<\/p>\n\n\n\n<p>Aquesta informaci\u00f3 pot incloure el teu nom, adre\u00e7a, correu electr\u00f2nic, n\u00famero de tel\u00e8fon i altra informaci\u00f3. En facilitar aquestes dades, est\u00e0s donant el teu consentiment perqu\u00e8 la teva informaci\u00f3 sigui recopilada, utilitzada, gestionada i emmagatzemada per l\u2019Associaci\u00f3 La Sabina.<\/p>\n\n\n\n<p>La finalitat de la recollida de dades \u00e9s la de mantenir un contacte directe i personalitzat amb els nostres usuaris i per millorar els serveis que oferim. Farem servir les dades per atendre els dubtes, contestar a les teves consultes i gestionar les teves sol\u00b7licituds.<\/p>\n\n\n\n<p>Tots aquests tractaments estan subjectes al teu consentiment, en cap cas i sota cap circumst\u00e0ncia vendrem, llogarem o cedirem dades de car\u00e0cter personal que puguin identificar els usuaris d\u2019aquesta web. No obstant aix\u00f2, en alguns casos es poden realitzar col\u00b7laboracions amb altres professionals, en aquests casos, es requerir\u00e0 el consentiment previ als usuaris informant sobre la identitat del col\u00b7laborador i la finalitat de la col\u00b7laboraci\u00f3.<\/p>\n\n\n\n<p><strong>Les dades de car\u00e0cter personal que demanem als nostres formularis s\u00f3n necessaris per gestionar les teves sol\u00b7licituds. Si no facilites aquestes dades no podrem atendre correctament les teves consultes.<\/strong><\/p>\n\n\n\n<p><strong>Per\u00edodes de retenci\u00f3 de les dades personal<\/strong><\/p>\n\n\n\n<p>Les dades personals es conservaran senzillament fins que ens demanis que els eliminem, excepte les dades facilitades en el formulari de compra, que hauran de ser conservats per complir amb les obligacions legals i pel temps que marqui la legislaci\u00f3 vigent.<\/p>\n\n\n\n<ol class=\"wp-block-list\">\n<li><strong>Dades facilitades a trav\u00e9s del formulari de contacte:<\/strong>\u00a0fins que ens demanis que els eliminem.<\/li>\n\n\n\n<li><strong>Dades facilitades per correu electr\u00f2nic:<\/strong>\u00a0fins que ens demanis que els eliminem.<\/li>\n\n\n\n<li><strong>Dades facilitades a trav\u00e9s del formulari d\u2019inscripci\u00f3 en el servei de Newsletter:<\/strong>\u00a0fins que demanis la baixa i posteriorment durant els terminis legalment previstos.<\/li>\n\n\n\n<li><strong>Dades facilitades a trav\u00e9s del formulari d\u2019inscripci\u00f3 per a altres serveis:<\/strong>\u00a0fins que ens demanis que els eliminem, i posteriorment durant els terminis legalment previstos.<\/li>\n\n\n\n<li><strong>Dades facilitades per col\u00b7laborar amb donatius:<\/strong>\u00a0es conservaran fins que ens demanis que els eliminem i pels per\u00edodes establerts per la normativa aplicable per al compliment d\u2019obligacions legals.\n<ul class=\"wp-block-list\">\n<li>4 anys:\u00a0<a href=\"https:\/\/www.boe.es\/buscar\/act.php?id=BOE-A-2003-23186&amp;tn=1&amp;p=20171109#a66\" target=\"_blank\" rel=\"noreferrer noopener\">Arts. 66<\/a>\u00a0i s. Llei general tribut\u00e0ria (llibres de comptabilitat\u2026).<\/li>\n\n\n\n<li>6 anys:\u00a0<a href=\"https:\/\/www.boe.es\/buscar\/act.php?id=BOE-A-1885-6627&amp;tn=1&amp;p=20150721&amp;vd=#art30\" target=\"_blank\" rel=\"noreferrer noopener\">Art. 30<\/a>\u00a0Codi de Comer\u00e7 (llibres de comptabilitat, factures\u2026).<\/li>\n\n\n\n<li>10 anys:\u00a0<a href=\"https:\/\/www.boe.es\/buscar\/act.php?id=BOE-A-2010-6737&amp;tn=1&amp;p=20131210#a25\" target=\"_blank\" rel=\"noreferrer noopener\">Art. 25<\/a>\u00a0Llei de Prevenci\u00f3 del Blanqueig de Capitals i Finan\u00e7ament del Terrorisme.<\/li>\n<\/ul>\n<\/li>\n<\/ol>\n\n\n\n<p><strong>Destinataris de les dades personals<\/strong><\/p>\n\n\n\n<p>Les dades personals que els usuaris o socis hagin facilitat mitjan\u00e7ant la nostra p\u00e0gina web o durant alguna activitat seran tractades amb la m\u00e0xima confidencialitat i no se cediran a tercers, llevat que hi hagi obligaci\u00f3 legal. En cas de ser requerits es comunicaran a l\u2019Administraci\u00f3 Tribut\u00e0ria i a altres organismes de l\u2019Administraci\u00f3 P\u00fablica.<\/p>\n\n\n\n<p>Les dades podran ser tractats per diversos encarregats per als quals resulti necess\u00e0ria la seva intervenci\u00f3 per a la correcta gesti\u00f3 de la prestaci\u00f3 dels serveis que oferim, com a entitats banc\u00e0ries per al cobrament del servei prestat, aix\u00ed com pel personal autoritzat per a les gestions administratives, comptables i fiscals.<\/p>\n\n\n\n<p>Tamb\u00e9 podran tenir acc\u00e9s a les dades dels prove\u00efdors que presten serveis a aquesta web, com l\u2019empresa de desenvolupament i manteniment web, o la de hosting, els quals apliquen el mateix grau de protecci\u00f3 de la informaci\u00f3 que nosaltres.<\/p>\n\n\n\n<p><strong>Dades personals de menors d\u2019edat<\/strong><\/p>\n\n\n\n<p>Respectant all\u00f2 establert als articles 8 del RGPD i 7 de la Llei Org\u00e0nica 3\/2018, de 5 de desembre, de Protecci\u00f3 de Dades Personals i garantia dels drets digitals, nom\u00e9s els majors de 14 anys podran atorgar el seu consentiment per al tractament de les vostres dades personals de forma l\u00edcita per . Si es tracta d\u2019un menor de 14 anys, caldr\u00e0 el consentiment dels pares o tutors per al tractament, i aquest nom\u00e9s es considerar\u00e0 l\u00edcit en la mesura que aquests ho hagin autoritzat.<\/p>\n\n\n\n<p><strong>Secret i seguretat de les dades personals<\/strong><\/p>\n\n\n\n<p>La Sabina es compromet a adoptar les mesures t\u00e8cniques i organitzatives necess\u00e0ries, segons el nivell de seguretat adequat al risc de les dades recollides, de manera que es garanteixi la seguretat de les dades de car\u00e0cter personal i s\u2019eviti la destrucci\u00f3, p\u00e8rdua o alteraci\u00f3 accidental o il\u00b7l\u00edcita de dades personals transmeses, conservades o tractades d\u2019una altra manera, o la comunicaci\u00f3 o acc\u00e9s no autoritzats a aquestes dades.<\/p>\n\n\n\n<p>Tot i aix\u00f2, pel fet que no pot garantir la inexpugnabilitat d\u2019internet ni l\u2019abs\u00e8ncia total de hackers o altres que accedeixin de manera fraudulent a les dades personals, el Responsable del tractament es compromet a comunicar a l\u2019Usuari sense dilaci\u00f3 indeguda quan passi una violaci\u00f3 de la seguretat de les dades personals que sigui probable que comporti un alt risc per als drets i llibertats de les persones f\u00edsiques. Seguint el que estableix l\u2019article 4 del RGPD, s\u2019ent\u00e9n per violaci\u00f3 de la seguretat de les dades personals tota violaci\u00f3 de la seguretat que ocasioni la destrucci\u00f3, p\u00e8rdua o alteraci\u00f3 accidental o il\u00b7l\u00edcita de dades personals transmeses, conservades o tractades d\u2019una altra manera, o la comunicaci\u00f3 o acc\u00e9s no autoritzats a les dades esmentades.<\/p>\n\n\n\n<p>Les dades personals seran tractades com a confidencials pel Responsable del tractament, qui es compromet a informar de ia garantir per mitj\u00e0 d\u2019una obligaci\u00f3 legal o contractual que aquesta confidencialitat sigui respectada pels seus empleats, associats, i tota persona a qui li faci accessible la informaci\u00f3.<\/p>\n\n\n\n<p><strong>Xifrat SSL o TLS<\/strong><\/p>\n\n\n\n<p>Aquest lloc utilitza el xifrat SSL o TLS per raons de seguretat i per a la protecci\u00f3 de la transmissi\u00f3 de contingut confidencial. Pots recon\u00e8ixer una connexi\u00f3 encriptada en la l\u00ednia de direcci\u00f3 del navegador quan canvia de \u00abhttp:\/\/\u00bb a \u00abhttps:\/\/\u00bb i la icona de cadenat es mostra a la barra d\u2019adreces del teu navegador.<\/p>\n\n\n\n<p>Amb el xifrat SSL o TLS activat les dades que ens transfereixes no poden ser llegits per tercers.<\/p>\n\n\n\n<p><strong>Drets derivats del tractament de les dades personals<\/strong><\/p>\n\n\n\n<p>El consentiment que has prestat, tant pel tractament com per a la cessi\u00f3 de les dades, \u00e9s revocable en qualsevol moment. Comunica\u2019t amb l\u2019Associaci\u00f3 La Sabina en els termes que estableix aquesta Pol\u00edtica de Privacitat per a l\u2019exercici dels teus&nbsp;<a href=\"https:\/\/www.aepd.es\/reglamento\/derechos\/index.html\" target=\"_blank\" rel=\"noreferrer noopener\">drets ARCO<\/a>:<\/p>\n\n\n\n<ul class=\"wp-block-list\">\n<li>Sol\u00b7licitar l\u2019acc\u00e9s a les dades personals relatives a l\u2019interessat<\/li>\n\n\n\n<li>Sol\u00b7licitar la seva rectificaci\u00f3 o supressi\u00f3<\/li>\n\n\n\n<li>Sol\u00b7licitar la limitaci\u00f3 del seu tractament<\/li>\n\n\n\n<li>Oposar-se al tractament<\/li>\n\n\n\n<li>Portabilitat de dades<\/li>\n<\/ul>\n\n\n\n<p>Respectem aquests drets i podr\u00e0s exercitar-los sempre que vulguis. T\u2019atendrem el m\u00e9s aviat si vols sol\u00b7licitar qualsevol d\u2019aquestes peticions.<\/p>\n\n\n\n<p>Pots sol\u00b7licitar qualsevol petici\u00f3 i exercitar els teus drets escrivint-nos a la nostra adre\u00e7a de correu postal, o al nostre correu electr\u00f2nic de contacte. En ambd\u00f3s casos haur\u00e0s d\u2019indicar de manera expressa la petici\u00f3 que vols fer i adjuntar una c\u00f2pia del teu DNI, o document acreditatiu equivalent.<\/p>\n\n\n\n<ul class=\"wp-block-list\">\n<li><strong>Assumpte:<\/strong>\u00a0\u201cPROTECCI\u00d3 DE DADES ACC\u00c9S\u201d, o \u201cPROTECCI\u00d3 DE DADES RECTIFICACI\u00d3\u201d, o \u201cPROTECCI\u00d3 DE DADES CANCEL\u00b7LACI\u00d3\u201d, o \u201cPROTECCI\u00d3 DE DADES OPOSICI\u00d3\u201d<\/li>\n\n\n\n<li><strong>Adjuntar fitxer:<\/strong>\u00a0C\u00f2pia del passaport o DNI del titular de les dades.<\/li>\n<\/ul>\n\n\n\n<p>Tamb\u00e9 tens dret a presentar una reclamaci\u00f3 davant l\u2019autoritat de control si consideres que el tractament de les teves dades personals infringeix el reglament, en aquest cas,&nbsp;<a href=\"https:\/\/www.aepd.es\/\" target=\"_blank\" rel=\"noreferrer noopener\">l\u2019Ag\u00e8ncia Espanyola de Protecci\u00f3 de Dades<\/a>.<\/p>\n\n\n\n<p><strong>Missatges de correu electr\u00f2nic a efectes de contacte<\/strong><\/p>\n\n\n\n<p>Els usuaris poden preguntar dubtes sobre els continguts publicats a la web, enviar suggeriments o realitzar qualsevol altra consulta a trav\u00e9s dels nostres correus electr\u00f2nics.<\/p>\n\n\n\n<p>Amb aquesta finalitat fem servir el sistema d\u2019e-mail Gmail (Google). Els missatges dels usuaris amb aquest prop\u00f2sit queden emmagatzemats en els nostres comptes de Gmail i les dades corresponents (e-mail i nom) sota la&nbsp;<a href=\"https:\/\/policies.google.com\/privacy?hl=ca\" target=\"_blank\" rel=\"noreferrer noopener\">pol\u00edtica de privacitat de Google<\/a>.<\/p>\n\n\n\n<p>Les dades emmagatzemades en els comptes de l\u2019Associaci\u00f3 La Sabina ni se cedeixen ni es comparteixen amb ning\u00fa, i pots exercir els teus drets legals, segons s\u2019especifica en aquesta Pol\u00edtica de Privacitat.<\/p>\n\n\n\n<p><strong>Enlla\u00e7os a llocs web de tercers<\/strong><\/p>\n\n\n\n<p>El Lloc Web pot incloure hipervincles o enlla\u00e7os que permeten accedir a p\u00e0gines web de tercers diferents de , i que per tant no s\u00f3n operats per . Els titulars d\u2019aquests llocs web disposaran de les seves pr\u00f2pies pol\u00edtiques de protecci\u00f3 de dades, i seran ells mateixos, en cada cas, responsables dels seus propis fitxers i de les pr\u00f2pies pr\u00e0ctiques de privadesa.<\/p>\n\n\n\n<p><strong>Participaci\u00f3 en concursos o sortejos<\/strong><\/p>\n\n\n\n<p>Algunes activitats promogudes per aquest lloc web o a trav\u00e9s dels perfils corporatius en xarxes socials (ex. participaci\u00f3 en concursos o sortejos), poden contenir condicions espec\u00edfiques en mat\u00e8ria de protecci\u00f3 de dades de car\u00e0cter personal. En participar en aquesta mena d\u2019accions promocionals organitzades per La sabina, les dades que ens facilitis seran tractades \u00fanicament per a la finalitat que s\u2019hagi indicat en l\u2019enunciat d\u2019aquesta activitat. .<\/p>\n\n\n\n<p><strong>Xarxes socials<\/strong><\/p>\n\n\n\n<p>Mitjan\u00e7ant la nostra p\u00e0gina web tens acc\u00e9s a diferents xarxes socials i interactuar amb elles. Farem servir aquestes plataformes per informar sobre els nostres projectes, activitats, productes o serveis, i tamb\u00e9 sobre els d\u2019altres persones i entitats que vam crear d\u2019inter\u00e8s per als nostres seguidors.<\/p>\n\n\n\n<p>En cap cas utilitzarem els perfils dels nostres seguidors a les xarxes socials per enviar publicitat. Si et fas seguidor de la nostra p\u00e0gina en les diferents xarxes socials acceptes les condicions d\u2019\u00fas i pol\u00edtica de privacitat de la xarxa social corresponent.<\/p>\n\n\n\n<p>Quan accedeixis als nostres perfils de les xarxes socials, has de llegir detingudament les condicions establertes en cadascuna d\u2019elles. Nosaltres no assumim cap responsabilitat pels continguts o opinions que altres usuaris d\u2019aquests espais puguin realitzar, per\u00f2 mantindrem una actitud vigilant i eliminarem aquells continguts que no considerem apropiats o que resultin contraris a la nostra filosofia.<\/p>\n\n\n\n<p><strong>Cookies<\/strong><\/p>\n\n\n\n<p>T\u2019informem que perqu\u00e8 aquesta web funcioni correctament es recullen altres dades no identificatives que s\u2019obtenen mitjan\u00e7ant algunes cookies. Aquesta informaci\u00f3 s\u2019emmagatzema al navegador quan navegues per aquesta web.<\/p>\n\n\n\n<p>Consulta amb m\u00e9s detall la nostra p\u00e0gina sobre la&nbsp;Llei de Cookies.<\/p>\n\n\n\n<p><strong>Dades de navegaci\u00f3<\/strong><\/p>\n\n\n\n<p>Tamb\u00e9 recollim a trav\u00e9s de serveis de tercers altres dades no identificables relacionats amb els teus h\u00e0bits de navegaci\u00f3. Aquesta informaci\u00f3 pot incloure, adreces IP, ubicaci\u00f3 geogr\u00e0fica (aproximadament), un registre de com s\u2019utilitzen els nostres serveis i p\u00e0gines, i altres dades que&nbsp;<strong>no poden ser utilitzats per identificar l\u2019usuari<\/strong>.<\/p>\n\n\n\n<p>Utilitzem l\u2019eina d\u2019anal\u00edtica web&nbsp;<em>Google Analytics<\/em>&nbsp;per analitzar tend\u00e8ncies, administrar el web i per recopilar informaci\u00f3 demogr\u00e0fica sobre la nostra base d\u2019usuaris en el seu conjunt. Es tracta simplement d\u2019informaci\u00f3 que fem servir amb finalitats estad\u00edstiques per&nbsp;<strong>millorar sempre la navegabilitat del web i intentar oferir-te el millor<\/strong>.<\/p>\n\n\n\n<p><strong>Fotografies i V\u00eddeos<\/strong><\/p>\n\n\n\n<p>Publiquem fotografies i v\u00eddeos amb la finalitat de donar a con\u00e8ixer les activitats desenvolupades. Tamb\u00e9 \u00e9s possible que utilitzem fotografies i v\u00eddeos en les nostres xarxes socials, de manera que com a usuari, quedes adscrit a les condicions legals de cada xarxa.<\/p>\n\n\n\n<p>\u00c9s possible que h\u00e0gim pres fotografies en esdeveniments i en activitats. Et recordem que pel sol fet de posar, est\u00e0s acceptant t\u00e0citament el tractament de la teva imatge, que estar\u00e0 sotm\u00e8s al compliment de les disposicions establertes en la llei de protecci\u00f3 de dades. Recorda que pots dirigir-te a nosaltres per revocar el consentiment mitjan\u00e7ant correu electr\u00f2nic a la seg\u00fcent adre\u00e7a:&nbsp;<a href=\"mailto:info@lasabina.cat\">info@lasabina.cat<\/a>.<\/p>\n\n\n\n<p><strong>Canvis en la present Pol\u00edtica de Privacitat<\/strong><\/p>\n\n\n\n<p>L\u2019Associaci\u00f3 La sabina es reserva el dret a modificar aquesta Pol\u00edtica de Privacitat per adaptar-la a les novetats legislatives o d\u2019autoregulaci\u00f3, de manera que us aconsellem que la visiteu peri\u00f2dicament.<\/p>\n<\/div><\/div>","protected":false},"excerpt":{"rendered":"<p>Pol\u00edtica de privacitat Respectant all\u00f2 establert a la legislaci\u00f3 vigent, l\u2019Associaci\u00f3 La Sabina es compromet a adoptar les mesures t\u00e8cniques i organitzatives necess\u00e0ries, segons el nivell de seguretat adequat al risc de les dades recollides. Lleis que incorpora aquesta pol\u00edtica de privadesa Aquesta pol\u00edtica de privadesa est\u00e0 adaptada a la normativa espanyola i europea vigent [&hellip;]<\/p>","protected":false},"author":8,"featured_media":0,"parent":0,"menu_order":0,"comment_status":"closed","ping_status":"closed","template":"","meta":{"_uag_custom_page_level_css":"","site-sidebar-layout":"default","site-content-layout":"","ast-site-content-layout":"default","site-content-style":"default","site-sidebar-style":"default","ast-global-header-display":"","ast-banner-title-visibility":"","ast-main-header-display":"","ast-hfb-above-header-display":"","ast-hfb-below-header-display":"","ast-hfb-mobile-header-display":"","site-post-title":"disabled","ast-breadcrumbs-content":"","ast-featured-img":"","footer-sml-layout":"","ast-disable-related-posts":"","theme-transparent-header-meta":"","adv-header-id-meta":"","stick-header-meta":"","header-above-stick-meta":"","header-main-stick-meta":"","header-below-stick-meta":"","astra-migrate-meta-layouts":"set","ast-page-background-enabled":"default","ast-page-background-meta":{"desktop":{"background-color":"var(--ast-global-color-4)","background-image":"","background-repeat":"repeat","background-position":"center center","background-size":"auto","background-attachment":"scroll","background-type":"","background-media":"","overlay-type":"","overlay-color":"","overlay-opacity":"","overlay-gradient":""},"tablet":{"background-color":"","background-image":"","background-repeat":"repeat","background-position":"center center","background-size":"auto","background-attachment":"scroll","background-type":"","background-media":"","overlay-type":"","overlay-color":"","overlay-opacity":"","overlay-gradient":""},"mobile":{"background-color":"","background-image":"","background-repeat":"repeat","background-position":"center center","background-size":"auto","background-attachment":"scroll","background-type":"","background-media":"","overlay-type":"","overlay-color":"","overlay-opacity":"","overlay-gradient":""}},"ast-content-background-meta":{"desktop":{"background-color":"var(--ast-global-color-5)","background-image":"","background-repeat":"repeat","background-position":"center center","background-size":"auto","background-attachment":"scroll","background-type":"","background-media":"","overlay-type":"","overlay-color":"","overlay-opacity":"","overlay-gradient":""},"tablet":{"background-color":"var(--ast-global-color-5)","background-image":"","background-repeat":"repeat","background-position":"center center","background-size":"auto","background-attachment":"scroll","background-type":"","background-media":"","overlay-type":"","overlay-color":"","overlay-opacity":"","overlay-gradient":""},"mobile":{"background-color":"var(--ast-global-color-5)","background-image":"","background-repeat":"repeat","background-position":"center center","background-size":"auto","background-attachment":"scroll","background-type":"","background-media":"","overlay-type":"","overlay-color":"","overlay-opacity":"","overlay-gradient":""}},"footnotes":""},"class_list":["post-2014","page","type-page","status-publish","hentry"],"yoast_head":"<!-- This site is optimized with the Yoast SEO plugin v22.6 - https:\/\/yoast.com\/wordpress\/plugins\/seo\/ -->\n<title>Pol\u00edtica de privacitat - PREPAST<\/title>\n<meta name=\"robots\" content=\"index, nofollow, max-snippet:-1, max-image-preview:large, max-video-preview:-1\" \/>\n<link rel=\"canonical\" href=\"https:\/\/prepast.org\/es\/privacitat\/\" \/>\n<meta property=\"og:locale\" content=\"es_ES\" \/>\n<meta property=\"og:type\" content=\"article\" \/>\n<meta property=\"og:title\" content=\"Pol\u00edtica de privacitat - PREPAST\" \/>\n<meta property=\"og:description\" content=\"Pol\u00edtica de privacitat Respectant all\u00f2 establert a la legislaci\u00f3 vigent, l\u2019Associaci\u00f3 La Sabina es compromet a adoptar les mesures t\u00e8cniques i organitzatives necess\u00e0ries, segons el nivell de seguretat adequat al risc de les dades recollides. Lleis que incorpora aquesta pol\u00edtica de privadesa Aquesta pol\u00edtica de privadesa est\u00e0 adaptada a la normativa espanyola i europea vigent [&hellip;]\" \/>\n<meta property=\"og:url\" content=\"https:\/\/prepast.org\/es\/privacitat\/\" \/>\n<meta property=\"og:site_name\" content=\"PREPAST\" \/>\n<meta property=\"article:modified_time\" content=\"2024-05-09T08:41:41+00:00\" \/>\n<meta property=\"og:image\" content=\"https:\/\/prepast.org\/wp-content\/uploads\/2024\/04\/portada.jpg\" \/>\n\t<meta property=\"og:image:width\" content=\"2106\" \/>\n\t<meta property=\"og:image:height\" content=\"1411\" \/>\n\t<meta property=\"og:image:type\" content=\"image\/jpeg\" \/>\n<meta name=\"twitter:card\" content=\"summary_large_image\" \/>\n<meta name=\"twitter:site\" content=\"@projecteprepast\" \/>\n<meta name=\"twitter:label1\" content=\"Tiempo de lectura\" \/>\n\t<meta name=\"twitter:data1\" content=\"14 minutos\" \/>\n<script type=\"application\/ld+json\" class=\"yoast-schema-graph\">{\"@context\":\"https:\/\/schema.org\",\"@graph\":[{\"@type\":\"WebPage\",\"@id\":\"https:\/\/prepast.org\/privacitat\/\",\"url\":\"https:\/\/prepast.org\/privacitat\/\",\"name\":\"Pol\u00edtica de privacitat - PREPAST\",\"isPartOf\":{\"@id\":\"https:\/\/prepast.org\/#website\"},\"datePublished\":\"2024-05-09T08:33:35+00:00\",\"dateModified\":\"2024-05-09T08:41:41+00:00\",\"breadcrumb\":{\"@id\":\"https:\/\/prepast.org\/privacitat\/#breadcrumb\"},\"inLanguage\":\"es\",\"potentialAction\":[{\"@type\":\"ReadAction\",\"target\":[\"https:\/\/prepast.org\/privacitat\/\"]}]},{\"@type\":\"BreadcrumbList\",\"@id\":\"https:\/\/prepast.org\/privacitat\/#breadcrumb\",\"itemListElement\":[{\"@type\":\"ListItem\",\"position\":1,\"name\":\"Inici\",\"item\":\"https:\/\/prepast.org\/\"},{\"@type\":\"ListItem\",\"position\":2,\"name\":\"Pol\u00edtica de privacitat\"}]},{\"@type\":\"WebSite\",\"@id\":\"https:\/\/prepast.org\/#website\",\"url\":\"https:\/\/prepast.org\/\",\"name\":\"PREPAST\",\"description\":\"Pastures del Prepirineu\",\"publisher\":{\"@id\":\"https:\/\/prepast.org\/#organization\"},\"potentialAction\":[{\"@type\":\"SearchAction\",\"target\":{\"@type\":\"EntryPoint\",\"urlTemplate\":\"https:\/\/prepast.org\/?s={search_term_string}\"},\"query-input\":\"required name=search_term_string\"}],\"inLanguage\":\"es\"},{\"@type\":\"Organization\",\"@id\":\"https:\/\/prepast.org\/#organization\",\"name\":\"PREPAST\",\"url\":\"https:\/\/prepast.org\/\",\"logo\":{\"@type\":\"ImageObject\",\"inLanguage\":\"es\",\"@id\":\"https:\/\/prepast.org\/#\/schema\/logo\/image\/\",\"url\":\"https:\/\/prepast.org\/wp-content\/uploads\/2024\/03\/LOGO-PREPAST.png\",\"contentUrl\":\"https:\/\/prepast.org\/wp-content\/uploads\/2024\/03\/LOGO-PREPAST.png\",\"width\":1095,\"height\":1095,\"caption\":\"PREPAST\"},\"image\":{\"@id\":\"https:\/\/prepast.org\/#\/schema\/logo\/image\/\"},\"sameAs\":[\"https:\/\/x.com\/projecteprepast\",\"https:\/\/www.instagram.com\/projecteprepast\/\"]}]}<\/script>\n<!-- \/ Yoast SEO plugin. -->","yoast_head_json":{"title":"Pol\u00edtica de privacitat - PREPAST","robots":{"index":"index","follow":"nofollow","max-snippet":"max-snippet:-1","max-image-preview":"max-image-preview:large","max-video-preview":"max-video-preview:-1"},"canonical":"https:\/\/prepast.org\/es\/privacitat\/","og_locale":"es_ES","og_type":"article","og_title":"Pol\u00edtica de privacitat - PREPAST","og_description":"Pol\u00edtica de privacitat Respectant all\u00f2 establert a la legislaci\u00f3 vigent, l\u2019Associaci\u00f3 La Sabina es compromet a adoptar les mesures t\u00e8cniques i organitzatives necess\u00e0ries, segons el nivell de seguretat adequat al risc de les dades recollides. Lleis que incorpora aquesta pol\u00edtica de privadesa Aquesta pol\u00edtica de privadesa est\u00e0 adaptada a la normativa espanyola i europea vigent [&hellip;]","og_url":"https:\/\/prepast.org\/es\/privacitat\/","og_site_name":"PREPAST","article_modified_time":"2024-05-09T08:41:41+00:00","og_image":[{"width":2106,"height":1411,"url":"https:\/\/prepast.org\/wp-content\/uploads\/2024\/04\/portada.jpg","type":"image\/jpeg"}],"twitter_card":"summary_large_image","twitter_site":"@projecteprepast","twitter_misc":{"Tiempo de lectura":"14 minutos"},"schema":{"@context":"https:\/\/schema.org","@graph":[{"@type":"WebPage","@id":"https:\/\/prepast.org\/privacitat\/","url":"https:\/\/prepast.org\/privacitat\/","name":"Pol\u00edtica de privacitat - PREPAST","isPartOf":{"@id":"https:\/\/prepast.org\/#website"},"datePublished":"2024-05-09T08:33:35+00:00","dateModified":"2024-05-09T08:41:41+00:00","breadcrumb":{"@id":"https:\/\/prepast.org\/privacitat\/#breadcrumb"},"inLanguage":"es","potentialAction":[{"@type":"ReadAction","target":["https:\/\/prepast.org\/privacitat\/"]}]},{"@type":"BreadcrumbList","@id":"https:\/\/prepast.org\/privacitat\/#breadcrumb","itemListElement":[{"@type":"ListItem","position":1,"name":"Inici","item":"https:\/\/prepast.org\/"},{"@type":"ListItem","position":2,"name":"Pol\u00edtica de privacitat"}]},{"@type":"WebSite","@id":"https:\/\/prepast.org\/#website","url":"https:\/\/prepast.org\/","name":"PREPAST","description":"Pastos del Prepirineo","publisher":{"@id":"https:\/\/prepast.org\/#organization"},"potentialAction":[{"@type":"SearchAction","target":{"@type":"EntryPoint","urlTemplate":"https:\/\/prepast.org\/?s={search_term_string}"},"query-input":"required name=search_term_string"}],"inLanguage":"es"},{"@type":"Organization","@id":"https:\/\/prepast.org\/#organization","name":"PREPAST","url":"https:\/\/prepast.org\/","logo":{"@type":"ImageObject","inLanguage":"es","@id":"https:\/\/prepast.org\/#\/schema\/logo\/image\/","url":"https:\/\/prepast.org\/wp-content\/uploads\/2024\/03\/LOGO-PREPAST.png","contentUrl":"https:\/\/prepast.org\/wp-content\/uploads\/2024\/03\/LOGO-PREPAST.png","width":1095,"height":1095,"caption":"PREPAST"},"image":{"@id":"https:\/\/prepast.org\/#\/schema\/logo\/image\/"},"sameAs":["https:\/\/x.com\/projecteprepast","https:\/\/www.instagram.com\/projecteprepast\/"]}]}},"uagb_featured_image_src":{"full":false,"thumbnail":false,"medium":false,"medium_large":false,"large":false,"1536x1536":false,"2048x2048":false,"trp-custom-language-flag":false},"uagb_author_info":{"display_name":"NznR1yyA2iIR","author_link":"https:\/\/prepast.org\/es\/author\/nznr1yya2iir\/"},"uagb_comment_info":0,"uagb_excerpt":"Pol\u00edtica de privacitat Respectant all\u00f2 establert a la legislaci\u00f3 vigent, l\u2019Associaci\u00f3 La Sabina es compromet a adoptar les mesures t\u00e8cniques i organitzatives necess\u00e0ries, segons el nivell de seguretat adequat al risc de les dades recollides. Lleis que incorpora aquesta pol\u00edtica de privadesa Aquesta pol\u00edtica de privadesa est\u00e0 adaptada a la normativa espanyola i europea vigent&hellip;","_links":{"self":[{"href":"https:\/\/prepast.org\/es\/wp-json\/wp\/v2\/pages\/2014","targetHints":{"allow":["GET"]}}],"collection":[{"href":"https:\/\/prepast.org\/es\/wp-json\/wp\/v2\/pages"}],"about":[{"href":"https:\/\/prepast.org\/es\/wp-json\/wp\/v2\/types\/page"}],"author":[{"embeddable":true,"href":"https:\/\/prepast.org\/es\/wp-json\/wp\/v2\/users\/8"}],"replies":[{"embeddable":true,"href":"https:\/\/prepast.org\/es\/wp-json\/wp\/v2\/comments?post=2014"}],"version-history":[{"count":7,"href":"https:\/\/prepast.org\/es\/wp-json\/wp\/v2\/pages\/2014\/revisions"}],"predecessor-version":[{"id":2026,"href":"https:\/\/prepast.org\/es\/wp-json\/wp\/v2\/pages\/2014\/revisions\/2026"}],"wp:attachment":[{"href":"https:\/\/prepast.org\/es\/wp-json\/wp\/v2\/media?parent=2014"}],"curies":[{"name":"wp","href":"https:\/\/api.w.org\/{rel}","templated":true}]}}