{"id":2596,"date":"2025-08-22T11:40:30","date_gmt":"2025-08-22T10:40:30","guid":{"rendered":"https:\/\/prepast.org\/?page_id=2596"},"modified":"2025-12-26T09:36:24","modified_gmt":"2025-12-26T08:36:24","slug":"comunicacions-en-jornades-i-congressos","status":"publish","type":"page","link":"https:\/\/prepast.org\/es\/actuacions\/comunicacions-en-jornades-i-congressos\/","title":{"rendered":"Comunicaciones en jornadas y congresos"},"content":{"rendered":"<div data-aos= \"fade-down\" data-aos-duration=\"400\" data-aos-delay=\"0\" data-aos-easing=\"ease\" data-aos-once=\"true\" class=\"wp-block-uagb-container uagb-block-c61ca359 alignfull uagb-is-root-container\"><div class=\"uagb-container-inner-blocks-wrap\">\n<div class=\"wp-block-uagb-info-box uagb-block-83dfa9ba uagb-infobox__content-wrap  uagb-infobox-icon-above-title uagb-infobox-image-valign-top\"><div class=\"uagb-ifb-content\"><div class=\"uagb-ifb-title-wrap\"><h1 class=\"uagb-ifb-title\">Comunicaci\u00f3n en jornadas y congresos<\/h1><\/div><p class=\"uagb-ifb-desc\">Apostamos por la comunicaci\u00f3n y transferencia de metodolog\u00edas y resultados tanto dentro de la comunidad cient\u00edfica como dentro del sector ganadero<\/p><\/div><\/div>\n<\/div><\/div>\n\n\n\n<div class=\"wp-block-uagb-container uagb-block-70ec5659 alignfull uagb-is-root-container\">\n<div class=\"wp-block-uagb-container uagb-block-375add93\">\n<p>Los resultados y metodolog\u00edas del proyecto se quieren hacer llegar a la comunidad cient\u00edfica y al sector ganadero. La manera como esto se ha hecho ha sido participando en congresos nacionales e internacionales tanto del sector ganadero como del sector forestal. A la vez, se ha organizado una jornada t\u00e9cnica dentro del \u00e1mbito de actuaci\u00f3n del proyecto.<\/p>\n<\/div>\n<\/div>\n\n\n\n<div class=\"wp-block-uagb-advanced-heading uagb-block-4e53a4ce\"><h2 class=\"uagb-heading-text\">Participaci\u00f3n en congresos<\/h2><\/div>\n\n\n\n<div class=\"wp-block-uagb-container uagb-block-ff18c1e8 alignfull uagb-is-root-container\"><div class=\"uagb-container-inner-blocks-wrap\">\n<div data-aos= \"fade-right\" data-aos-duration=\"400\" data-aos-delay=\"0\" data-aos-easing=\"ease\" data-aos-once=\"true\" class=\"wp-block-uagb-container uagb-block-d14f2f7c\">\n<div class=\"wp-block-uagb-advanced-heading uagb-block-a10df6bb\"><h3 class=\"uagb-heading-text\"><a href=\"https:\/\/mediterraneanforestweek.org\/\" target=\"_blank\" rel=\"noreferrer noopener\">8th Mediterranean Forest Week<\/a><\/h3><p class=\"uagb-desc-text\">Participamos en el congreso y publicamos la metodolog\u00eda \u201cPREPAST: promoting silvopastoral practices in the Pre-Pyrenees for bioeconomy, ecology, and wildfire prevention\u201d.<\/p><\/div>\n\n\n\n<p>Este es un congreso internacional donde asisten gestores, investigadores y otros actores del sector forestal para poner en com\u00fan debilidades, problemas y estrategias de adaptaci\u00f3n al cambio clim\u00e1tico.<\/p>\n\n\n\n<p>5 de Noviembre de 2024<\/p>\n\n\n\n<p><a href=\"https:\/\/prepast.org\/wp-content\/uploads\/2025\/10\/MFW-poster-comrpimit-scaled.jpg\" target=\"_blank\" rel=\"noreferrer noopener\"><em>Ver cartel expuesto<\/em><\/a><\/p>\n<\/div>\n\n\n\n<div data-aos= \"fade-left\" data-aos-duration=\"400\" data-aos-delay=\"0\" data-aos-easing=\"ease\" data-aos-once=\"true\" class=\"wp-block-uagb-container uagb-block-847f1532\">\n<div class=\"wp-block-uagb-image alignleft uagb-block-ab7feac7 wp-block-uagb-image--layout-default wp-block-uagb-image--effect-static wp-block-uagb-image--align-left\"><figure class=\"wp-block-uagb-image__figure\"><img decoding=\"async\" srcset=\"https:\/\/prepast.org\/wp-content\/uploads\/2025\/10\/IMG_MFW-768x1024.jpeg ,https:\/\/prepast.org\/wp-content\/uploads\/2025\/10\/IMG_MFW.jpeg 780w, https:\/\/prepast.org\/wp-content\/uploads\/2025\/10\/IMG_MFW.jpeg 360w\" sizes=\"auto, (max-width: 480px) 150px\" src=\"https:\/\/prepast.org\/wp-content\/uploads\/2025\/10\/IMG_MFW-768x1024.jpeg\" alt=\"\" class=\"uag-image-2948\" width=\"660\" height=\"400\" title=\"IMG_MFW\" loading=\"lazy\" role=\"img\"\/><\/figure><\/div>\n<\/div>\n<\/div><\/div>\n\n\n\n<div class=\"wp-block-uagb-container uagb-block-531bbdf9 alignfull uagb-is-root-container\"><div class=\"uagb-container-inner-blocks-wrap\">\n<div data-aos= \"fade-left\" data-aos-duration=\"400\" data-aos-delay=\"0\" data-aos-easing=\"ease\" data-aos-once=\"true\" class=\"wp-block-uagb-container uagb-block-b08bcd46\">\n<div class=\"wp-block-uagb-image alignleft uagb-block-ec8fcc87 wp-block-uagb-image--layout-default wp-block-uagb-image--effect-static wp-block-uagb-image--align-left\"><figure class=\"wp-block-uagb-image__figure\"><img decoding=\"async\" srcset=\"https:\/\/prepast.org\/wp-content\/uploads\/2025\/10\/IMG_territoriosPastoreadosPREsentacio-1024x768.jpeg ,https:\/\/prepast.org\/wp-content\/uploads\/2025\/10\/IMG_territoriosPastoreadosPREsentacio.jpeg 780w, https:\/\/prepast.org\/wp-content\/uploads\/2025\/10\/IMG_territoriosPastoreadosPREsentacio.jpeg 360w\" sizes=\"auto, (max-width: 480px) 150px\" src=\"https:\/\/prepast.org\/wp-content\/uploads\/2025\/10\/IMG_territoriosPastoreadosPREsentacio-1024x768.jpeg\" alt=\"\" class=\"uag-image-2953\" width=\"660\" height=\"400\" title=\"IMG_territoriosPastoreadosPREsentacio\" loading=\"lazy\" role=\"img\"\/><\/figure><\/div>\n<\/div>\n\n\n\n<div data-aos= \"fade-right\" data-aos-duration=\"400\" data-aos-delay=\"0\" data-aos-easing=\"ease\" data-aos-once=\"true\" class=\"wp-block-uagb-container uagb-block-428fd172\">\n<div class=\"wp-block-uagb-advanced-heading uagb-block-997faea8\"><h3 class=\"uagb-heading-text\"><a href=\"https:\/\/www.territoriospastoreados.com\/\" target=\"_blank\" rel=\"noreferrer noopener\">Territorios pastoreados<\/a><\/h3><\/div>\n\n\n\n<p>Nos unimos y presentamos PREPAST al encuentro anual sobre el estudio, la reflexi\u00f3n y el apoyo a la ganader\u00eda extensiva en Espa\u00f1a que tiene el objetivo de crear red entre el \u00e1mbito ganadero, acad\u00e9mico, t\u00e9cnico y la administraci\u00f3n.<\/p>\n\n\n\n<p> Este a\u00f1o el acontecimiento tuvo lugar a Gij\u00f3n y se puso el foco en el papel de la ganader\u00eda extensiva sobre la conservaci\u00f3n del territorio, la biodiversidad y el desarrollo rural sostenible. <\/p>\n\n\n\n<p>4-6 de junio de 2025<\/p>\n\n\n\n<p><em><a href=\"https:\/\/prepast.org\/wp-content\/uploads\/2025\/10\/Poster_Territorios-pastoreados.pdf\" target=\"_blank\" rel=\"noreferrer noopener\">Ver cartel expuesto<\/a><\/em><\/p>\n<\/div>\n<\/div><\/div>\n\n\n\n<div class=\"wp-block-uagb-container uagb-block-66a72e20 alignfull uagb-is-root-container\"><div class=\"uagb-container-inner-blocks-wrap\">\n<div data-aos= \"fade-right\" data-aos-duration=\"400\" data-aos-delay=\"0\" data-aos-easing=\"ease\" data-aos-once=\"true\" class=\"wp-block-uagb-container uagb-block-565687e2\">\n<div class=\"wp-block-uagb-advanced-heading uagb-block-62d19a54\"><h3 class=\"uagb-heading-text\"><a href=\"https:\/\/9cfe.congresoforestal.es\/\" target=\"_blank\" rel=\"noreferrer noopener\">Congreso forestal<\/a><\/h3><\/div>\n\n\n\n<p>Asistimos y presentamos el proyecto PREPAST en este congreso internacional que se celebra cada cuatro a\u00f1os y re\u00fane investigadores, personal t\u00e9cnico, propietarios y profesionales de la gesti\u00f3n forestal.<\/p>\n\n\n\n<p>El evento tiene el objetivo de presentar resultados de investigaciones y experiencias en materia forestal, encontrar nuevas ideas y propuestas para la mejora del sector y orientar la pol\u00edtica en la gesti\u00f3n forestal.<\/p>\n\n\n\n<p>16-20 de junio de 2025<\/p>\n\n\n\n<p><a href=\"https:\/\/prepast.org\/wp-content\/uploads\/2025\/10\/poster_congreso.pdf\" target=\"_blank\" rel=\"noreferrer noopener\"><em>Ver cartel expuesto<\/em><\/a><\/p>\n<\/div>\n\n\n\n<div data-aos= \"fade-left\" data-aos-duration=\"400\" data-aos-delay=\"0\" data-aos-easing=\"ease\" data-aos-once=\"true\" class=\"wp-block-uagb-container uagb-block-84db5bfa\">\n<div class=\"wp-block-uagb-image alignleft uagb-block-58cde7ef wp-block-uagb-image--layout-default wp-block-uagb-image--effect-static wp-block-uagb-image--align-left\"><figure class=\"wp-block-uagb-image__figure\"><img decoding=\"async\" srcset=\"https:\/\/prepast.org\/wp-content\/uploads\/2025\/08\/Imatge-de-WhatsApp-2025-06-19-a-les-11.50.02_e11ba25f-1024x768.jpg ,https:\/\/prepast.org\/wp-content\/uploads\/2025\/08\/Imatge-de-WhatsApp-2025-06-19-a-les-11.50.02_e11ba25f.jpg 780w, https:\/\/prepast.org\/wp-content\/uploads\/2025\/08\/Imatge-de-WhatsApp-2025-06-19-a-les-11.50.02_e11ba25f.jpg 360w\" sizes=\"auto, (max-width: 480px) 150px\" src=\"https:\/\/prepast.org\/wp-content\/uploads\/2025\/08\/Imatge-de-WhatsApp-2025-06-19-a-les-11.50.02_e11ba25f-1024x768.jpg\" alt=\"PREPAST al Congreso Forestal de Gij\u00f3n 2025\" class=\"uag-image-2678\" width=\"660\" height=\"400\" title=\"Imatge de WhatsApp 2025-06-19 a les 11.50.02_e11ba25f\" loading=\"lazy\" role=\"img\"\/><\/figure><\/div>\n<\/div>\n<\/div><\/div>\n\n\n\n<div class=\"wp-block-uagb-container uagb-block-c0b73343 alignfull uagb-is-root-container\"><div class=\"uagb-container-inner-blocks-wrap\">\n<div data-aos= \"fade-left\" data-aos-duration=\"400\" data-aos-delay=\"0\" data-aos-easing=\"ease\" data-aos-once=\"true\" class=\"wp-block-uagb-container uagb-block-18bae8af\">\n<div class=\"wp-block-uagb-image alignleft uagb-block-89e11a26 wp-block-uagb-image--layout-default wp-block-uagb-image--effect-static wp-block-uagb-image--align-left\"><figure class=\"wp-block-uagb-image__figure\"><img decoding=\"async\" srcset=\"https:\/\/prepast.org\/wp-content\/uploads\/2025\/10\/IMG_ResAlliance-768x1024.jpeg ,https:\/\/prepast.org\/wp-content\/uploads\/2025\/10\/IMG_ResAlliance.jpeg 780w, https:\/\/prepast.org\/wp-content\/uploads\/2025\/10\/IMG_ResAlliance.jpeg 360w\" sizes=\"auto, (max-width: 480px) 150px\" src=\"https:\/\/prepast.org\/wp-content\/uploads\/2025\/10\/IMG_ResAlliance-768x1024.jpeg\" alt=\"\" class=\"uag-image-2961\" width=\"660\" height=\"400\" title=\"IMG_ResAlliance\" loading=\"lazy\" role=\"img\"\/><\/figure><\/div>\n<\/div>\n\n\n\n<div data-aos= \"fade-right\" data-aos-duration=\"400\" data-aos-delay=\"0\" data-aos-easing=\"ease\" data-aos-once=\"true\" class=\"wp-block-uagb-container uagb-block-82135418\">\n<div class=\"wp-block-uagb-advanced-heading uagb-block-eaa38343\"><h3 class=\"uagb-heading-text\"><a href=\"https:\/\/www.territoriospastoreados.com\/\">Territorio y resiliencia<\/a><\/h3><\/div>\n\n\n\n<p>El Cava Centre de Sant Sadurn\u00ed d'Anoia acogi\u00f3 viernes 16 de mayo y s\u00e1bado 17 \u201cTerritorio y resiliencia: Feria de buenas pr\u00e1cticas agrarias y forestales\u201d, un encuentro organizado por los proyectos europeos Life eCOadapt50 y&nbsp;<a href=\"https:\/\/www.resalliance.eu\/\" target=\"_blank\" rel=\"noreferrer noopener\">ResAlliance<\/a>, con el objetivo de crear un espacio de encuentro donde dar visibilidad a iniciativas y soluciones que se est\u00e1n implementando en todo el territorio para hacer frente a los grandes retos que plantea el cambio clim\u00e1tico, como por ejemplo los incendios forestales de comportamiento extremo o las sequ\u00edas. PREPAST asistimos y presentar el proyecto.<\/p>\n\n\n\n<p>16-17 de mayo de 2025<\/p>\n\n\n\n<p><em><a href=\"https:\/\/prepast.org\/wp-content\/uploads\/2025\/10\/Res-Alliance.jpg\">Ver el cartel expuesto<\/a><a href=\"https:\/\/prepast.org\/wp-content\/uploads\/2025\/10\/Res-Alliance.jpg\" target=\"_blank\" rel=\"noreferrer noopener\">.<\/a><\/em><\/p>\n<\/div>\n<\/div><\/div>\n\n\n\n<div class=\"wp-block-uagb-container uagb-block-0a395aff alignfull uagb-is-root-container\"><div class=\"uagb-container-inner-blocks-wrap\">\n<div data-aos= \"fade-right\" data-aos-duration=\"400\" data-aos-delay=\"0\" data-aos-easing=\"ease\" data-aos-once=\"true\" class=\"wp-block-uagb-container uagb-block-a9dbd62a\">\n<div class=\"wp-block-uagb-advanced-heading uagb-block-46073fae\"><h3 class=\"uagb-heading-text\"><a href=\"https:\/\/9cfe.congresoforestal.es\/\">I Congreso Internacional de Ganader\u00eda Regenerativ<\/a><a href=\"https:\/\/agenda.uib.es\/133216\/detail\/i-congreso-internacional-de-ganaderia-regenerativa.html\">a<\/a><\/h3><\/div>\n\n\n\n<p>Presentamos el proyecto en la Universidad de las Islas Baleares de Palma (Mallorca). El evento re\u00fane iniciativas que promueven una ganader\u00eda extensiva con valor ambiental, econ\u00f3mico y social. PREPAST aporta la experiencia del Prepirineo como modelo de gesti\u00f3n territorial vinculada a la prevenci\u00f3n de incendios y la conservaci\u00f3n del paisaje.<\/p>\n\n\n\n<p>20-21 de noviembre de 2025<\/p>\n\n\n\n<p><a href=\"https:\/\/prepast.org\/wp-content\/uploads\/2025\/08\/MFW-poster-comrpimit-scaled.jpg\" target=\"_blank\" rel=\"noreferrer noopener\"><em>Ver cartel expuesto<\/em><\/a><\/p>\n<\/div>\n\n\n\n<div data-aos= \"fade-left\" data-aos-duration=\"400\" data-aos-delay=\"0\" data-aos-easing=\"ease\" data-aos-once=\"true\" class=\"wp-block-uagb-container uagb-block-95c7fff3\">\n<div class=\"wp-block-uagb-image alignleft uagb-block-0a0c616a wp-block-uagb-image--layout-default wp-block-uagb-image--effect-static wp-block-uagb-image--align-left\"><figure class=\"wp-block-uagb-image__figure\"><img decoding=\"async\" srcset=\"https:\/\/prepast.org\/wp-content\/uploads\/2025\/12\/resized_image_660px-579x1024.jpeg ,https:\/\/prepast.org\/wp-content\/uploads\/2025\/12\/resized_image_660px.jpeg 780w, https:\/\/prepast.org\/wp-content\/uploads\/2025\/12\/resized_image_660px.jpeg 360w\" sizes=\"auto, (max-width: 480px) 150px\" src=\"https:\/\/prepast.org\/wp-content\/uploads\/2025\/12\/resized_image_660px-579x1024.jpeg\" alt=\"Presentaci\u00f3 del PREPAST al congr\u00e9s de Mallorca de ramaderia regenerativa\" class=\"uag-image-3382\" width=\"500\" height=\"400\" title=\"\" loading=\"lazy\" role=\"img\"\/><\/figure><\/div>\n<\/div>\n<\/div><\/div>\n\n\n\n<div data-aos= \"fade-up\" data-aos-duration=\"400\" data-aos-delay=\"0\" data-aos-easing=\"ease\" data-aos-once=\"true\" class=\"wp-block-uagb-container uagb-block-273dbc21 alignfull uagb-is-root-container\"><div class=\"uagb-container-inner-blocks-wrap\">\n<div class=\"wp-block-uagb-advanced-heading uagb-block-4b4adb45\"><h2 class=\"uagb-heading-text\">Jornada de transferencia en la RNC del Boumort<\/h2><\/div>\n\n\n\n<p><\/p>\n\n\n\n<p>Organizamos una jornada t\u00e9cnica con el objetivo de reforzar la coordinaci\u00f3n y compartir conocimientos entre diferentes proyectos que tienen lugar a a la Reserva Nacional de Caza del Boumort. <\/p>\n\n\n\n<p>Son 14 los proyectos que actualmente se est\u00e1n llevando a cabo a la RNC del Boumort de diferentes \u00e1mbitos: gesti\u00f3n de incendios forestales, biodiversidad, fauna cineg\u00e9tica, gesti\u00f3n forestal, ganader\u00eda extensiva y uso p\u00fablico, entre otros.<\/p>\n\n\n\n<p>El origen de esta jornada parte de una necesidad compartida: mejorar la comunicaci\u00f3n y coordinaci\u00f3n entre proyectos que a menudo operan de manera paralela en un mismo territorio, como es Boumort. Con esta iniciativa, se ha creado un espacio de encuentro para compartir metodolog\u00edas, generar alianzas y aprovechar mejor el conocimiento t\u00e9cnico disponible en el territorio.<\/p>\n<\/div><\/div>\n\n\n\n<div class=\"wp-block-uagb-container uagb-block-75d09b54 alignfull uagb-is-root-container\"><div class=\"uagb-container-inner-blocks-wrap\">\n<div data-aos= \"fade-right\" data-aos-duration=\"400\" data-aos-delay=\"0\" data-aos-easing=\"ease\" data-aos-once=\"true\" class=\"wp-block-uagb-container uagb-block-a650defa\">\n<p>Participan 21 representantes t\u00e9cnicos\/as de diferentes centros: tres universidades \u2013 Lleida, Vic, i Aut\u00f2noma de Barcelona -, tres fundaciones \u2013 Miranda, Pau Costa y Trenca -, el Centre de Ci\u00e8ncia i Tecnologia Forestal de Catalunya, l\u2019Associaci\u00f3 La Sabina, l\u2019empresa Cory\u2019s Serveis ambientals, el Grup de Recerca en Carn\u00edvors de Catalunya de l\u2019ICHN, miembros del GRAF del cuerpo de bomberos de la Generalitat de Catalunya y tambi\u00e9n el equipo directivo y t\u00e9cnico de la reserva.<\/p>\n\n\n\n<p><a href=\"https:\/\/prepast.org\/es\/exit-participacio-jornada-tecnica-boumort\/\"><strong>M\u00e1s informaci\u00f3n aqu\u00ed<\/strong><\/a><\/p>\n\n\n\n<p>13 de junio de 2025<\/p>\n<\/div>\n\n\n\n<div data-aos= \"fade-left\" data-aos-duration=\"400\" data-aos-delay=\"0\" data-aos-easing=\"ease\" data-aos-once=\"true\" class=\"wp-block-uagb-container uagb-block-86eb30d8\">\n<div class=\"wp-block-uagb-image alignleft uagb-block-6426f7b7 wp-block-uagb-image--layout-default wp-block-uagb-image--effect-static wp-block-uagb-image--align-left\"><figure class=\"wp-block-uagb-image__figure\"><img decoding=\"async\" srcset=\"https:\/\/prepast.org\/wp-content\/uploads\/2025\/06\/Imatge-de-WhatsApp-2025-06-13-a-les-14.01.53_87579a12-1024x771.jpg ,https:\/\/prepast.org\/wp-content\/uploads\/2025\/06\/Imatge-de-WhatsApp-2025-06-13-a-les-14.01.53_87579a12.jpg 780w, https:\/\/prepast.org\/wp-content\/uploads\/2025\/06\/Imatge-de-WhatsApp-2025-06-13-a-les-14.01.53_87579a12.jpg 360w\" sizes=\"auto, (max-width: 480px) 150px\" src=\"https:\/\/prepast.org\/wp-content\/uploads\/2025\/06\/Imatge-de-WhatsApp-2025-06-13-a-les-14.01.53_87579a12-1024x771.jpg\" alt=\"\" class=\"uag-image-2338\" width=\"660\" height=\"400\" title=\"Imatge de WhatsApp 2025-06-13 a les 14.01.53_87579a12\" loading=\"lazy\" role=\"img\"\/><\/figure><\/div>\n<\/div>\n<\/div><\/div>","protected":false},"excerpt":{"rendered":"<p>Els resultats i metodologies del projecte es volen fer arribar a la comunitat cient\u00edfica i al sector ramader. La manera com aix\u00f2 s&#8217;ha fet ha sigut participant en congressos nacionals i internacionals tant del sector ramader com del sector forestal. Alhora, s&#8217;ha organitzat una jornada t\u00e8cnica dins l&#8217;\u00e0mbit d&#8217;actuaci\u00f3 del projecte. Participaci\u00f3 a congressos 8th [&hellip;]<\/p>","protected":false},"author":9,"featured_media":0,"parent":41,"menu_order":2,"comment_status":"closed","ping_status":"closed","template":"","meta":{"_uag_custom_page_level_css":"","site-sidebar-layout":"default","site-content-layout":"page-builder","ast-site-content-layout":"full-width-container","site-content-style":"unboxed","site-sidebar-style":"unboxed","ast-global-header-display":"","ast-banner-title-visibility":"","ast-main-header-display":"","ast-hfb-above-header-display":"","ast-hfb-below-header-display":"","ast-hfb-mobile-header-display":"","site-post-title":"disabled","ast-breadcrumbs-content":"","ast-featured-img":"","footer-sml-layout":"","ast-disable-related-posts":"","theme-transparent-header-meta":"enabled","adv-header-id-meta":"","stick-header-meta":"","header-above-stick-meta":"","header-main-stick-meta":"","header-below-stick-meta":"","astra-migrate-meta-layouts":"set","ast-page-background-enabled":"default","ast-page-background-meta":{"desktop":{"background-color":"var(--ast-global-color-4)","background-image":"","background-repeat":"repeat","background-position":"center center","background-size":"auto","background-attachment":"scroll","background-type":"","background-media":"","overlay-type":"","overlay-color":"","overlay-opacity":"","overlay-gradient":""},"tablet":{"background-color":"","background-image":"","background-repeat":"repeat","background-position":"center center","background-size":"auto","background-attachment":"scroll","background-type":"","background-media":"","overlay-type":"","overlay-color":"","overlay-opacity":"","overlay-gradient":""},"mobile":{"background-color":"","background-image":"","background-repeat":"repeat","background-position":"center center","background-size":"auto","background-attachment":"scroll","background-type":"","background-media":"","overlay-type":"","overlay-color":"","overlay-opacity":"","overlay-gradient":""}},"ast-content-background-meta":{"desktop":{"background-color":"var(--ast-global-color-5)","background-image":"","background-repeat":"repeat","background-position":"center center","background-size":"auto","background-attachment":"scroll","background-type":"","background-media":"","overlay-type":"","overlay-color":"","overlay-opacity":"","overlay-gradient":""},"tablet":{"background-color":"var(--ast-global-color-5)","background-image":"","background-repeat":"repeat","background-position":"center center","background-size":"auto","background-attachment":"scroll","background-type":"","background-media":"","overlay-type":"","overlay-color":"","overlay-opacity":"","overlay-gradient":""},"mobile":{"background-color":"var(--ast-global-color-5)","background-image":"","background-repeat":"repeat","background-position":"center center","background-size":"auto","background-attachment":"scroll","background-type":"","background-media":"","overlay-type":"","overlay-color":"","overlay-opacity":"","overlay-gradient":""}},"footnotes":""},"class_list":["post-2596","page","type-page","status-publish","hentry"],"yoast_head":"<!-- This site is optimized with the Yoast SEO plugin v22.6 - https:\/\/yoast.com\/wordpress\/plugins\/seo\/ -->\n<title>Comunicacions en jornades i congressos - PREPAST<\/title>\n<meta name=\"robots\" content=\"index, follow, max-snippet:-1, max-image-preview:large, max-video-preview:-1\" \/>\n<link rel=\"canonical\" href=\"https:\/\/prepast.org\/es\/actuacions\/comunicacions-en-jornades-i-congressos\/\" \/>\n<meta property=\"og:locale\" content=\"es_ES\" \/>\n<meta property=\"og:type\" content=\"article\" \/>\n<meta property=\"og:title\" content=\"Comunicacions en jornades i congressos - PREPAST\" \/>\n<meta property=\"og:description\" content=\"Els resultats i metodologies del projecte es volen fer arribar a la comunitat cient\u00edfica i al sector ramader. La manera com aix\u00f2 s&#8217;ha fet ha sigut participant en congressos nacionals i internacionals tant del sector ramader com del sector forestal. Alhora, s&#8217;ha organitzat una jornada t\u00e8cnica dins l&#8217;\u00e0mbit d&#8217;actuaci\u00f3 del projecte. Participaci\u00f3 a congressos 8th [&hellip;]\" \/>\n<meta property=\"og:url\" content=\"https:\/\/prepast.org\/es\/actuacions\/comunicacions-en-jornades-i-congressos\/\" \/>\n<meta property=\"og:site_name\" content=\"PREPAST\" \/>\n<meta property=\"article:modified_time\" content=\"2025-12-26T08:36:24+00:00\" \/>\n<meta property=\"og:image\" content=\"https:\/\/prepast.org\/wp-content\/uploads\/2025\/10\/IMG_MFW-768x1024.jpeg\" \/>\n<meta name=\"twitter:card\" content=\"summary_large_image\" \/>\n<meta name=\"twitter:site\" content=\"@projecteprepast\" \/>\n<meta name=\"twitter:label1\" content=\"Tiempo de lectura\" \/>\n\t<meta name=\"twitter:data1\" content=\"5 minutos\" \/>\n<script type=\"application\/ld+json\" class=\"yoast-schema-graph\">{\"@context\":\"https:\/\/schema.org\",\"@graph\":[{\"@type\":\"WebPage\",\"@id\":\"https:\/\/prepast.org\/actuacions\/comunicacions-en-jornades-i-congressos\/\",\"url\":\"https:\/\/prepast.org\/actuacions\/comunicacions-en-jornades-i-congressos\/\",\"name\":\"Comunicacions en jornades i congressos - PREPAST\",\"isPartOf\":{\"@id\":\"https:\/\/prepast.org\/#website\"},\"primaryImageOfPage\":{\"@id\":\"https:\/\/prepast.org\/actuacions\/comunicacions-en-jornades-i-congressos\/#primaryimage\"},\"image\":{\"@id\":\"https:\/\/prepast.org\/actuacions\/comunicacions-en-jornades-i-congressos\/#primaryimage\"},\"thumbnailUrl\":\"https:\/\/prepast.org\/wp-content\/uploads\/2025\/10\/IMG_MFW-768x1024.jpeg\",\"datePublished\":\"2025-08-22T10:40:30+00:00\",\"dateModified\":\"2025-12-26T08:36:24+00:00\",\"breadcrumb\":{\"@id\":\"https:\/\/prepast.org\/actuacions\/comunicacions-en-jornades-i-congressos\/#breadcrumb\"},\"inLanguage\":\"es\",\"potentialAction\":[{\"@type\":\"ReadAction\",\"target\":[\"https:\/\/prepast.org\/actuacions\/comunicacions-en-jornades-i-congressos\/\"]}]},{\"@type\":\"ImageObject\",\"inLanguage\":\"es\",\"@id\":\"https:\/\/prepast.org\/actuacions\/comunicacions-en-jornades-i-congressos\/#primaryimage\",\"url\":\"https:\/\/prepast.org\/wp-content\/uploads\/2025\/10\/IMG_MFW-768x1024.jpeg\",\"contentUrl\":\"https:\/\/prepast.org\/wp-content\/uploads\/2025\/10\/IMG_MFW-768x1024.jpeg\"},{\"@type\":\"BreadcrumbList\",\"@id\":\"https:\/\/prepast.org\/actuacions\/comunicacions-en-jornades-i-congressos\/#breadcrumb\",\"itemListElement\":[{\"@type\":\"ListItem\",\"position\":1,\"name\":\"Inici\",\"item\":\"https:\/\/prepast.org\/\"},{\"@type\":\"ListItem\",\"position\":2,\"name\":\"Actuacions\",\"item\":\"https:\/\/prepast.org\/actuacions\/\"},{\"@type\":\"ListItem\",\"position\":3,\"name\":\"Comunicacions en jornades i congressos\"}]},{\"@type\":\"WebSite\",\"@id\":\"https:\/\/prepast.org\/#website\",\"url\":\"https:\/\/prepast.org\/\",\"name\":\"PREPAST\",\"description\":\"Pastures del Prepirineu\",\"publisher\":{\"@id\":\"https:\/\/prepast.org\/#organization\"},\"potentialAction\":[{\"@type\":\"SearchAction\",\"target\":{\"@type\":\"EntryPoint\",\"urlTemplate\":\"https:\/\/prepast.org\/?s={search_term_string}\"},\"query-input\":\"required name=search_term_string\"}],\"inLanguage\":\"es\"},{\"@type\":\"Organization\",\"@id\":\"https:\/\/prepast.org\/#organization\",\"name\":\"PREPAST\",\"url\":\"https:\/\/prepast.org\/\",\"logo\":{\"@type\":\"ImageObject\",\"inLanguage\":\"es\",\"@id\":\"https:\/\/prepast.org\/#\/schema\/logo\/image\/\",\"url\":\"https:\/\/prepast.org\/wp-content\/uploads\/2024\/03\/LOGO-PREPAST.png\",\"contentUrl\":\"https:\/\/prepast.org\/wp-content\/uploads\/2024\/03\/LOGO-PREPAST.png\",\"width\":1095,\"height\":1095,\"caption\":\"PREPAST\"},\"image\":{\"@id\":\"https:\/\/prepast.org\/#\/schema\/logo\/image\/\"},\"sameAs\":[\"https:\/\/x.com\/projecteprepast\",\"https:\/\/www.instagram.com\/projecteprepast\/\"]}]}<\/script>\n<!-- \/ Yoast SEO plugin. -->","yoast_head_json":{"title":"Comunicacions en jornades i congressos - PREPAST","robots":{"index":"index","follow":"follow","max-snippet":"max-snippet:-1","max-image-preview":"max-image-preview:large","max-video-preview":"max-video-preview:-1"},"canonical":"https:\/\/prepast.org\/es\/actuacions\/comunicacions-en-jornades-i-congressos\/","og_locale":"es_ES","og_type":"article","og_title":"Comunicacions en jornades i congressos - PREPAST","og_description":"Els resultats i metodologies del projecte es volen fer arribar a la comunitat cient\u00edfica i al sector ramader. La manera com aix\u00f2 s&#8217;ha fet ha sigut participant en congressos nacionals i internacionals tant del sector ramader com del sector forestal. Alhora, s&#8217;ha organitzat una jornada t\u00e8cnica dins l&#8217;\u00e0mbit d&#8217;actuaci\u00f3 del projecte. Participaci\u00f3 a congressos 8th [&hellip;]","og_url":"https:\/\/prepast.org\/es\/actuacions\/comunicacions-en-jornades-i-congressos\/","og_site_name":"PREPAST","article_modified_time":"2025-12-26T08:36:24+00:00","og_image":[{"url":"https:\/\/prepast.org\/wp-content\/uploads\/2025\/10\/IMG_MFW-768x1024.jpeg"}],"twitter_card":"summary_large_image","twitter_site":"@projecteprepast","twitter_misc":{"Tiempo de lectura":"5 minutos"},"schema":{"@context":"https:\/\/schema.org","@graph":[{"@type":"WebPage","@id":"https:\/\/prepast.org\/actuacions\/comunicacions-en-jornades-i-congressos\/","url":"https:\/\/prepast.org\/actuacions\/comunicacions-en-jornades-i-congressos\/","name":"Comunicacions en jornades i congressos - PREPAST","isPartOf":{"@id":"https:\/\/prepast.org\/#website"},"primaryImageOfPage":{"@id":"https:\/\/prepast.org\/actuacions\/comunicacions-en-jornades-i-congressos\/#primaryimage"},"image":{"@id":"https:\/\/prepast.org\/actuacions\/comunicacions-en-jornades-i-congressos\/#primaryimage"},"thumbnailUrl":"https:\/\/prepast.org\/wp-content\/uploads\/2025\/10\/IMG_MFW-768x1024.jpeg","datePublished":"2025-08-22T10:40:30+00:00","dateModified":"2025-12-26T08:36:24+00:00","breadcrumb":{"@id":"https:\/\/prepast.org\/actuacions\/comunicacions-en-jornades-i-congressos\/#breadcrumb"},"inLanguage":"es","potentialAction":[{"@type":"ReadAction","target":["https:\/\/prepast.org\/actuacions\/comunicacions-en-jornades-i-congressos\/"]}]},{"@type":"ImageObject","inLanguage":"es","@id":"https:\/\/prepast.org\/actuacions\/comunicacions-en-jornades-i-congressos\/#primaryimage","url":"https:\/\/prepast.org\/wp-content\/uploads\/2025\/10\/IMG_MFW-768x1024.jpeg","contentUrl":"https:\/\/prepast.org\/wp-content\/uploads\/2025\/10\/IMG_MFW-768x1024.jpeg"},{"@type":"BreadcrumbList","@id":"https:\/\/prepast.org\/actuacions\/comunicacions-en-jornades-i-congressos\/#breadcrumb","itemListElement":[{"@type":"ListItem","position":1,"name":"Inici","item":"https:\/\/prepast.org\/"},{"@type":"ListItem","position":2,"name":"Actuacions","item":"https:\/\/prepast.org\/actuacions\/"},{"@type":"ListItem","position":3,"name":"Comunicacions en jornades i congressos"}]},{"@type":"WebSite","@id":"https:\/\/prepast.org\/#website","url":"https:\/\/prepast.org\/","name":"PREPAST","description":"Pastos del Prepirineo","publisher":{"@id":"https:\/\/prepast.org\/#organization"},"potentialAction":[{"@type":"SearchAction","target":{"@type":"EntryPoint","urlTemplate":"https:\/\/prepast.org\/?s={search_term_string}"},"query-input":"required name=search_term_string"}],"inLanguage":"es"},{"@type":"Organization","@id":"https:\/\/prepast.org\/#organization","name":"PREPAST","url":"https:\/\/prepast.org\/","logo":{"@type":"ImageObject","inLanguage":"es","@id":"https:\/\/prepast.org\/#\/schema\/logo\/image\/","url":"https:\/\/prepast.org\/wp-content\/uploads\/2024\/03\/LOGO-PREPAST.png","contentUrl":"https:\/\/prepast.org\/wp-content\/uploads\/2024\/03\/LOGO-PREPAST.png","width":1095,"height":1095,"caption":"PREPAST"},"image":{"@id":"https:\/\/prepast.org\/#\/schema\/logo\/image\/"},"sameAs":["https:\/\/x.com\/projecteprepast","https:\/\/www.instagram.com\/projecteprepast\/"]}]}},"uagb_featured_image_src":{"full":false,"thumbnail":false,"medium":false,"medium_large":false,"large":false,"1536x1536":false,"2048x2048":false,"trp-custom-language-flag":false},"uagb_author_info":{"display_name":"gestiolasabina","author_link":"https:\/\/prepast.org\/es\/author\/gestiolasabina\/"},"uagb_comment_info":0,"uagb_excerpt":"Els resultats i metodologies del projecte es volen fer arribar a la comunitat cient\u00edfica i al sector ramader. La manera com aix\u00f2 s&#8217;ha fet ha sigut participant en congressos nacionals i internacionals tant del sector ramader com del sector forestal. Alhora, s&#8217;ha organitzat una jornada t\u00e8cnica dins l&#8217;\u00e0mbit d&#8217;actuaci\u00f3 del projecte. Participaci\u00f3 a congressos 8th&hellip;","_links":{"self":[{"href":"https:\/\/prepast.org\/es\/wp-json\/wp\/v2\/pages\/2596","targetHints":{"allow":["GET"]}}],"collection":[{"href":"https:\/\/prepast.org\/es\/wp-json\/wp\/v2\/pages"}],"about":[{"href":"https:\/\/prepast.org\/es\/wp-json\/wp\/v2\/types\/page"}],"author":[{"embeddable":true,"href":"https:\/\/prepast.org\/es\/wp-json\/wp\/v2\/users\/9"}],"replies":[{"embeddable":true,"href":"https:\/\/prepast.org\/es\/wp-json\/wp\/v2\/comments?post=2596"}],"version-history":[{"count":47,"href":"https:\/\/prepast.org\/es\/wp-json\/wp\/v2\/pages\/2596\/revisions"}],"predecessor-version":[{"id":3393,"href":"https:\/\/prepast.org\/es\/wp-json\/wp\/v2\/pages\/2596\/revisions\/3393"}],"up":[{"embeddable":true,"href":"https:\/\/prepast.org\/es\/wp-json\/wp\/v2\/pages\/41"}],"wp:attachment":[{"href":"https:\/\/prepast.org\/es\/wp-json\/wp\/v2\/media?parent=2596"}],"curies":[{"name":"wp","href":"https:\/\/api.w.org\/{rel}","templated":true}]}}