{"id":3146,"date":"2025-11-14T10:32:37","date_gmt":"2025-11-14T09:32:37","guid":{"rendered":"https:\/\/prepast.org\/?page_id=3146"},"modified":"2026-02-12T09:19:32","modified_gmt":"2026-02-12T08:19:32","slug":"visibilitzacio","status":"publish","type":"page","link":"https:\/\/prepast.org\/es\/actuacions\/visibilitzacio\/","title":{"rendered":"Visibilizaci\u00f3n"},"content":{"rendered":"<div data-aos= \"fade-down\" data-aos-duration=\"400\" data-aos-delay=\"0\" data-aos-easing=\"ease\" data-aos-once=\"true\" class=\"wp-block-uagb-container uagb-block-c61ca359 alignfull uagb-is-root-container\"><div class=\"uagb-container-inner-blocks-wrap\">\n<div class=\"wp-block-uagb-info-box uagb-block-83dfa9ba uagb-infobox__content-wrap  uagb-infobox-icon-above-title uagb-infobox-image-valign-top\"><div class=\"uagb-ifb-content\"><div class=\"uagb-ifb-title-wrap\"><h1 class=\"uagb-ifb-title\">Visibilizaci\u00f3n<\/h1><\/div><p class=\"uagb-ifb-desc\">Acciones para conectar territorio, ganader\u00eda y sociedad a trav\u00e9s de la divulgaci\u00f3n, el turismo y la comunicaci\u00f3n visual.<\/p><\/div><\/div>\n<\/div><\/div>\n\n\n\n<div class=\"wp-block-uagb-container uagb-block-4706ba04 alignfull uagb-is-root-container\">\n<div class=\"wp-block-uagb-container uagb-block-8b807bb1 default uagb-is-root-container\">\n<p>La ganader\u00eda extensiva no solo modela el paisaje, sino que tambi\u00e9n forma parte del patrimonio cultural vivo del territorio. Las acciones de visibilizaci\u00f3n del proyecto PREPAST tienen como objetivo reforzar este v\u00ednculo entre ganader\u00eda, naturaleza y sociedad, a trav\u00e9s de la divulgaci\u00f3n, el turismo responsable, las experiencias de proximidad y la comunicaci\u00f3n visual.<\/p>\n\n\n\n<p>A trav\u00e9s de ferias, actividades participativas, rutas interpretativas, materiales gr\u00e1ficos y audiovisuales, el proyecto acerca la realidad de los reba\u00f1os y las personas que los conducen a la ciudadan\u00eda, poniendo en valor su funci\u00f3n ecol\u00f3gica, econ\u00f3mica y social. Esta l\u00ednea de acci\u00f3n contribuye a generar conciencia, reconocimiento y apoyo hacia los oficios vinculados al pastoreo y el cuidado del territorio.<\/p>\n<\/div>\n<\/div>\n\n\n\n<div class=\"wp-block-uagb-container uagb-block-ff18c1e8 alignfull uagb-is-root-container\"><div class=\"uagb-container-inner-blocks-wrap\">\n<div data-aos= \"fade-right\" data-aos-duration=\"400\" data-aos-delay=\"0\" data-aos-easing=\"ease\" data-aos-once=\"true\" class=\"wp-block-uagb-container uagb-block-d14f2f7c\">\n<div class=\"wp-block-uagb-advanced-heading uagb-block-a10df6bb\"><h2 class=\"uagb-heading-text\">Feria Ganadera de \u00c0ger<\/h2><p class=\"uagb-desc-text\">La Feria Ganadera de \u00c0ger, celebrada el 25 de octubre, reuni\u00f3 cerca de un millar de personas a pesar de las restricciones sanitarias que impidieron la exhibici\u00f3n de animales. La jornada incluy\u00f3 muestra de oficios tradicionales, mercado de productos locales, un desfile trashumante y un showcooking de Maria Nicolau centrado en el cordero. Tambi\u00e9n se ofreci\u00f3 una degustaci\u00f3n gastron\u00f3mica con crest\u00f3n de cabra catalana, proyecciones de documentales sobre trashumancia y actividades infantiles. El Ayuntamiento valora positivamente el acontecimiento como herramienta de dinamizaci\u00f3n del mundo rural y de promoci\u00f3n del patrimonio ganadero y cultural del Montsec. <strong><em><a href=\"https:\/\/prepast.org\/es\/exit-fira-ramadera-ager\/\">M\u00e1s informaci\u00f3n aqu\u00ed<\/a><\/em><\/strong><\/p><\/div>\n<\/div>\n\n\n\n<div data-aos= \"fade-left\" data-aos-duration=\"400\" data-aos-delay=\"0\" data-aos-easing=\"ease\" data-aos-once=\"true\" class=\"wp-block-uagb-container uagb-block-847f1532\">\n<div class=\"wp-block-uagb-image alignleft uagb-block-ab7feac7 wp-block-uagb-image--layout-default wp-block-uagb-image--effect-static wp-block-uagb-image--align-left\"><figure class=\"wp-block-uagb-image__figure\"><img decoding=\"async\" srcset=\"https:\/\/prepast.org\/wp-content\/uploads\/2025\/10\/BA88636-1024x682.jpg ,https:\/\/prepast.org\/wp-content\/uploads\/2025\/10\/BA88636.jpg 780w, https:\/\/prepast.org\/wp-content\/uploads\/2025\/10\/BA88636.jpg 360w\" sizes=\"auto, (max-width: 480px) 150px\" src=\"https:\/\/prepast.org\/wp-content\/uploads\/2025\/10\/BA88636-1024x682.jpg\" alt=\"Mostra d'oficis tradicionals i transhum\u00e0ncia\" class=\"uag-image-3043\" width=\"660\" height=\"400\" title=\"_BA88636\" loading=\"lazy\" role=\"img\"\/><\/figure><\/div>\n<\/div>\n<\/div><\/div>\n\n\n\n<div class=\"wp-block-uagb-container uagb-block-531bbdf9 alignfull uagb-is-root-container\"><div class=\"uagb-container-inner-blocks-wrap\">\n<div data-aos= \"fade-left\" data-aos-duration=\"400\" data-aos-delay=\"0\" data-aos-easing=\"ease\" data-aos-once=\"true\" class=\"wp-block-uagb-container uagb-block-b08bcd46\">\n<div class=\"wp-block-uagb-image alignleft uagb-block-ec8fcc87 wp-block-uagb-image--layout-default wp-block-uagb-image--effect-static wp-block-uagb-image--align-left\"><figure class=\"wp-block-uagb-image__figure\"><img decoding=\"async\" srcset=\"https:\/\/prepast.org\/wp-content\/uploads\/2025\/08\/BA87235_1-1024x410.jpg ,https:\/\/prepast.org\/wp-content\/uploads\/2025\/08\/BA87235_1.jpg 780w, https:\/\/prepast.org\/wp-content\/uploads\/2025\/08\/BA87235_1.jpg 360w\" sizes=\"auto, (max-width: 480px) 150px\" src=\"https:\/\/prepast.org\/wp-content\/uploads\/2025\/08\/BA87235_1-1024x410.jpg\" alt=\"Ramat d'ovella xisqueta arribant a Erta\" class=\"uag-image-2664\" width=\"660\" height=\"400\" title=\"_BA87235_1\" loading=\"lazy\" role=\"img\"\/><\/figure><\/div>\n<\/div>\n\n\n\n<div data-aos= \"fade-right\" data-aos-duration=\"400\" data-aos-delay=\"0\" data-aos-easing=\"ease\" data-aos-once=\"true\" class=\"wp-block-uagb-container uagb-block-428fd172\">\n<div class=\"wp-block-uagb-advanced-heading uagb-block-997faea8\"><h2 class=\"uagb-heading-text\">Turismo<\/h2><\/div>\n\n\n\n<p>En el marco del proyecto se han organizado cinco actividades tur\u00edsticas para promover la ganader\u00eda extensiva y el territorio. Destaca el acompa\u00f1amiento a la trashumancia con el reba\u00f1o de Casa Tomaso, acciones culturales en los pueblos del recorrido, degustaciones de productos locales, una ruta interpretativa por el paisaje quemado de Sant Mamet y un tr\u00edptico sobre la relaci\u00f3n entre buitres y ganader\u00eda. Todas las acciones han reforzado la conexi\u00f3n entre naturaleza, cultura y turismo responsable. <strong><em><a href=\"https:\/\/prepast.org\/es\/resultats\/activitats-turistiques\/\">M\u00e1s informaci\u00f3n aqu\u00ed<\/a><\/em><\/strong><\/p>\n<\/div>\n<\/div><\/div>\n\n\n\n<div class=\"wp-block-uagb-container uagb-block-1cba04ec alignfull uagb-is-root-container\"><div class=\"uagb-container-inner-blocks-wrap\">\n<div data-aos= \"fade-right\" data-aos-duration=\"400\" data-aos-delay=\"0\" data-aos-easing=\"ease\" data-aos-once=\"true\" class=\"wp-block-uagb-container uagb-block-2a9a8508\">\n<div class=\"wp-block-uagb-advanced-heading uagb-block-f150f3e4\"><h2 class=\"uagb-heading-text\">Se\u00f1alizaci\u00f3n<\/h2><\/div>\n\n\n\n<p>Se han dise\u00f1ado y colocado carteles en zonas de pasto estrat\u00e9gico para informar que las manadas contribuyen activamente a la prevenci\u00f3n de incendios, reduciendo la biomasa combustible y favoreciendo el mantenimiento de espacios abiertos. Los carteles tambi\u00e9n piden respeto por la actividad ganadera, la tranquilidad del ganado y los cercados, mediante mensajes claros y elementos gr\u00e1ficos que ilustren buenas pr\u00e1cticas por parte de los usuarios del medio natural. <\/p>\n<\/div>\n\n\n\n<div data-aos= \"fade-left\" data-aos-duration=\"400\" data-aos-delay=\"0\" data-aos-easing=\"ease\" data-aos-once=\"true\" class=\"wp-block-uagb-container uagb-block-6addc31e\">\n<div class=\"wp-block-uagb-image alignleft uagb-block-3c4c3220 wp-block-uagb-image--layout-default wp-block-uagb-image--effect-static wp-block-uagb-image--align-left\"><figure class=\"wp-block-uagb-image__figure\"><img decoding=\"async\" srcset=\"https:\/\/prepast.org\/wp-content\/uploads\/2025\/11\/Cartell.png ,https:\/\/prepast.org\/wp-content\/uploads\/2025\/11\/Cartell.png 780w, https:\/\/prepast.org\/wp-content\/uploads\/2025\/11\/Cartell.png 360w\" sizes=\"auto, (max-width: 480px) 150px\" src=\"https:\/\/prepast.org\/wp-content\/uploads\/2025\/11\/Cartell.png\" alt=\"Cartell informatiu de zona d epastura\" class=\"uag-image-3147\" width=\"300\" height=\"400\" title=\"Cartell\" loading=\"lazy\" role=\"img\"\/><\/figure><\/div>\n<\/div>\n<\/div><\/div>\n\n\n\n<div class=\"wp-block-uagb-container uag-hide-desktop uag-hide-tab uag-hide-mob uagb-block-55e314fb alignfull uagb-is-root-container\"><div class=\"uagb-container-inner-blocks-wrap\">\n<div data-aos= \"fade-left\" data-aos-duration=\"400\" data-aos-delay=\"0\" data-aos-easing=\"ease\" data-aos-once=\"true\" class=\"wp-block-uagb-container uagb-block-f8c2ba3f\">\n<div class=\"wp-block-uagb-image alignleft uagb-block-8694dd14 wp-block-uagb-image--layout-default wp-block-uagb-image--effect-static wp-block-uagb-image--align-left\"><figure class=\"wp-block-uagb-image__figure\"><img decoding=\"async\" srcset=\"https:\/\/prepast.org\/wp-content\/uploads\/2025\/08\/Imatge-de-WhatsApp-2025-06-19-a-les-11.50.02_e11ba25f-1024x768.jpg ,https:\/\/prepast.org\/wp-content\/uploads\/2025\/08\/Imatge-de-WhatsApp-2025-06-19-a-les-11.50.02_e11ba25f.jpg 780w, https:\/\/prepast.org\/wp-content\/uploads\/2025\/08\/Imatge-de-WhatsApp-2025-06-19-a-les-11.50.02_e11ba25f.jpg 360w\" sizes=\"auto, (max-width: 480px) 150px\" src=\"https:\/\/prepast.org\/wp-content\/uploads\/2025\/08\/Imatge-de-WhatsApp-2025-06-19-a-les-11.50.02_e11ba25f-1024x768.jpg\" alt=\"PREPAST al Congreso Forestal de Gij\u00f3n 2025\" class=\"uag-image-2678\" width=\"660\" height=\"400\" title=\"Imatge de WhatsApp 2025-06-19 a les 11.50.02_e11ba25f\" loading=\"lazy\" role=\"img\"\/><\/figure><\/div>\n<\/div>\n\n\n\n<div data-aos= \"fade-right\" data-aos-duration=\"400\" data-aos-delay=\"0\" data-aos-easing=\"ease\" data-aos-once=\"true\" class=\"wp-block-uagb-container uagb-block-87df280d\">\n<div class=\"wp-block-uagb-advanced-heading uagb-block-f5dfd1a8\"><h2 class=\"uagb-heading-text\">Comunicaci\u00f3n en jornadas y congresos<\/h2><\/div>\n\n\n\n<p>Els resultats i metodologies del projecte es volen fer arribar a la comunitat cient\u00edfica i al sector ramader. La manera com aix\u00f2 s\u2019ha fet ha sigut participant en congressos nacionals i internacionals tant del sector ramader com del sector forestal. Alhora, s\u2019ha organitzat una jornada t\u00e8cnica dins l\u2019\u00e0mbit d\u2019actuaci\u00f3 del projecte. <strong><em>M\u00e9s informaci\u00f3 <a href=\"https:\/\/prepast.org\/es\/resultats\/comunicacions-en-jornades-i-congressos\/\">aqu\u00ed.<\/a><\/em><\/strong><\/p>\n<\/div>\n<\/div><\/div>\n\n\n\n<div class=\"wp-block-uagb-container uagb-block-1fded0f7 alignfull uagb-is-root-container\"><div class=\"uagb-container-inner-blocks-wrap\">\n<div class=\"wp-block-uagb-container uagb-block-9fc39a1f\">\n<div class=\"wp-block-uagb-advanced-heading uagb-block-4b4adb45\"><h2 class=\"uagb-heading-text\">Videos divulgativos<\/h2><\/div>\n\n\n\n<div style=\"height:25px\" aria-hidden=\"true\" class=\"wp-block-spacer\"><\/div>\n\n\n\n<div class=\"wp-block-uagb-container uagb-block-9ae2c5d9\">\n<div class=\"wp-block-uagb-advanced-heading uagb-block-8da5e0e4\"><h3 class=\"uagb-heading-text\">PREPAST, territori, gesti\u00f3 i futur de la ramaderia extensiva<\/h3><\/div>\n\n\n\n<div style=\"height:25px\" aria-hidden=\"true\" class=\"wp-block-spacer\"><\/div>\n\n\n\n<figure class=\"wp-block-embed is-type-video is-provider-youtube wp-block-embed-youtube wp-embed-aspect-16-9 wp-has-aspect-ratio\"><div class=\"wp-block-embed__wrapper\">\n<iframe loading=\"lazy\" title=\"PREPAST, territori , gesti\u00f3 i futur de la ramaderia extensiva\" width=\"500\" height=\"281\" src=\"https:\/\/www.youtube.com\/embed\/bCd42-bMAdg?feature=oembed\" frameborder=\"0\" allow=\"accelerometer; autoplay; clipboard-write; encrypted-media; gyroscope; picture-in-picture; web-share\" referrerpolicy=\"strict-origin-when-cross-origin\" allowfullscreen><\/iframe>\n<\/div><\/figure>\n<\/div>\n\n\n\n<div class=\"wp-block-uagb-container uagb-block-694c512d\">\n<div class=\"wp-block-uagb-advanced-heading uagb-block-11582bea\"><h3 class=\"uagb-heading-text\">Las pastoras del Montsec, territorio y pastoreo en femenino<\/h3><\/div>\n\n\n\n<div style=\"height:25px\" aria-hidden=\"true\" class=\"wp-block-spacer\"><\/div>\n\n\n\n<figure class=\"wp-block-embed is-type-video is-provider-youtube wp-block-embed-youtube wp-embed-aspect-16-9 wp-has-aspect-ratio\"><div class=\"wp-block-embed__wrapper\">\n<iframe loading=\"lazy\" title=\"Las pastoras del Montsec, territorio y pastoreo en femenino\" width=\"500\" height=\"281\" src=\"https:\/\/www.youtube.com\/embed\/c69fqgXhQ2k?feature=oembed\" frameborder=\"0\" allow=\"accelerometer; autoplay; clipboard-write; encrypted-media; gyroscope; picture-in-picture; web-share\" referrerpolicy=\"strict-origin-when-cross-origin\" allowfullscreen><\/iframe>\n<\/div><\/figure>\n<\/div>\n\n\n\n<div class=\"wp-block-uagb-container uagb-block-db9ada89\">\n<div class=\"wp-block-uagb-advanced-heading uagb-block-9d10161c\"><h3 class=\"uagb-heading-text\">Actuaciones de gesti\u00f3n forestal al Montsec<\/h3><\/div>\n\n\n\n<div style=\"height:25px\" aria-hidden=\"true\" class=\"wp-block-spacer\"><\/div>\n\n\n\n<figure class=\"wp-block-embed is-type-video is-provider-youtube wp-block-embed-youtube wp-embed-aspect-16-9 wp-has-aspect-ratio\"><div class=\"wp-block-embed__wrapper\">\n<iframe loading=\"lazy\" title=\"Actuaciones de gesti\u00f3n forestal al Montsec\" width=\"500\" height=\"281\" src=\"https:\/\/www.youtube.com\/embed\/fofQRHzuDnE?feature=oembed\" frameborder=\"0\" allow=\"accelerometer; autoplay; clipboard-write; encrypted-media; gyroscope; picture-in-picture; web-share\" referrerpolicy=\"strict-origin-when-cross-origin\" allowfullscreen><\/iframe>\n<\/div><\/figure>\n<\/div>\n\n\n\n<div class=\"wp-block-uagb-container uagb-block-9518ac4c\">\n<div class=\"wp-block-uagb-advanced-heading uagb-block-6f98109a\"><h3 class=\"uagb-heading-text\">Planes de pastoreo, un apoyo a la gesti\u00f3n de la ganader\u00eda extensiva<\/h3><\/div>\n\n\n\n<div style=\"height:25px\" aria-hidden=\"true\" class=\"wp-block-spacer\"><\/div>\n\n\n\n<figure class=\"wp-block-embed is-type-video is-provider-youtube wp-block-embed-youtube wp-embed-aspect-16-9 wp-has-aspect-ratio\"><div class=\"wp-block-embed__wrapper\">\n<iframe loading=\"lazy\" title=\"Plans de pastura,  un suport a la gesti\u00f3 de la ramaderia extensiva\" width=\"500\" height=\"281\" src=\"https:\/\/www.youtube.com\/embed\/mtVbToSVTgw?feature=oembed\" frameborder=\"0\" allow=\"accelerometer; autoplay; clipboard-write; encrypted-media; gyroscope; picture-in-picture; web-share\" referrerpolicy=\"strict-origin-when-cross-origin\" allowfullscreen><\/iframe>\n<\/div><\/figure>\n<\/div>\n\n\n\n<div class=\"wp-block-uagb-container uagb-block-967808d3\">\n<div class=\"wp-block-uagb-advanced-heading uagb-block-41de9747\"><h3 class=\"uagb-heading-text\">Infraestructures ramaderes, un patrimoni ramader al Prepirineu de Lleida<\/h3><\/div>\n\n\n\n<div style=\"height:25px\" aria-hidden=\"true\" class=\"wp-block-spacer\"><\/div>\n\n\n\n<figure class=\"wp-block-embed is-type-video is-provider-youtube wp-block-embed-youtube wp-embed-aspect-16-9 wp-has-aspect-ratio\"><div class=\"wp-block-embed__wrapper\">\n<iframe loading=\"lazy\" title=\"Infraestructures ramaderes, un patrimoni ramader al Prepirineu de Lleida\" width=\"500\" height=\"281\" src=\"https:\/\/www.youtube.com\/embed\/7Xf_M5Mx6AI?feature=oembed\" frameborder=\"0\" allow=\"accelerometer; autoplay; clipboard-write; encrypted-media; gyroscope; picture-in-picture; web-share\" referrerpolicy=\"strict-origin-when-cross-origin\" allowfullscreen><\/iframe>\n<\/div><\/figure>\n<\/div>\n<\/div>\n<\/div><\/div>","protected":false},"excerpt":{"rendered":"<p>La ramaderia extensiva no nom\u00e9s modela el paisatge, sin\u00f3 que tamb\u00e9 forma part del patrimoni cultural viu del territori. Les accions de visibilitzaci\u00f3 del projecte PREPAST tenen com a objectiu refor\u00e7ar aquest vincle entre ramaderia, natura i societat, a trav\u00e9s de la divulgaci\u00f3, el turisme responsable, les experi\u00e8ncies de proximitat i la comunicaci\u00f3 visual. A [&hellip;]<\/p>","protected":false},"author":9,"featured_media":0,"parent":41,"menu_order":2,"comment_status":"closed","ping_status":"closed","template":"","meta":{"_uag_custom_page_level_css":"","site-sidebar-layout":"default","site-content-layout":"page-builder","ast-site-content-layout":"full-width-container","site-content-style":"unboxed","site-sidebar-style":"unboxed","ast-global-header-display":"","ast-banner-title-visibility":"","ast-main-header-display":"","ast-hfb-above-header-display":"","ast-hfb-below-header-display":"","ast-hfb-mobile-header-display":"","site-post-title":"disabled","ast-breadcrumbs-content":"","ast-featured-img":"","footer-sml-layout":"","ast-disable-related-posts":"","theme-transparent-header-meta":"enabled","adv-header-id-meta":"","stick-header-meta":"","header-above-stick-meta":"","header-main-stick-meta":"","header-below-stick-meta":"","astra-migrate-meta-layouts":"set","ast-page-background-enabled":"default","ast-page-background-meta":{"desktop":{"background-color":"var(--ast-global-color-4)","background-image":"","background-repeat":"repeat","background-position":"center center","background-size":"auto","background-attachment":"scroll","background-type":"","background-media":"","overlay-type":"","overlay-color":"","overlay-opacity":"","overlay-gradient":""},"tablet":{"background-color":"","background-image":"","background-repeat":"repeat","background-position":"center center","background-size":"auto","background-attachment":"scroll","background-type":"","background-media":"","overlay-type":"","overlay-color":"","overlay-opacity":"","overlay-gradient":""},"mobile":{"background-color":"","background-image":"","background-repeat":"repeat","background-position":"center center","background-size":"auto","background-attachment":"scroll","background-type":"","background-media":"","overlay-type":"","overlay-color":"","overlay-opacity":"","overlay-gradient":""}},"ast-content-background-meta":{"desktop":{"background-color":"var(--ast-global-color-5)","background-image":"","background-repeat":"repeat","background-position":"center center","background-size":"auto","background-attachment":"scroll","background-type":"","background-media":"","overlay-type":"","overlay-color":"","overlay-opacity":"","overlay-gradient":""},"tablet":{"background-color":"var(--ast-global-color-5)","background-image":"","background-repeat":"repeat","background-position":"center center","background-size":"auto","background-attachment":"scroll","background-type":"","background-media":"","overlay-type":"","overlay-color":"","overlay-opacity":"","overlay-gradient":""},"mobile":{"background-color":"var(--ast-global-color-5)","background-image":"","background-repeat":"repeat","background-position":"center center","background-size":"auto","background-attachment":"scroll","background-type":"","background-media":"","overlay-type":"","overlay-color":"","overlay-opacity":"","overlay-gradient":""}},"footnotes":""},"class_list":["post-3146","page","type-page","status-publish","hentry"],"yoast_head":"<!-- This site is optimized with the Yoast SEO plugin v22.6 - https:\/\/yoast.com\/wordpress\/plugins\/seo\/ -->\n<title>Visibilitzaci\u00f3 - PREPAST<\/title>\n<meta name=\"robots\" content=\"index, follow, max-snippet:-1, max-image-preview:large, max-video-preview:-1\" \/>\n<link rel=\"canonical\" href=\"https:\/\/prepast.org\/es\/actuacions\/visibilitzacio\/\" \/>\n<meta property=\"og:locale\" content=\"es_ES\" \/>\n<meta property=\"og:type\" content=\"article\" \/>\n<meta property=\"og:title\" content=\"Visibilitzaci\u00f3 - PREPAST\" \/>\n<meta property=\"og:description\" content=\"La ramaderia extensiva no nom\u00e9s modela el paisatge, sin\u00f3 que tamb\u00e9 forma part del patrimoni cultural viu del territori. Les accions de visibilitzaci\u00f3 del projecte PREPAST tenen com a objectiu refor\u00e7ar aquest vincle entre ramaderia, natura i societat, a trav\u00e9s de la divulgaci\u00f3, el turisme responsable, les experi\u00e8ncies de proximitat i la comunicaci\u00f3 visual. A [&hellip;]\" \/>\n<meta property=\"og:url\" content=\"https:\/\/prepast.org\/es\/actuacions\/visibilitzacio\/\" \/>\n<meta property=\"og:site_name\" content=\"PREPAST\" \/>\n<meta property=\"article:modified_time\" content=\"2026-02-12T08:19:32+00:00\" \/>\n<meta property=\"og:image\" content=\"https:\/\/prepast.org\/wp-content\/uploads\/2025\/10\/BA88636-1024x682.jpg\" \/>\n<meta name=\"twitter:card\" content=\"summary_large_image\" \/>\n<meta name=\"twitter:site\" content=\"@projecteprepast\" \/>\n<meta name=\"twitter:label1\" content=\"Tiempo de lectura\" \/>\n\t<meta name=\"twitter:data1\" content=\"4 minutos\" \/>\n<script type=\"application\/ld+json\" class=\"yoast-schema-graph\">{\"@context\":\"https:\/\/schema.org\",\"@graph\":[{\"@type\":\"WebPage\",\"@id\":\"https:\/\/prepast.org\/actuacions\/visibilitzacio\/\",\"url\":\"https:\/\/prepast.org\/actuacions\/visibilitzacio\/\",\"name\":\"Visibilitzaci\u00f3 - PREPAST\",\"isPartOf\":{\"@id\":\"https:\/\/prepast.org\/#website\"},\"primaryImageOfPage\":{\"@id\":\"https:\/\/prepast.org\/actuacions\/visibilitzacio\/#primaryimage\"},\"image\":{\"@id\":\"https:\/\/prepast.org\/actuacions\/visibilitzacio\/#primaryimage\"},\"thumbnailUrl\":\"https:\/\/prepast.org\/wp-content\/uploads\/2025\/10\/BA88636-1024x682.jpg\",\"datePublished\":\"2025-11-14T09:32:37+00:00\",\"dateModified\":\"2026-02-12T08:19:32+00:00\",\"breadcrumb\":{\"@id\":\"https:\/\/prepast.org\/actuacions\/visibilitzacio\/#breadcrumb\"},\"inLanguage\":\"es\",\"potentialAction\":[{\"@type\":\"ReadAction\",\"target\":[\"https:\/\/prepast.org\/actuacions\/visibilitzacio\/\"]}]},{\"@type\":\"ImageObject\",\"inLanguage\":\"es\",\"@id\":\"https:\/\/prepast.org\/actuacions\/visibilitzacio\/#primaryimage\",\"url\":\"https:\/\/prepast.org\/wp-content\/uploads\/2025\/10\/BA88636-1024x682.jpg\",\"contentUrl\":\"https:\/\/prepast.org\/wp-content\/uploads\/2025\/10\/BA88636-1024x682.jpg\"},{\"@type\":\"BreadcrumbList\",\"@id\":\"https:\/\/prepast.org\/actuacions\/visibilitzacio\/#breadcrumb\",\"itemListElement\":[{\"@type\":\"ListItem\",\"position\":1,\"name\":\"Inici\",\"item\":\"https:\/\/prepast.org\/\"},{\"@type\":\"ListItem\",\"position\":2,\"name\":\"Actuacions\",\"item\":\"https:\/\/prepast.org\/actuacions\/\"},{\"@type\":\"ListItem\",\"position\":3,\"name\":\"Visibilitzaci\u00f3\"}]},{\"@type\":\"WebSite\",\"@id\":\"https:\/\/prepast.org\/#website\",\"url\":\"https:\/\/prepast.org\/\",\"name\":\"PREPAST\",\"description\":\"Pastures del Prepirineu\",\"publisher\":{\"@id\":\"https:\/\/prepast.org\/#organization\"},\"potentialAction\":[{\"@type\":\"SearchAction\",\"target\":{\"@type\":\"EntryPoint\",\"urlTemplate\":\"https:\/\/prepast.org\/?s={search_term_string}\"},\"query-input\":\"required name=search_term_string\"}],\"inLanguage\":\"es\"},{\"@type\":\"Organization\",\"@id\":\"https:\/\/prepast.org\/#organization\",\"name\":\"PREPAST\",\"url\":\"https:\/\/prepast.org\/\",\"logo\":{\"@type\":\"ImageObject\",\"inLanguage\":\"es\",\"@id\":\"https:\/\/prepast.org\/#\/schema\/logo\/image\/\",\"url\":\"https:\/\/prepast.org\/wp-content\/uploads\/2024\/03\/LOGO-PREPAST.png\",\"contentUrl\":\"https:\/\/prepast.org\/wp-content\/uploads\/2024\/03\/LOGO-PREPAST.png\",\"width\":1095,\"height\":1095,\"caption\":\"PREPAST\"},\"image\":{\"@id\":\"https:\/\/prepast.org\/#\/schema\/logo\/image\/\"},\"sameAs\":[\"https:\/\/x.com\/projecteprepast\",\"https:\/\/www.instagram.com\/projecteprepast\/\"]}]}<\/script>\n<!-- \/ Yoast SEO plugin. -->","yoast_head_json":{"title":"Visibilitzaci\u00f3 - PREPAST","robots":{"index":"index","follow":"follow","max-snippet":"max-snippet:-1","max-image-preview":"max-image-preview:large","max-video-preview":"max-video-preview:-1"},"canonical":"https:\/\/prepast.org\/es\/actuacions\/visibilitzacio\/","og_locale":"es_ES","og_type":"article","og_title":"Visibilitzaci\u00f3 - PREPAST","og_description":"La ramaderia extensiva no nom\u00e9s modela el paisatge, sin\u00f3 que tamb\u00e9 forma part del patrimoni cultural viu del territori. Les accions de visibilitzaci\u00f3 del projecte PREPAST tenen com a objectiu refor\u00e7ar aquest vincle entre ramaderia, natura i societat, a trav\u00e9s de la divulgaci\u00f3, el turisme responsable, les experi\u00e8ncies de proximitat i la comunicaci\u00f3 visual. A [&hellip;]","og_url":"https:\/\/prepast.org\/es\/actuacions\/visibilitzacio\/","og_site_name":"PREPAST","article_modified_time":"2026-02-12T08:19:32+00:00","og_image":[{"url":"https:\/\/prepast.org\/wp-content\/uploads\/2025\/10\/BA88636-1024x682.jpg"}],"twitter_card":"summary_large_image","twitter_site":"@projecteprepast","twitter_misc":{"Tiempo de lectura":"4 minutos"},"schema":{"@context":"https:\/\/schema.org","@graph":[{"@type":"WebPage","@id":"https:\/\/prepast.org\/actuacions\/visibilitzacio\/","url":"https:\/\/prepast.org\/actuacions\/visibilitzacio\/","name":"Visibilitzaci\u00f3 - PREPAST","isPartOf":{"@id":"https:\/\/prepast.org\/#website"},"primaryImageOfPage":{"@id":"https:\/\/prepast.org\/actuacions\/visibilitzacio\/#primaryimage"},"image":{"@id":"https:\/\/prepast.org\/actuacions\/visibilitzacio\/#primaryimage"},"thumbnailUrl":"https:\/\/prepast.org\/wp-content\/uploads\/2025\/10\/BA88636-1024x682.jpg","datePublished":"2025-11-14T09:32:37+00:00","dateModified":"2026-02-12T08:19:32+00:00","breadcrumb":{"@id":"https:\/\/prepast.org\/actuacions\/visibilitzacio\/#breadcrumb"},"inLanguage":"es","potentialAction":[{"@type":"ReadAction","target":["https:\/\/prepast.org\/actuacions\/visibilitzacio\/"]}]},{"@type":"ImageObject","inLanguage":"es","@id":"https:\/\/prepast.org\/actuacions\/visibilitzacio\/#primaryimage","url":"https:\/\/prepast.org\/wp-content\/uploads\/2025\/10\/BA88636-1024x682.jpg","contentUrl":"https:\/\/prepast.org\/wp-content\/uploads\/2025\/10\/BA88636-1024x682.jpg"},{"@type":"BreadcrumbList","@id":"https:\/\/prepast.org\/actuacions\/visibilitzacio\/#breadcrumb","itemListElement":[{"@type":"ListItem","position":1,"name":"Inici","item":"https:\/\/prepast.org\/"},{"@type":"ListItem","position":2,"name":"Actuacions","item":"https:\/\/prepast.org\/actuacions\/"},{"@type":"ListItem","position":3,"name":"Visibilitzaci\u00f3"}]},{"@type":"WebSite","@id":"https:\/\/prepast.org\/#website","url":"https:\/\/prepast.org\/","name":"PREPAST","description":"Pastos del Prepirineo","publisher":{"@id":"https:\/\/prepast.org\/#organization"},"potentialAction":[{"@type":"SearchAction","target":{"@type":"EntryPoint","urlTemplate":"https:\/\/prepast.org\/?s={search_term_string}"},"query-input":"required name=search_term_string"}],"inLanguage":"es"},{"@type":"Organization","@id":"https:\/\/prepast.org\/#organization","name":"PREPAST","url":"https:\/\/prepast.org\/","logo":{"@type":"ImageObject","inLanguage":"es","@id":"https:\/\/prepast.org\/#\/schema\/logo\/image\/","url":"https:\/\/prepast.org\/wp-content\/uploads\/2024\/03\/LOGO-PREPAST.png","contentUrl":"https:\/\/prepast.org\/wp-content\/uploads\/2024\/03\/LOGO-PREPAST.png","width":1095,"height":1095,"caption":"PREPAST"},"image":{"@id":"https:\/\/prepast.org\/#\/schema\/logo\/image\/"},"sameAs":["https:\/\/x.com\/projecteprepast","https:\/\/www.instagram.com\/projecteprepast\/"]}]}},"uagb_featured_image_src":{"full":false,"thumbnail":false,"medium":false,"medium_large":false,"large":false,"1536x1536":false,"2048x2048":false,"trp-custom-language-flag":false},"uagb_author_info":{"display_name":"gestiolasabina","author_link":"https:\/\/prepast.org\/es\/author\/gestiolasabina\/"},"uagb_comment_info":0,"uagb_excerpt":"La ramaderia extensiva no nom\u00e9s modela el paisatge, sin\u00f3 que tamb\u00e9 forma part del patrimoni cultural viu del territori. Les accions de visibilitzaci\u00f3 del projecte PREPAST tenen com a objectiu refor\u00e7ar aquest vincle entre ramaderia, natura i societat, a trav\u00e9s de la divulgaci\u00f3, el turisme responsable, les experi\u00e8ncies de proximitat i la comunicaci\u00f3 visual. A&hellip;","_links":{"self":[{"href":"https:\/\/prepast.org\/es\/wp-json\/wp\/v2\/pages\/3146","targetHints":{"allow":["GET"]}}],"collection":[{"href":"https:\/\/prepast.org\/es\/wp-json\/wp\/v2\/pages"}],"about":[{"href":"https:\/\/prepast.org\/es\/wp-json\/wp\/v2\/types\/page"}],"author":[{"embeddable":true,"href":"https:\/\/prepast.org\/es\/wp-json\/wp\/v2\/users\/9"}],"replies":[{"embeddable":true,"href":"https:\/\/prepast.org\/es\/wp-json\/wp\/v2\/comments?post=3146"}],"version-history":[{"count":18,"href":"https:\/\/prepast.org\/es\/wp-json\/wp\/v2\/pages\/3146\/revisions"}],"predecessor-version":[{"id":3519,"href":"https:\/\/prepast.org\/es\/wp-json\/wp\/v2\/pages\/3146\/revisions\/3519"}],"up":[{"embeddable":true,"href":"https:\/\/prepast.org\/es\/wp-json\/wp\/v2\/pages\/41"}],"wp:attachment":[{"href":"https:\/\/prepast.org\/es\/wp-json\/wp\/v2\/media?parent=3146"}],"curies":[{"name":"wp","href":"https:\/\/api.w.org\/{rel}","templated":true}]}}