{"id":3189,"date":"2025-11-17T13:44:13","date_gmt":"2025-11-17T12:44:13","guid":{"rendered":"https:\/\/prepast.org\/?page_id=3189"},"modified":"2026-01-29T14:43:41","modified_gmt":"2026-01-29T13:43:41","slug":"governanca-futur","status":"publish","type":"page","link":"https:\/\/prepast.org\/es\/actuacions\/governanca-futur\/","title":{"rendered":"Gobernanza y futuro"},"content":{"rendered":"<div data-aos= \"fade-down\" data-aos-duration=\"400\" data-aos-delay=\"0\" data-aos-easing=\"ease\" data-aos-once=\"true\" class=\"wp-block-uagb-container uagb-block-c61ca359 alignfull uagb-is-root-container\"><div class=\"uagb-container-inner-blocks-wrap\">\n<div class=\"wp-block-uagb-info-box uagb-block-83dfa9ba uagb-infobox__content-wrap  uagb-infobox-icon-above-title uagb-infobox-image-valign-top\"><div class=\"uagb-ifb-content\"><div class=\"uagb-ifb-title-wrap\"><h1 class=\"uagb-ifb-title\">Gobernanza y futuro<\/h1><\/div><p class=\"uagb-ifb-desc\">Un marco de colaboraci\u00f3n abierto para coordinar agentes del territorio, dar continuidad al proyecto e impulsar acciones conjuntas a favor de la ganader\u00eda extensiva y la gesti\u00f3n sostenible del Montsec<\/p><\/div><\/div>\n<\/div><\/div>\n\n\n\n<div class=\"wp-block-uagb-container uagb-block-70ec5659 alignfull uagb-is-root-container\">\n<div class=\"wp-block-uagb-container uagb-block-375add93\">\n<p>El proyecto ha impulsado un modelo de gobernanza territorial basado en la participaci\u00f3n de agentes vinculados a la ganader\u00eda extensiva, la gesti\u00f3n del paisaje y los servicios ecosist\u00e9micos. Este modelo se ha construido a partir de varios espacios de encuentro y coordinaci\u00f3n.<\/p>\n\n\n\n<p>Inicialmente se organizaron dos jornadas en \u00c0ger y Tremp invitando a todos los organismos del territorio para presentar el proyecto. Adem\u00e1s a lo largo de todo el periodo ha habido reuniones con adminstracions locales, numerosas visitas a profesionales de la ganader\u00eda del territorio y otros agentes locales.<\/p>\n\n\n\n<p>Una vez puesto en marcha el proyecto, se ha llevado a cabo un proceso participativo que ha consistido en <strong><em><a href=\"https:\/\/prepast.org\/es\/resultats\/proces-de-debat\/\">dos jornadas de trabajo en \u00c0ger <\/a><\/em><\/strong>con administraciones, ganaderos\/as, entidades ambientales y profesionales del sector, que han permitido compartir diagnosis, definir prioridades y fortalecer la colaboraci\u00f3n entre actores. Paralelamente, una <strong>jornada t\u00e9cnica en el Boumort<\/strong> ha reunido equipos cient\u00edficos y personal t\u00e9cnico para integrar conocimientos, contrastar resultados e identificar sinergias en la gesti\u00f3n y estudio del territorio.  <\/p>\n\n\n\n<p>El proceso ha culminado con la <strong>redacci\u00f3n del Convenio de Participaci\u00f3n y Colaboraci\u00f3n<\/strong>, presentado en la jornada de retorno de \u00c0ger, que establece el marco para garantizar la continuidad y coordinar esfuerzos en favor de la ganader\u00eda extensiva y la gesti\u00f3n sostenible del territorio.<\/p>\n<\/div>\n\n\n\n<div class=\"wp-block-uagb-container uagb-block-26f2012c\">\n<div style=\"height:100px\" aria-hidden=\"true\" class=\"wp-block-spacer\"><\/div>\n\n\n\n<div class=\"wp-block-uagb-advanced-heading uagb-block-7c58a457\"><h2 class=\"uagb-heading-text\">Convenio de participaci\u00f3n y colaboraci\u00f3n<\/h2><\/div>\n\n\n\n<p>Para garantizar la continuidad del proyecto y establecer un marco estable de coordinaci\u00f3n, se ha redactado el Convenio de Participaci\u00f3n y Colaboraci\u00f3n. Se trata de un documento abierto y que agrupa administraciones, entidades, profesionales del sector primario y agentes del territorio con el objetivo de trabajar de manera conjunta por la ganader\u00eda extensiva y la gesti\u00f3n de los servicios ecosist\u00e9micos en el Montsec.<\/p>\n\n\n\n<ul class=\"wp-block-list\">\n<li>Un espacio de cooperaci\u00f3n permanente, flexible y evolutivo.<\/li>\n\n\n\n<li>Obetivos compartidos como la difusi\u00f3n de pr\u00e1cticas silvopastorales, la integraci\u00f3n del sector en las pol\u00edticas territoriales y la b\u00fasqueda de financiaci\u00f3n.<\/li>\n\n\n\n<li>Principios comunes, entre ellos la participaci\u00f3n voluntaria, la transparencia y la corresponsabilidad.<\/li>\n<\/ul>\n\n\n\n<p>Tambi\u00e9n plantea acciones orientativas, como la recopilaci\u00f3n de datos, la colaboraci\u00f3n con centros de investigaci\u00f3n, el desarrollo de actividades vinculadas al territorio y la participaci\u00f3n conjunta en convocatorias de ayudas a nivel catal\u00e1n, estatal o europeo. <\/p>\n\n\n\n<div style=\"height:25px\" aria-hidden=\"true\" class=\"wp-block-spacer\"><\/div>\n<\/div>\n\n\n\n<div class=\"wp-block-uagb-container uagb-block-37fc4d07\">\n<div style=\"height:25px\" aria-hidden=\"true\" class=\"wp-block-spacer\"><\/div>\n\n\n\n<div class=\"wp-block-uagb-call-to-action uagb-block-bdb4ce08 wp-block-button\"><div class=\"uagb-cta__wrap\"><h4 class=\"uagb-cta__title\">Descarga el convenio<\/h4><p class=\"uagb-cta__desc\">Puedes consultar y descargar el <strong>Convenio de Participaci\u00f3n y Colaboraci\u00f3n para el Montsec<\/strong> en este enlace<\/p><\/div><div class=\"uagb-cta__buttons\"><a href=\"https:\/\/prepast.org\/wp-content\/uploads\/2025\/11\/CONVENI-DE-PARTICIPACIO-I-ADHESSIO-3.pdf\" class=\"uagb-cta__button-link-wrapper wp-block-button__link\" target=\"_blank\" rel=\"noopener noreferrer\"><svg xmlns=\"https:\/\/www.w3.org\/2000\/svg\" viewbox=\"0 0 512 512\"><path d=\"M480 352h-133.5l-45.25 45.25C289.2 409.3 273.1 416 256 416s-33.16-6.656-45.25-18.75L165.5 352H32c-17.67 0-32 14.33-32 32v96c0 17.67 14.33 32 32 32h448c17.67 0 32-14.33 32-32v-96C512 366.3 497.7 352 480 352zM432 456c-13.2 0-24-10.8-24-24c0-13.2 10.8-24 24-24s24 10.8 24 24C456 445.2 445.2 456 432 456zM233.4 374.6C239.6 380.9 247.8 384 256 384s16.38-3.125 22.62-9.375l128-128c12.49-12.5 12.49-32.75 0-45.25c-12.5-12.5-32.76-12.5-45.25 0L288 274.8V32c0-17.67-14.33-32-32-32C238.3 0 224 14.33 224 32v242.8L150.6 201.4c-12.49-12.5-32.75-12.5-45.25 0c-12.49 12.5-12.49 32.75 0 45.25L233.4 374.6z\"><\/path><\/svg><\/a><\/div><\/div>\n\n\n\n<div style=\"height:50px\" aria-hidden=\"true\" class=\"wp-block-spacer\"><\/div>\n\n\n\n<div class=\"wp-block-uagb-call-to-action uagb-block-d7e74bc7 wp-block-button\"><div class=\"uagb-cta__wrap\"><h4 class=\"uagb-cta__title\">Contacta<\/h4><p class=\"uagb-cta__desc\">Para nuevas adhesiones, consultas o propuestas relacionadas con el desarrollo del convenio.<\/p><\/div><div class=\"uagb-cta__buttons\"><a href=\"https:\/\/prepast.org\/es\/contacte\/\" class=\"uagb-cta__button-link-wrapper wp-block-button__link\" target=\"_self\" rel=\"noopener noreferrer\"><svg xmlns=\"https:\/\/www.w3.org\/2000\/svg\" viewbox=\"0 0 448 512\"><path d=\"M438.6 278.6l-160 160C272.4 444.9 264.2 448 256 448s-16.38-3.125-22.62-9.375c-12.5-12.5-12.5-32.75 0-45.25L338.8 288H32C14.33 288 .0016 273.7 .0016 256S14.33 224 32 224h306.8l-105.4-105.4c-12.5-12.5-12.5-32.75 0-45.25s32.75-12.5 45.25 0l160 160C451.1 245.9 451.1 266.1 438.6 278.6z\"><\/path><\/svg><\/a><\/div><\/div>\n\n\n\n<div style=\"height:50px\" aria-hidden=\"true\" class=\"wp-block-spacer\"><\/div>\n\n\n\n<div class=\"wp-block-uagb-advanced-heading uagb-block-056c72e8\"><h4 class=\"uagb-heading-text\">Participantes adheridos<\/h4><\/div>\n\n\n\n<ul class=\"wp-block-list\">\n<li>10 pastores y pastoras del Montsec<\/li>\n\n\n\n<li>1 agricultor del Montsec<\/li>\n\n\n\n<li>1 productor agrolimentario del Montsec<\/li>\n\n\n\n<li>1 catedr\u00e1tico de Ciencia Animal de la UdL<\/li>\n\n\n\n<li>Ayuntamiento de \u00c0ger<\/li>\n\n\n\n<li>Ayuntamiento de Llimiana<\/li>\n\n\n\n<li>Asociaci\u00f3n La Sabina<\/li>\n\n\n\n<li>Centro de Ci\u00e8ncia i Tecnologia Forestal de Catalunya<\/li>\n\n\n\n<li>Fundaci\u00f3n Pau Costa<\/li>\n<\/ul>\n<\/div>\n<\/div>\n\n\n\n<div class=\"wp-block-uagb-container uagb-block-18c95b06 alignfull uagb-is-root-container\">\n<div class=\"wp-block-uagb-container uagb-block-b36a0e60\">\n<div style=\"height:100px\" aria-hidden=\"true\" class=\"wp-block-spacer\"><\/div>\n\n\n\n<div class=\"wp-block-uagb-advanced-heading uagb-block-a3ad63fb\"><h2 class=\"uagb-heading-text\">Escalabilidad del PREPAST<\/h2><\/div>\n\n\n\n<p>La experiencia del proyecto PREPAST demuestra que la ganader\u00eda extensiva gestionada con criterios ecosist\u00e9micos puede convertirse en una herramienta clave para la conservaci\u00f3n del territorio. El an\u00e1lisis de escalabilidad elaborado en el proyecto concluye que estas estrategias son replicables en gran parte del Prepirineo espa\u00f1ol, donde se dan condiciones similares de despoblamiento rural, riesgo de incendios y p\u00e9rdida de mosaico agroforestal. PREPAST ofrece as\u00ed un modelo aplicable a otras zonas con el objetivo de fomentar la biodiversidad, prevenir incendios y revitalizar el mundo rural.<\/p>\n\n\n\n<div style=\"height:25px\" aria-hidden=\"true\" class=\"wp-block-spacer\"><\/div>\n<\/div>\n\n\n\n<div class=\"wp-block-uagb-container uagb-block-18170149\">\n<div style=\"height:25px\" aria-hidden=\"true\" class=\"wp-block-spacer\"><\/div>\n\n\n\n<div class=\"wp-block-uagb-call-to-action uagb-block-12dd0984 wp-block-button\"><div class=\"uagb-cta__wrap\"><h4 class=\"uagb-cta__title\">Consulta el informe aqu\u00ed<\/h4><\/div><div class=\"uagb-cta__buttons\"><a href=\"https:\/\/prepast.org\/wp-content\/uploads\/2026\/01\/FV_A10_InformeEscalabilidadCAT.pdf\" class=\"uagb-cta__button-link-wrapper wp-block-button__link\" target=\"_blank\" rel=\"noopener noreferrer\"><svg xmlns=\"https:\/\/www.w3.org\/2000\/svg\" viewbox=\"0 0 512 512\"><path d=\"M480 352h-133.5l-45.25 45.25C289.2 409.3 273.1 416 256 416s-33.16-6.656-45.25-18.75L165.5 352H32c-17.67 0-32 14.33-32 32v96c0 17.67 14.33 32 32 32h448c17.67 0 32-14.33 32-32v-96C512 366.3 497.7 352 480 352zM432 456c-13.2 0-24-10.8-24-24c0-13.2 10.8-24 24-24s24 10.8 24 24C456 445.2 445.2 456 432 456zM233.4 374.6C239.6 380.9 247.8 384 256 384s16.38-3.125 22.62-9.375l128-128c12.49-12.5 12.49-32.75 0-45.25c-12.5-12.5-32.76-12.5-45.25 0L288 274.8V32c0-17.67-14.33-32-32-32C238.3 0 224 14.33 224 32v242.8L150.6 201.4c-12.49-12.5-32.75-12.5-45.25 0c-12.49 12.5-12.49 32.75 0 45.25L233.4 374.6z\"><\/path><\/svg><\/a><\/div><\/div>\n\n\n\n<div style=\"height:50px\" aria-hidden=\"true\" class=\"wp-block-spacer\"><\/div>\n<\/div>\n<\/div>\n\n\n\n<p><\/p>","protected":false},"excerpt":{"rendered":"<p>El projecte ha impulsat un model de governan\u00e7a territorial basat en la participaci\u00f3 d\u2019agents vinculats a la ramaderia extensiva, la gesti\u00f3 del paisatge i els serveis ecosist\u00e8mics. Aquest model s\u2019ha constru\u00eft a partir de diversos espais de trobada i coordinaci\u00f3. Inicialment es van organtizar dues jornades a \u00c0ger i Tremp on es van convidar tots [&hellip;]<\/p>","protected":false},"author":9,"featured_media":0,"parent":41,"menu_order":2,"comment_status":"closed","ping_status":"closed","template":"","meta":{"_uag_custom_page_level_css":"","site-sidebar-layout":"default","site-content-layout":"page-builder","ast-site-content-layout":"full-width-container","site-content-style":"unboxed","site-sidebar-style":"unboxed","ast-global-header-display":"","ast-banner-title-visibility":"","ast-main-header-display":"","ast-hfb-above-header-display":"","ast-hfb-below-header-display":"","ast-hfb-mobile-header-display":"","site-post-title":"disabled","ast-breadcrumbs-content":"","ast-featured-img":"","footer-sml-layout":"","ast-disable-related-posts":"","theme-transparent-header-meta":"enabled","adv-header-id-meta":"","stick-header-meta":"","header-above-stick-meta":"","header-main-stick-meta":"","header-below-stick-meta":"","astra-migrate-meta-layouts":"set","ast-page-background-enabled":"default","ast-page-background-meta":{"desktop":{"background-color":"var(--ast-global-color-4)","background-image":"","background-repeat":"repeat","background-position":"center center","background-size":"auto","background-attachment":"scroll","background-type":"","background-media":"","overlay-type":"","overlay-color":"","overlay-opacity":"","overlay-gradient":""},"tablet":{"background-color":"","background-image":"","background-repeat":"repeat","background-position":"center center","background-size":"auto","background-attachment":"scroll","background-type":"","background-media":"","overlay-type":"","overlay-color":"","overlay-opacity":"","overlay-gradient":""},"mobile":{"background-color":"","background-image":"","background-repeat":"repeat","background-position":"center center","background-size":"auto","background-attachment":"scroll","background-type":"","background-media":"","overlay-type":"","overlay-color":"","overlay-opacity":"","overlay-gradient":""}},"ast-content-background-meta":{"desktop":{"background-color":"var(--ast-global-color-5)","background-image":"","background-repeat":"repeat","background-position":"center center","background-size":"auto","background-attachment":"scroll","background-type":"","background-media":"","overlay-type":"","overlay-color":"","overlay-opacity":"","overlay-gradient":""},"tablet":{"background-color":"var(--ast-global-color-5)","background-image":"","background-repeat":"repeat","background-position":"center center","background-size":"auto","background-attachment":"scroll","background-type":"","background-media":"","overlay-type":"","overlay-color":"","overlay-opacity":"","overlay-gradient":""},"mobile":{"background-color":"var(--ast-global-color-5)","background-image":"","background-repeat":"repeat","background-position":"center center","background-size":"auto","background-attachment":"scroll","background-type":"","background-media":"","overlay-type":"","overlay-color":"","overlay-opacity":"","overlay-gradient":""}},"footnotes":""},"class_list":["post-3189","page","type-page","status-publish","hentry"],"yoast_head":"<!-- This site is optimized with the Yoast SEO plugin v22.6 - https:\/\/yoast.com\/wordpress\/plugins\/seo\/ -->\n<title>Governan\u00e7a i futur - PREPAST<\/title>\n<meta name=\"robots\" content=\"index, follow, max-snippet:-1, max-image-preview:large, max-video-preview:-1\" \/>\n<link rel=\"canonical\" href=\"https:\/\/prepast.org\/es\/actuacions\/governanca-futur\/\" \/>\n<meta property=\"og:locale\" content=\"es_ES\" \/>\n<meta property=\"og:type\" content=\"article\" \/>\n<meta property=\"og:title\" content=\"Governan\u00e7a i futur - PREPAST\" \/>\n<meta property=\"og:description\" content=\"El projecte ha impulsat un model de governan\u00e7a territorial basat en la participaci\u00f3 d\u2019agents vinculats a la ramaderia extensiva, la gesti\u00f3 del paisatge i els serveis ecosist\u00e8mics. Aquest model s\u2019ha constru\u00eft a partir de diversos espais de trobada i coordinaci\u00f3. Inicialment es van organtizar dues jornades a \u00c0ger i Tremp on es van convidar tots [&hellip;]\" \/>\n<meta property=\"og:url\" content=\"https:\/\/prepast.org\/es\/actuacions\/governanca-futur\/\" \/>\n<meta property=\"og:site_name\" content=\"PREPAST\" \/>\n<meta property=\"article:modified_time\" content=\"2026-01-29T13:43:41+00:00\" \/>\n<meta property=\"og:image\" content=\"https:\/\/prepast.org\/wp-content\/uploads\/2024\/04\/portada.jpg\" \/>\n\t<meta property=\"og:image:width\" content=\"2106\" \/>\n\t<meta property=\"og:image:height\" content=\"1411\" \/>\n\t<meta property=\"og:image:type\" content=\"image\/jpeg\" \/>\n<meta name=\"twitter:card\" content=\"summary_large_image\" \/>\n<meta name=\"twitter:site\" content=\"@projecteprepast\" \/>\n<meta name=\"twitter:label1\" content=\"Tiempo de lectura\" \/>\n\t<meta name=\"twitter:data1\" content=\"3 minutos\" \/>\n<script type=\"application\/ld+json\" class=\"yoast-schema-graph\">{\"@context\":\"https:\/\/schema.org\",\"@graph\":[{\"@type\":\"WebPage\",\"@id\":\"https:\/\/prepast.org\/actuacions\/governanca-futur\/\",\"url\":\"https:\/\/prepast.org\/actuacions\/governanca-futur\/\",\"name\":\"Governan\u00e7a i futur - PREPAST\",\"isPartOf\":{\"@id\":\"https:\/\/prepast.org\/#website\"},\"datePublished\":\"2025-11-17T12:44:13+00:00\",\"dateModified\":\"2026-01-29T13:43:41+00:00\",\"breadcrumb\":{\"@id\":\"https:\/\/prepast.org\/actuacions\/governanca-futur\/#breadcrumb\"},\"inLanguage\":\"es\",\"potentialAction\":[{\"@type\":\"ReadAction\",\"target\":[\"https:\/\/prepast.org\/actuacions\/governanca-futur\/\"]}]},{\"@type\":\"BreadcrumbList\",\"@id\":\"https:\/\/prepast.org\/actuacions\/governanca-futur\/#breadcrumb\",\"itemListElement\":[{\"@type\":\"ListItem\",\"position\":1,\"name\":\"Inici\",\"item\":\"https:\/\/prepast.org\/\"},{\"@type\":\"ListItem\",\"position\":2,\"name\":\"Actuacions\",\"item\":\"https:\/\/prepast.org\/actuacions\/\"},{\"@type\":\"ListItem\",\"position\":3,\"name\":\"Governan\u00e7a i futur\"}]},{\"@type\":\"WebSite\",\"@id\":\"https:\/\/prepast.org\/#website\",\"url\":\"https:\/\/prepast.org\/\",\"name\":\"PREPAST\",\"description\":\"Pastures del Prepirineu\",\"publisher\":{\"@id\":\"https:\/\/prepast.org\/#organization\"},\"potentialAction\":[{\"@type\":\"SearchAction\",\"target\":{\"@type\":\"EntryPoint\",\"urlTemplate\":\"https:\/\/prepast.org\/?s={search_term_string}\"},\"query-input\":\"required name=search_term_string\"}],\"inLanguage\":\"es\"},{\"@type\":\"Organization\",\"@id\":\"https:\/\/prepast.org\/#organization\",\"name\":\"PREPAST\",\"url\":\"https:\/\/prepast.org\/\",\"logo\":{\"@type\":\"ImageObject\",\"inLanguage\":\"es\",\"@id\":\"https:\/\/prepast.org\/#\/schema\/logo\/image\/\",\"url\":\"https:\/\/prepast.org\/wp-content\/uploads\/2024\/03\/LOGO-PREPAST.png\",\"contentUrl\":\"https:\/\/prepast.org\/wp-content\/uploads\/2024\/03\/LOGO-PREPAST.png\",\"width\":1095,\"height\":1095,\"caption\":\"PREPAST\"},\"image\":{\"@id\":\"https:\/\/prepast.org\/#\/schema\/logo\/image\/\"},\"sameAs\":[\"https:\/\/x.com\/projecteprepast\",\"https:\/\/www.instagram.com\/projecteprepast\/\"]}]}<\/script>\n<!-- \/ Yoast SEO plugin. -->","yoast_head_json":{"title":"Governan\u00e7a i futur - PREPAST","robots":{"index":"index","follow":"follow","max-snippet":"max-snippet:-1","max-image-preview":"max-image-preview:large","max-video-preview":"max-video-preview:-1"},"canonical":"https:\/\/prepast.org\/es\/actuacions\/governanca-futur\/","og_locale":"es_ES","og_type":"article","og_title":"Governan\u00e7a i futur - PREPAST","og_description":"El projecte ha impulsat un model de governan\u00e7a territorial basat en la participaci\u00f3 d\u2019agents vinculats a la ramaderia extensiva, la gesti\u00f3 del paisatge i els serveis ecosist\u00e8mics. Aquest model s\u2019ha constru\u00eft a partir de diversos espais de trobada i coordinaci\u00f3. Inicialment es van organtizar dues jornades a \u00c0ger i Tremp on es van convidar tots [&hellip;]","og_url":"https:\/\/prepast.org\/es\/actuacions\/governanca-futur\/","og_site_name":"PREPAST","article_modified_time":"2026-01-29T13:43:41+00:00","og_image":[{"width":2106,"height":1411,"url":"https:\/\/prepast.org\/wp-content\/uploads\/2024\/04\/portada.jpg","type":"image\/jpeg"}],"twitter_card":"summary_large_image","twitter_site":"@projecteprepast","twitter_misc":{"Tiempo de lectura":"3 minutos"},"schema":{"@context":"https:\/\/schema.org","@graph":[{"@type":"WebPage","@id":"https:\/\/prepast.org\/actuacions\/governanca-futur\/","url":"https:\/\/prepast.org\/actuacions\/governanca-futur\/","name":"Governan\u00e7a i futur - PREPAST","isPartOf":{"@id":"https:\/\/prepast.org\/#website"},"datePublished":"2025-11-17T12:44:13+00:00","dateModified":"2026-01-29T13:43:41+00:00","breadcrumb":{"@id":"https:\/\/prepast.org\/actuacions\/governanca-futur\/#breadcrumb"},"inLanguage":"es","potentialAction":[{"@type":"ReadAction","target":["https:\/\/prepast.org\/actuacions\/governanca-futur\/"]}]},{"@type":"BreadcrumbList","@id":"https:\/\/prepast.org\/actuacions\/governanca-futur\/#breadcrumb","itemListElement":[{"@type":"ListItem","position":1,"name":"Inici","item":"https:\/\/prepast.org\/"},{"@type":"ListItem","position":2,"name":"Actuacions","item":"https:\/\/prepast.org\/actuacions\/"},{"@type":"ListItem","position":3,"name":"Governan\u00e7a i futur"}]},{"@type":"WebSite","@id":"https:\/\/prepast.org\/#website","url":"https:\/\/prepast.org\/","name":"PREPAST","description":"Pastos del Prepirineo","publisher":{"@id":"https:\/\/prepast.org\/#organization"},"potentialAction":[{"@type":"SearchAction","target":{"@type":"EntryPoint","urlTemplate":"https:\/\/prepast.org\/?s={search_term_string}"},"query-input":"required name=search_term_string"}],"inLanguage":"es"},{"@type":"Organization","@id":"https:\/\/prepast.org\/#organization","name":"PREPAST","url":"https:\/\/prepast.org\/","logo":{"@type":"ImageObject","inLanguage":"es","@id":"https:\/\/prepast.org\/#\/schema\/logo\/image\/","url":"https:\/\/prepast.org\/wp-content\/uploads\/2024\/03\/LOGO-PREPAST.png","contentUrl":"https:\/\/prepast.org\/wp-content\/uploads\/2024\/03\/LOGO-PREPAST.png","width":1095,"height":1095,"caption":"PREPAST"},"image":{"@id":"https:\/\/prepast.org\/#\/schema\/logo\/image\/"},"sameAs":["https:\/\/x.com\/projecteprepast","https:\/\/www.instagram.com\/projecteprepast\/"]}]}},"uagb_featured_image_src":{"full":false,"thumbnail":false,"medium":false,"medium_large":false,"large":false,"1536x1536":false,"2048x2048":false,"trp-custom-language-flag":false},"uagb_author_info":{"display_name":"gestiolasabina","author_link":"https:\/\/prepast.org\/es\/author\/gestiolasabina\/"},"uagb_comment_info":0,"uagb_excerpt":"El projecte ha impulsat un model de governan\u00e7a territorial basat en la participaci\u00f3 d\u2019agents vinculats a la ramaderia extensiva, la gesti\u00f3 del paisatge i els serveis ecosist\u00e8mics. Aquest model s\u2019ha constru\u00eft a partir de diversos espais de trobada i coordinaci\u00f3. Inicialment es van organtizar dues jornades a \u00c0ger i Tremp on es van convidar tots&hellip;","_links":{"self":[{"href":"https:\/\/prepast.org\/es\/wp-json\/wp\/v2\/pages\/3189","targetHints":{"allow":["GET"]}}],"collection":[{"href":"https:\/\/prepast.org\/es\/wp-json\/wp\/v2\/pages"}],"about":[{"href":"https:\/\/prepast.org\/es\/wp-json\/wp\/v2\/types\/page"}],"author":[{"embeddable":true,"href":"https:\/\/prepast.org\/es\/wp-json\/wp\/v2\/users\/9"}],"replies":[{"embeddable":true,"href":"https:\/\/prepast.org\/es\/wp-json\/wp\/v2\/comments?post=3189"}],"version-history":[{"count":30,"href":"https:\/\/prepast.org\/es\/wp-json\/wp\/v2\/pages\/3189\/revisions"}],"predecessor-version":[{"id":3507,"href":"https:\/\/prepast.org\/es\/wp-json\/wp\/v2\/pages\/3189\/revisions\/3507"}],"up":[{"embeddable":true,"href":"https:\/\/prepast.org\/es\/wp-json\/wp\/v2\/pages\/41"}],"wp:attachment":[{"href":"https:\/\/prepast.org\/es\/wp-json\/wp\/v2\/media?parent=3189"}],"curies":[{"name":"wp","href":"https:\/\/api.w.org\/{rel}","templated":true}]}}