{"id":3250,"date":"2025-11-27T09:38:32","date_gmt":"2025-11-27T08:38:32","guid":{"rendered":"https:\/\/prepast.org\/?page_id=3250"},"modified":"2025-12-26T09:55:26","modified_gmt":"2025-12-26T08:55:26","slug":"comercialitzacio","status":"publish","type":"page","link":"https:\/\/prepast.org\/es\/actuacions\/comercialitzacio\/","title":{"rendered":"Comercializaci\u00f3n"},"content":{"rendered":"<div data-aos= \"fade-down\" data-aos-duration=\"400\" data-aos-delay=\"0\" data-aos-easing=\"ease\" data-aos-once=\"true\" class=\"wp-block-uagb-container uagb-block-c61ca359 alignfull uagb-is-root-container\"><div class=\"uagb-container-inner-blocks-wrap\">\n<div class=\"wp-block-uagb-info-box uagb-block-83dfa9ba uagb-infobox__content-wrap  uagb-infobox-icon-above-title uagb-infobox-image-valign-top\"><div class=\"uagb-ifb-content\"><div class=\"uagb-ifb-title-wrap\"><h1 class=\"uagb-ifb-title\">Comercializaci\u00f3n<\/h1><\/div><p class=\"uagb-ifb-desc\">Damos valor a los productos que cuidan el territorio y previenen incendios. Comercializaci\u00f3n con arraigo, responsabilidad y compromiso con el paisaje.<\/p><\/div><\/div>\n<\/div><\/div>\n\n\n\n<div class=\"wp-block-uagb-container uagb-block-d4bbfa7d alignfull uagb-is-root-container\">\n<div class=\"wp-block-uagb-container uagb-block-f7248107 default uagb-is-root-container\">\n<p>Impulsamos una estrategia de comercializaci\u00f3n que conecta el consumo de productos ganaderos con la gesti\u00f3n del territorio y la prevenci\u00f3n de incendios forestales promoviendo que las manadas integren la pr\u00e1ctica de la silvopastura prescrita en zonas forestales estrat\u00e9gicas y acreditando el valor ambiental y territorial con el sello <a href=\"https:\/\/www.ramatsdefoc.org\/\">Ramats de Foc<\/a>, que certifica sus productos de proximidad \u2014 como carnes y l\u00e1cteos\u2014. <\/p>\n\n\n\n<p>Esta l\u00ednea de acci\u00f3n incluye el apoyo en los ganaderos que act\u00faan en zonas prioritarias para la prevenci\u00f3n de incendios, as\u00ed como el asesoramiento a establecimientos locales para facilitar la comercializaci\u00f3n y poner en valor el producto. Con todo ello, se fomenta un modelo de consumo responsable y arraigado en el territorio, que reconoce la funci\u00f3n clave de la ganader\u00eda extensiva en la conservaci\u00f3n del paisaje y la gesti\u00f3n forestal.<\/p>\n<\/div>\n<\/div>\n\n\n\n<div class=\"wp-block-uagb-container uagb-block-ff18c1e8 alignfull uagb-is-root-container\"><div class=\"uagb-container-inner-blocks-wrap\">\n<div data-aos= \"fade-right\" data-aos-duration=\"400\" data-aos-delay=\"0\" data-aos-easing=\"ease\" data-aos-once=\"true\" class=\"wp-block-uagb-container uagb-block-d14f2f7c\">\n<div class=\"wp-block-uagb-advanced-heading uagb-block-a10df6bb\"><h2 class=\"uagb-heading-text\"><a href=\"https:\/\/www.ramatsdefoc.org\/\" target=\"_blank\" rel=\"noreferrer noopener\">Ramats de Foc<\/a><\/h2><p class=\"uagb-desc-text\">Hasta ahora, diez ganaderos y ganaderas se han adherido al sello en el \u00e1mbito del proyecto: seis en el Pallars Juss\u00e0 y cuatro en la Noguera. Paralelamente, se est\u00e1 trabajando para incorporar restaurantes, carnicer\u00edas y otros establecimientos del territorio interesados \u200b\u200ben ofrecer estos productos con valor a\u00f1adido social y ambiental.<\/p><\/div>\n<\/div>\n\n\n\n<div data-aos= \"fade-left\" data-aos-duration=\"400\" data-aos-delay=\"0\" data-aos-easing=\"ease\" data-aos-once=\"true\" class=\"wp-block-uagb-container uagb-block-847f1532\">\n<div class=\"wp-block-uagb-image alignright uagb-block-ab7feac7 wp-block-uagb-image--layout-default wp-block-uagb-image--effect-static wp-block-uagb-image--align-right alignleft\"><figure class=\"wp-block-uagb-image__figure\"><a class=\"\" href=\"https:\/\/www.ramatsdefoc.org\/\" target=\"_blank\" rel=\"noreferrer noopener\"><img decoding=\"async\" srcset=\"https:\/\/prepast.org\/wp-content\/uploads\/2025\/11\/RamatsdeFoc-300x283.png ,https:\/\/prepast.org\/wp-content\/uploads\/2025\/11\/RamatsdeFoc.png 780w, https:\/\/prepast.org\/wp-content\/uploads\/2025\/11\/RamatsdeFoc.png 360w\" sizes=\"auto, (max-width: 480px) 150px\" src=\"https:\/\/prepast.org\/wp-content\/uploads\/2025\/11\/RamatsdeFoc-300x283.png\" alt=\"\" class=\"uag-image-3259\" width=\"300\" height=\"283\" title=\"RamatsdeFoc\" loading=\"lazy\" role=\"img\"\/><\/a><\/figure><\/div>\n<\/div>\n<\/div><\/div>\n\n\n\n<div class=\"wp-block-uagb-container uag-hide-desktop uag-hide-tab uag-hide-mob uagb-block-531bbdf9 alignfull uagb-is-root-container\"><div class=\"uagb-container-inner-blocks-wrap\">\n<div data-aos= \"fade-left\" data-aos-duration=\"400\" data-aos-delay=\"0\" data-aos-easing=\"ease\" data-aos-once=\"true\" class=\"wp-block-uagb-container uagb-block-b08bcd46\">\n<div class=\"wp-block-uagb-image alignleft uagb-block-ec8fcc87 wp-block-uagb-image--layout-default wp-block-uagb-image--effect-static wp-block-uagb-image--align-left\"><figure class=\"wp-block-uagb-image__figure\"><img decoding=\"async\" srcset=\"https:\/\/prepast.org\/wp-content\/uploads\/2024\/05\/exemple-mapa-1024x663.png ,https:\/\/prepast.org\/wp-content\/uploads\/2024\/05\/exemple-mapa.png 780w, https:\/\/prepast.org\/wp-content\/uploads\/2024\/05\/exemple-mapa.png 360w\" sizes=\"auto, (max-width: 480px) 150px\" src=\"https:\/\/prepast.org\/wp-content\/uploads\/2024\/05\/exemple-mapa-1024x663.png\" alt=\"\" class=\"uag-image-1898\" width=\"660\" height=\"400\" title=\"exemple-mapa\" loading=\"lazy\" role=\"img\"\/><\/figure><\/div>\n<\/div>\n\n\n\n<div data-aos= \"fade-right\" data-aos-duration=\"400\" data-aos-delay=\"0\" data-aos-easing=\"ease\" data-aos-once=\"true\" class=\"wp-block-uagb-container uagb-block-428fd172\">\n<div class=\"wp-block-uagb-advanced-heading uagb-block-997faea8\"><h2 class=\"uagb-heading-text\">Ramats actuals<\/h2><\/div>\n\n\n\n<p>La p\u00e9rdida de pastores y reba\u00f1os en la situaci\u00f3n actual de cambio clim\u00e1tico, de episodios de sequ\u00eda y de aumento de la intensificaci\u00f3n agr\u00edcola, significa tambi\u00e9n el abandono del campo, la no utilizaci\u00f3n de los recursos renovables locales, el aumento del riesgo de incendios, la p\u00e9rdida de biodiversidad con la homogeneizaci\u00f3n del paisaje y el despoblamiento del territorio.<\/p>\n<\/div>\n<\/div><\/div>\n\n\n\n<div class=\"wp-block-uagb-container uagb-block-1fded0f7 alignfull uagb-is-root-container\"><div class=\"uagb-container-inner-blocks-wrap\">\n<iframe loading=\"lazy\" src=\"https:\/\/www.google.com\/maps\/d\/u\/2\/embed?mid=1tEZ1Z-SSu5tW9HctnL93IvyTyGZKIqI&#038;ehbc=2E312F\" width=\"640\" height=\"480\"><\/iframe>\n<\/div><\/div>","protected":false},"excerpt":{"rendered":"<p>Impulsem una estrat\u00e8gia de comercialitzaci\u00f3 que connecta el consum de productes ramaders amb la gesti\u00f3 del territori i la prevenci\u00f3 d\u2019incendis forestals tot promovent que els ramats integrin la pr\u00e0ctica de la silvopastura prescrita en zones forestals estrat\u00e8giques i acreditant el valor ambiental i territorial amb el segell Ramats de Foc, que certifica els seus [&hellip;]<\/p>","protected":false},"author":9,"featured_media":0,"parent":41,"menu_order":2,"comment_status":"closed","ping_status":"closed","template":"","meta":{"_uag_custom_page_level_css":"","site-sidebar-layout":"default","site-content-layout":"page-builder","ast-site-content-layout":"full-width-container","site-content-style":"unboxed","site-sidebar-style":"unboxed","ast-global-header-display":"","ast-banner-title-visibility":"","ast-main-header-display":"","ast-hfb-above-header-display":"","ast-hfb-below-header-display":"","ast-hfb-mobile-header-display":"","site-post-title":"disabled","ast-breadcrumbs-content":"","ast-featured-img":"","footer-sml-layout":"","ast-disable-related-posts":"","theme-transparent-header-meta":"enabled","adv-header-id-meta":"","stick-header-meta":"","header-above-stick-meta":"","header-main-stick-meta":"","header-below-stick-meta":"","astra-migrate-meta-layouts":"set","ast-page-background-enabled":"default","ast-page-background-meta":{"desktop":{"background-color":"var(--ast-global-color-4)","background-image":"","background-repeat":"repeat","background-position":"center center","background-size":"auto","background-attachment":"scroll","background-type":"","background-media":"","overlay-type":"","overlay-color":"","overlay-opacity":"","overlay-gradient":""},"tablet":{"background-color":"","background-image":"","background-repeat":"repeat","background-position":"center center","background-size":"auto","background-attachment":"scroll","background-type":"","background-media":"","overlay-type":"","overlay-color":"","overlay-opacity":"","overlay-gradient":""},"mobile":{"background-color":"","background-image":"","background-repeat":"repeat","background-position":"center center","background-size":"auto","background-attachment":"scroll","background-type":"","background-media":"","overlay-type":"","overlay-color":"","overlay-opacity":"","overlay-gradient":""}},"ast-content-background-meta":{"desktop":{"background-color":"var(--ast-global-color-5)","background-image":"","background-repeat":"repeat","background-position":"center center","background-size":"auto","background-attachment":"scroll","background-type":"","background-media":"","overlay-type":"","overlay-color":"","overlay-opacity":"","overlay-gradient":""},"tablet":{"background-color":"var(--ast-global-color-5)","background-image":"","background-repeat":"repeat","background-position":"center center","background-size":"auto","background-attachment":"scroll","background-type":"","background-media":"","overlay-type":"","overlay-color":"","overlay-opacity":"","overlay-gradient":""},"mobile":{"background-color":"var(--ast-global-color-5)","background-image":"","background-repeat":"repeat","background-position":"center center","background-size":"auto","background-attachment":"scroll","background-type":"","background-media":"","overlay-type":"","overlay-color":"","overlay-opacity":"","overlay-gradient":""}},"footnotes":""},"class_list":["post-3250","page","type-page","status-publish","hentry"],"yoast_head":"<!-- This site is optimized with the Yoast SEO plugin v22.6 - https:\/\/yoast.com\/wordpress\/plugins\/seo\/ -->\n<title>Comercialitzaci\u00f3 - PREPAST<\/title>\n<meta name=\"robots\" content=\"index, follow, max-snippet:-1, max-image-preview:large, max-video-preview:-1\" \/>\n<link rel=\"canonical\" href=\"https:\/\/prepast.org\/es\/actuacions\/comercialitzacio\/\" \/>\n<meta property=\"og:locale\" content=\"es_ES\" \/>\n<meta property=\"og:type\" content=\"article\" \/>\n<meta property=\"og:title\" content=\"Comercialitzaci\u00f3 - PREPAST\" \/>\n<meta property=\"og:description\" content=\"Impulsem una estrat\u00e8gia de comercialitzaci\u00f3 que connecta el consum de productes ramaders amb la gesti\u00f3 del territori i la prevenci\u00f3 d\u2019incendis forestals tot promovent que els ramats integrin la pr\u00e0ctica de la silvopastura prescrita en zones forestals estrat\u00e8giques i acreditant el valor ambiental i territorial amb el segell Ramats de Foc, que certifica els seus [&hellip;]\" \/>\n<meta property=\"og:url\" content=\"https:\/\/prepast.org\/es\/actuacions\/comercialitzacio\/\" \/>\n<meta property=\"og:site_name\" content=\"PREPAST\" \/>\n<meta property=\"article:modified_time\" content=\"2025-12-26T08:55:26+00:00\" \/>\n<meta property=\"og:image\" content=\"https:\/\/prepast.org\/wp-content\/uploads\/2025\/11\/RamatsdeFoc-300x283.png\" \/>\n<meta name=\"twitter:card\" content=\"summary_large_image\" \/>\n<meta name=\"twitter:site\" content=\"@projecteprepast\" \/>\n<meta name=\"twitter:label1\" content=\"Tiempo de lectura\" \/>\n\t<meta name=\"twitter:data1\" content=\"2 minutos\" \/>\n<script type=\"application\/ld+json\" class=\"yoast-schema-graph\">{\"@context\":\"https:\/\/schema.org\",\"@graph\":[{\"@type\":\"WebPage\",\"@id\":\"https:\/\/prepast.org\/actuacions\/comercialitzacio\/\",\"url\":\"https:\/\/prepast.org\/actuacions\/comercialitzacio\/\",\"name\":\"Comercialitzaci\u00f3 - PREPAST\",\"isPartOf\":{\"@id\":\"https:\/\/prepast.org\/#website\"},\"primaryImageOfPage\":{\"@id\":\"https:\/\/prepast.org\/actuacions\/comercialitzacio\/#primaryimage\"},\"image\":{\"@id\":\"https:\/\/prepast.org\/actuacions\/comercialitzacio\/#primaryimage\"},\"thumbnailUrl\":\"https:\/\/prepast.org\/wp-content\/uploads\/2025\/11\/RamatsdeFoc-300x283.png\",\"datePublished\":\"2025-11-27T08:38:32+00:00\",\"dateModified\":\"2025-12-26T08:55:26+00:00\",\"breadcrumb\":{\"@id\":\"https:\/\/prepast.org\/actuacions\/comercialitzacio\/#breadcrumb\"},\"inLanguage\":\"es\",\"potentialAction\":[{\"@type\":\"ReadAction\",\"target\":[\"https:\/\/prepast.org\/actuacions\/comercialitzacio\/\"]}]},{\"@type\":\"ImageObject\",\"inLanguage\":\"es\",\"@id\":\"https:\/\/prepast.org\/actuacions\/comercialitzacio\/#primaryimage\",\"url\":\"https:\/\/prepast.org\/wp-content\/uploads\/2025\/11\/RamatsdeFoc-300x283.png\",\"contentUrl\":\"https:\/\/prepast.org\/wp-content\/uploads\/2025\/11\/RamatsdeFoc-300x283.png\"},{\"@type\":\"BreadcrumbList\",\"@id\":\"https:\/\/prepast.org\/actuacions\/comercialitzacio\/#breadcrumb\",\"itemListElement\":[{\"@type\":\"ListItem\",\"position\":1,\"name\":\"Inici\",\"item\":\"https:\/\/prepast.org\/\"},{\"@type\":\"ListItem\",\"position\":2,\"name\":\"Actuacions\",\"item\":\"https:\/\/prepast.org\/actuacions\/\"},{\"@type\":\"ListItem\",\"position\":3,\"name\":\"Comercialitzaci\u00f3\"}]},{\"@type\":\"WebSite\",\"@id\":\"https:\/\/prepast.org\/#website\",\"url\":\"https:\/\/prepast.org\/\",\"name\":\"PREPAST\",\"description\":\"Pastures del Prepirineu\",\"publisher\":{\"@id\":\"https:\/\/prepast.org\/#organization\"},\"potentialAction\":[{\"@type\":\"SearchAction\",\"target\":{\"@type\":\"EntryPoint\",\"urlTemplate\":\"https:\/\/prepast.org\/?s={search_term_string}\"},\"query-input\":\"required name=search_term_string\"}],\"inLanguage\":\"es\"},{\"@type\":\"Organization\",\"@id\":\"https:\/\/prepast.org\/#organization\",\"name\":\"PREPAST\",\"url\":\"https:\/\/prepast.org\/\",\"logo\":{\"@type\":\"ImageObject\",\"inLanguage\":\"es\",\"@id\":\"https:\/\/prepast.org\/#\/schema\/logo\/image\/\",\"url\":\"https:\/\/prepast.org\/wp-content\/uploads\/2024\/03\/LOGO-PREPAST.png\",\"contentUrl\":\"https:\/\/prepast.org\/wp-content\/uploads\/2024\/03\/LOGO-PREPAST.png\",\"width\":1095,\"height\":1095,\"caption\":\"PREPAST\"},\"image\":{\"@id\":\"https:\/\/prepast.org\/#\/schema\/logo\/image\/\"},\"sameAs\":[\"https:\/\/x.com\/projecteprepast\",\"https:\/\/www.instagram.com\/projecteprepast\/\"]}]}<\/script>\n<!-- \/ Yoast SEO plugin. -->","yoast_head_json":{"title":"Comercialitzaci\u00f3 - PREPAST","robots":{"index":"index","follow":"follow","max-snippet":"max-snippet:-1","max-image-preview":"max-image-preview:large","max-video-preview":"max-video-preview:-1"},"canonical":"https:\/\/prepast.org\/es\/actuacions\/comercialitzacio\/","og_locale":"es_ES","og_type":"article","og_title":"Comercialitzaci\u00f3 - PREPAST","og_description":"Impulsem una estrat\u00e8gia de comercialitzaci\u00f3 que connecta el consum de productes ramaders amb la gesti\u00f3 del territori i la prevenci\u00f3 d\u2019incendis forestals tot promovent que els ramats integrin la pr\u00e0ctica de la silvopastura prescrita en zones forestals estrat\u00e8giques i acreditant el valor ambiental i territorial amb el segell Ramats de Foc, que certifica els seus [&hellip;]","og_url":"https:\/\/prepast.org\/es\/actuacions\/comercialitzacio\/","og_site_name":"PREPAST","article_modified_time":"2025-12-26T08:55:26+00:00","og_image":[{"url":"https:\/\/prepast.org\/wp-content\/uploads\/2025\/11\/RamatsdeFoc-300x283.png"}],"twitter_card":"summary_large_image","twitter_site":"@projecteprepast","twitter_misc":{"Tiempo de lectura":"2 minutos"},"schema":{"@context":"https:\/\/schema.org","@graph":[{"@type":"WebPage","@id":"https:\/\/prepast.org\/actuacions\/comercialitzacio\/","url":"https:\/\/prepast.org\/actuacions\/comercialitzacio\/","name":"Comercialitzaci\u00f3 - PREPAST","isPartOf":{"@id":"https:\/\/prepast.org\/#website"},"primaryImageOfPage":{"@id":"https:\/\/prepast.org\/actuacions\/comercialitzacio\/#primaryimage"},"image":{"@id":"https:\/\/prepast.org\/actuacions\/comercialitzacio\/#primaryimage"},"thumbnailUrl":"https:\/\/prepast.org\/wp-content\/uploads\/2025\/11\/RamatsdeFoc-300x283.png","datePublished":"2025-11-27T08:38:32+00:00","dateModified":"2025-12-26T08:55:26+00:00","breadcrumb":{"@id":"https:\/\/prepast.org\/actuacions\/comercialitzacio\/#breadcrumb"},"inLanguage":"es","potentialAction":[{"@type":"ReadAction","target":["https:\/\/prepast.org\/actuacions\/comercialitzacio\/"]}]},{"@type":"ImageObject","inLanguage":"es","@id":"https:\/\/prepast.org\/actuacions\/comercialitzacio\/#primaryimage","url":"https:\/\/prepast.org\/wp-content\/uploads\/2025\/11\/RamatsdeFoc-300x283.png","contentUrl":"https:\/\/prepast.org\/wp-content\/uploads\/2025\/11\/RamatsdeFoc-300x283.png"},{"@type":"BreadcrumbList","@id":"https:\/\/prepast.org\/actuacions\/comercialitzacio\/#breadcrumb","itemListElement":[{"@type":"ListItem","position":1,"name":"Inici","item":"https:\/\/prepast.org\/"},{"@type":"ListItem","position":2,"name":"Actuacions","item":"https:\/\/prepast.org\/actuacions\/"},{"@type":"ListItem","position":3,"name":"Comercialitzaci\u00f3"}]},{"@type":"WebSite","@id":"https:\/\/prepast.org\/#website","url":"https:\/\/prepast.org\/","name":"PREPAST","description":"Pastos del Prepirineo","publisher":{"@id":"https:\/\/prepast.org\/#organization"},"potentialAction":[{"@type":"SearchAction","target":{"@type":"EntryPoint","urlTemplate":"https:\/\/prepast.org\/?s={search_term_string}"},"query-input":"required name=search_term_string"}],"inLanguage":"es"},{"@type":"Organization","@id":"https:\/\/prepast.org\/#organization","name":"PREPAST","url":"https:\/\/prepast.org\/","logo":{"@type":"ImageObject","inLanguage":"es","@id":"https:\/\/prepast.org\/#\/schema\/logo\/image\/","url":"https:\/\/prepast.org\/wp-content\/uploads\/2024\/03\/LOGO-PREPAST.png","contentUrl":"https:\/\/prepast.org\/wp-content\/uploads\/2024\/03\/LOGO-PREPAST.png","width":1095,"height":1095,"caption":"PREPAST"},"image":{"@id":"https:\/\/prepast.org\/#\/schema\/logo\/image\/"},"sameAs":["https:\/\/x.com\/projecteprepast","https:\/\/www.instagram.com\/projecteprepast\/"]}]}},"uagb_featured_image_src":{"full":false,"thumbnail":false,"medium":false,"medium_large":false,"large":false,"1536x1536":false,"2048x2048":false,"trp-custom-language-flag":false},"uagb_author_info":{"display_name":"gestiolasabina","author_link":"https:\/\/prepast.org\/es\/author\/gestiolasabina\/"},"uagb_comment_info":0,"uagb_excerpt":"Impulsem una estrat\u00e8gia de comercialitzaci\u00f3 que connecta el consum de productes ramaders amb la gesti\u00f3 del territori i la prevenci\u00f3 d\u2019incendis forestals tot promovent que els ramats integrin la pr\u00e0ctica de la silvopastura prescrita en zones forestals estrat\u00e8giques i acreditant el valor ambiental i territorial amb el segell Ramats de Foc, que certifica els seus&hellip;","_links":{"self":[{"href":"https:\/\/prepast.org\/es\/wp-json\/wp\/v2\/pages\/3250","targetHints":{"allow":["GET"]}}],"collection":[{"href":"https:\/\/prepast.org\/es\/wp-json\/wp\/v2\/pages"}],"about":[{"href":"https:\/\/prepast.org\/es\/wp-json\/wp\/v2\/types\/page"}],"author":[{"embeddable":true,"href":"https:\/\/prepast.org\/es\/wp-json\/wp\/v2\/users\/9"}],"replies":[{"embeddable":true,"href":"https:\/\/prepast.org\/es\/wp-json\/wp\/v2\/comments?post=3250"}],"version-history":[{"count":28,"href":"https:\/\/prepast.org\/es\/wp-json\/wp\/v2\/pages\/3250\/revisions"}],"predecessor-version":[{"id":3395,"href":"https:\/\/prepast.org\/es\/wp-json\/wp\/v2\/pages\/3250\/revisions\/3395"}],"up":[{"embeddable":true,"href":"https:\/\/prepast.org\/es\/wp-json\/wp\/v2\/pages\/41"}],"wp:attachment":[{"href":"https:\/\/prepast.org\/es\/wp-json\/wp\/v2\/media?parent=3250"}],"curies":[{"name":"wp","href":"https:\/\/api.w.org\/{rel}","templated":true}]}}