{"id":40,"date":"2023-06-08T07:03:08","date_gmt":"2023-06-08T07:03:08","guid":{"rendered":"https:\/\/wide-wolfsbane-er.zipwp.link\/?page_id=40"},"modified":"2026-01-07T10:05:20","modified_gmt":"2026-01-07T09:05:20","slug":"projecte","status":"publish","type":"page","link":"https:\/\/prepast.org\/es\/projecte\/","title":{"rendered":"Conoce el proyecto"},"content":{"rendered":"<div class=\"wp-block-uagb-container uagb-block-991acff1 alignfull uagb-is-root-container\"><div class=\"uagb-container-inner-blocks-wrap\">\n<div class=\"wp-block-uagb-advanced-heading uagb-block-fac56ad5\"><h1 class=\"uagb-heading-text\">Conoce el proyecto<\/h1><\/div>\n<\/div><\/div>\n\n\n\n<div id=\"prepast\" class=\"wp-block-uagb-container uagb-block-93cdf6ba alignfull uagb-is-root-container\"><div class=\"uagb-container-inner-blocks-wrap\">\n<div class=\"wp-block-uagb-container uagb-block-88c5fa18\">\n<div class=\"wp-block-uagb-advanced-heading uagb-block-cb5c4d1a\"><h2 class=\"uagb-heading-text\">Sobre PREPAST<\/h2><p class=\"uagb-desc-text\">El proyecto PREPAST nace de la preocupaci\u00f3n por la desaparici\u00f3n de reba\u00f1os extensivos del territorio, lo que supone problemas ecol\u00f3gicos, econ\u00f3micos y sociales.<\/p><\/div>\n\n\n\n<p>La p\u00e9rdida de pastores y reba\u00f1os en la situaci\u00f3n actual de cambio clim\u00e1tico, de episodios de sequ\u00eda y de aumento de la intensificaci\u00f3n agr\u00edcola, significa tambi\u00e9n el abandono del campo, la no utilizaci\u00f3n de los recursos renovables locales, el aumento del riesgo de incendios, la p\u00e9rdida de biodiversidad con la homogeneizaci\u00f3n del paisaje y el despoblamiento del territorio.<\/p>\n\n\n\n<p>Para potenciar la bioeconom\u00eda, la transici\u00f3n ecol\u00f3gica y la lucha contra el despoblamiento rural, se persigue promocionar la ganader\u00eda extensiva y servicios asociados en \u00e1reas del Prepirineo y su potencial como infraestructura verde.<\/p>\n<\/div>\n\n\n\n<div class=\"wp-block-uagb-container uagb-block-27a5153e\">\n<div class=\"wp-block-uagb-advanced-heading uagb-block-24838f02\"><h3 class=\"uagb-heading-text\">Objetivos<\/h3><\/div>\n\n\n\n<div class=\"wp-block-uagb-container uagb-block-da33f0b8\">\n<div class=\"wp-block-uagb-advanced-heading uagb-block-d18768ac\"><div class=\"uagb-heading-text\">Pr\u00e1cticas sostenibles<\/div><p class=\"uagb-desc-text\">Aprovechamiento de recursos locales renovables para realizar productos de calidad con impacto social y medioambiental positivo.<\/p><\/div>\n\n\n\n<div class=\"wp-block-uagb-advanced-heading uagb-block-196fcd34\"><div class=\"uagb-heading-text\">Cambio clim\u00e1tico<\/div><p class=\"uagb-desc-text\">Prevenci\u00f3n del riesgo de incendios forestales, de la p\u00e9rdida de biodiversidad y de la homogeneizaci\u00f3n del paisaje<\/p><\/div>\n\n\n\n<div class=\"wp-block-uagb-advanced-heading uagb-block-a4205811\"><div class=\"uagb-heading-text\">Impacto social<\/div><p class=\"uagb-desc-text\">Lucha contra el despoblamiento y la desigualdad de g\u00e9nero en el mundo rural. Empoderamiento del oficio de pastor.<\/p><\/div>\n<\/div>\n<\/div>\n<\/div><\/div>\n\n\n\n<div id=\"visio\" class=\"wp-block-uagb-container uagb-block-debebbb4 alignfull uagb-is-root-container\"><div class=\"uagb-container-inner-blocks-wrap\">\n\t\t\t\t\n\t<style type=\"text\/css\">\n\t\t.slider-info-1822.bafg-slider-info .bafg-slider-title {\n\t\t\t\t\t\tfont-size: 22px;\n\t\t\t\t\t\t\n\t\t\t\n\t\t\t\t\t}\n\n\t\t.slider-info-1822.bafg-slider-info .bafg-slider-description {\n\t\t\t\n\t\t\t\n\t\t\t\t\t}\n\n\t\t.slider-info-1822.bafg-slider-info .bafg_slider_readmore_button {\n\t\t\t\n\t\t\t\n\t\t\t\n\t\t\t\n\t\t\t\n\t\t\ttext-align: center;\n\n\t\t\t\n\t\t\t\n\t\t\t\n\t\t\t\n\t\t\t\n\t\t\t\n\t\t\t\t\t}\n\n\t\t.slider-info-1822.bafg-slider-info .bafg_slider_readmore_button:hover {\n\n\t\t\t\n\t\t\t\n\t\t\t\t\t}\n\n\t<\/style>\n\t\n\t\t\t<div class=\"bafg-twentytwenty-container slider-1822\"\n\t\t\t\tbafg-orientation=\"horizontal\" bafg-default-offset=\"0.5\"\n\t\t\t\tbafg-before-label=\"Before\"\n\t\t\t\tbafg-after-label=\"After\"\n\t\t\t\tbafg-overlay=\"\"\n\t\t\t\tbafg-move-slider-on-hover=\"\"\n\t\t\t\tbafg-click-to-move=\"\">\n\n\t\t\t\t\t\t\t\t<img class=\"skip-lazy\" data-skip-lazy\t\t\t\t\tsrc=\"https:\/\/prepast.org\/wp-content\/uploads\/2024\/05\/passat.jpg\" alt=\"Passat\">\n\t\t\t\t<img class=\"skip-lazy\" data-skip-lazy\t\t\t\t\tsrc=\"https:\/\/prepast.org\/wp-content\/uploads\/2024\/05\/futur.jpg\" alt=\"Futur\">\n\n\t\t\t<\/div>\n\n\t\t\t\t<div class=\"bafg-slider-info-wraper\">\n\t\t<div style=\"\" class=\"slider-info-1822 bafg-slider-info\">\n\t\t\t\t\t<\/div>\n\t<\/div>\n\t\n\t\t\t<style type=\"text\/css\">\n\t\t\t\t\t\t\t\t\t\t\t<\/style>\n\t\t\t\n<\/div><\/div>\n\n\n\n<div class=\"wp-block-uagb-container uagb-block-993d9d47 alignfull uagb-is-root-container\"><div class=\"uagb-container-inner-blocks-wrap\">\n<div class=\"wp-block-uagb-container uagb-block-048f69a3\">\n<div class=\"wp-block-uagb-advanced-heading uagb-block-f5d61219\"><h3 class=\"uagb-heading-text\">Visi\u00f3n<\/h3><p class=\"uagb-desc-text\">Un paisaje donde reba\u00f1os y pastores sean una pieza m\u00e1s de la gesti\u00f3n del entorno natural y se les reconozca social y econ\u00f3micamente este trabajo.<\/p><\/div>\n\n\n\n<div class=\"wp-block-uagb-advanced-heading uagb-block-3919338e\"><h3 class=\"uagb-heading-text\">Misi\u00f3n<\/h3><p class=\"uagb-desc-text\">PREPAST debe ser un catalizador y un proyecto demostrativo. Trabajamos para sentar las bases para la revitalizaci\u00f3n de la ganader\u00eda extensiva en las monta\u00f1as del Prepirineo. M\u00e1s importante que el proyecto es lo que quede por el futuro.<\/p><\/div>\n<\/div>\n<\/div><\/div>\n\n\n\n<div id=\"territori\" class=\"wp-block-uagb-container uagb-block-a73b001e alignfull uagb-is-root-container\"><div class=\"uagb-container-inner-blocks-wrap\">\n<div class=\"wp-block-uagb-container uagb-block-1bff3f2d\">\n<div class=\"wp-block-uagb-advanced-heading uagb-block-edc25a44\"><h2 class=\"uagb-heading-text\">Territorio<\/h2><\/div>\n<\/div>\n\n\n\n<div data-aos= \"fade-up\" data-aos-duration=\"400\" data-aos-delay=\"0\" data-aos-easing=\"ease\" data-aos-once=\"true\" class=\"wp-block-uagb-container uagb-block-29046a7a\">\n<div class=\"wp-block-uagb-container uagb-block-d8417d55\">\n<div class=\"wp-block-uagb-advanced-heading uagb-block-05034f1b\"><h2 class=\"uagb-heading-text\">01.<\/h2><\/div>\n\n\n\n<div class=\"wp-block-uagb-image uagb-block-726f561e wp-block-uagb-image--layout-default wp-block-uagb-image--effect-static wp-block-uagb-image--align-none\"><figure class=\"wp-block-uagb-image__figure\"><img decoding=\"async\" srcset=\"https:\/\/prepast.org\/wp-content\/uploads\/2024\/04\/ramat-2-1024x680.jpg ,https:\/\/prepast.org\/wp-content\/uploads\/2024\/04\/ramat-2.jpg 780w, https:\/\/prepast.org\/wp-content\/uploads\/2024\/04\/ramat-2.jpg 360w\" sizes=\"auto, (max-width: 480px) 150px\" src=\"https:\/\/prepast.org\/wp-content\/uploads\/2024\/04\/ramat-2-1024x680.jpg\" alt=\"\" class=\"uag-image-1680\" width=\"1024\" height=\"680\" title=\"\" loading=\"lazy\" role=\"img\"\/><\/figure><\/div>\n\n\n\n<div class=\"wp-block-uagb-info-box uagb-block-45a3648b uagb-infobox__content-wrap  uagb-infobox-icon-above-title uagb-infobox-image-valign-top\"><div class=\"uagb-ifb-content\"><div class=\"uagb-ifb-title-wrap\"><h3 class=\"uagb-ifb-title\">Sierras del Montsec y de Boumort<\/h3><\/div><p class=\"uagb-ifb-desc\">Se compara la situaci\u00f3n ganadera actual y la hist\u00f3rica, se estudia el potencial pastoral del territorio, se detectan las zonas estrat\u00e9gicas para la prevenci\u00f3n de incendios, la potencial mejora de la biodiversidad con la recuperaci\u00f3n de pastos y reba\u00f1os y el inter\u00e9s social en cada zona.<br><br>Con esta diagnosis realizada se determinan unas zonas de actuaci\u00f3n prioritaria para la incorporaci\u00f3n de reba\u00f1os. Se proponen medidas de gesti\u00f3n y manejo que se aplican en 5 reba\u00f1os y que incluyen trabajos forestales, arreglo de infraestructuras, compra de reba\u00f1os y nuevas incorporaciones de pastores y pastoras.<\/p><\/div><\/div>\n<\/div>\n\n\n\n<div class=\"wp-block-uagb-container uagb-block-56d3e5f2\">\n<div class=\"wp-block-uagb-advanced-heading uagb-block-2cef8d7e\"><h2 class=\"uagb-heading-text\">02.<\/h2><\/div>\n\n\n\n<div class=\"wp-block-uagb-image uagb-block-83ed131a wp-block-uagb-image--layout-default wp-block-uagb-image--effect-static wp-block-uagb-image--align-none\"><figure class=\"wp-block-uagb-image__figure\"><img decoding=\"async\" srcset=\"https:\/\/prepast.org\/wp-content\/uploads\/2024\/04\/ramat-1024x679.jpg ,https:\/\/prepast.org\/wp-content\/uploads\/2024\/04\/ramat.jpg 780w, https:\/\/prepast.org\/wp-content\/uploads\/2024\/04\/ramat.jpg 360w\" sizes=\"auto, (max-width: 480px) 150px\" src=\"https:\/\/prepast.org\/wp-content\/uploads\/2024\/04\/ramat-1024x679.jpg\" alt=\"Ramat d'ovelles pasturant\" class=\"uag-image-1665\" width=\"1024\" height=\"679\" title=\"\" loading=\"lazy\" role=\"img\"\/><\/figure><\/div>\n\n\n\n<div class=\"wp-block-uagb-info-box uagb-block-23c9fba4 uagb-infobox__content-wrap  uagb-infobox-icon-above-title uagb-infobox-image-valign-top\"><div class=\"uagb-ifb-content\"><div class=\"uagb-ifb-title-wrap\"><h3 class=\"uagb-ifb-title\">Prepirineo de Lleida<\/h3><\/div><p class=\"uagb-ifb-desc\">Se ponen en marcha herramientas para potenciar la ganader\u00eda extensiva: fondos de pastos, contrato modelo entre propietarios de pastos y ganaderos, manual de buenas pr\u00e1cticas, promoci\u00f3n de productos derivados de la ganader\u00eda extensiva y actividades tur\u00edsticas en torno a reba\u00f1os y pastores.<\/p><\/div><\/div>\n<\/div>\n\n\n\n<div class=\"wp-block-uagb-container uagb-block-413163dc\">\n<div class=\"wp-block-uagb-advanced-heading uagb-block-53854577\"><h2 class=\"uagb-heading-text\">03.<\/h2><\/div>\n\n\n\n<div class=\"wp-block-uagb-image uagb-block-7ec91f09 wp-block-uagb-image--layout-default wp-block-uagb-image--effect-static wp-block-uagb-image--align-none\"><figure class=\"wp-block-uagb-image__figure\"><img decoding=\"async\" srcset=\"https:\/\/prepast.org\/wp-content\/uploads\/2025\/11\/Prepast-1-1024x678.jpg ,https:\/\/prepast.org\/wp-content\/uploads\/2025\/11\/Prepast-1.jpg 780w, https:\/\/prepast.org\/wp-content\/uploads\/2025\/11\/Prepast-1.jpg 360w\" sizes=\"auto, (max-width: 480px) 150px\" src=\"https:\/\/prepast.org\/wp-content\/uploads\/2025\/11\/Prepast-1-1024x678.jpg\" alt=\"\" class=\"uag-image-3253\" width=\"1024\" height=\"678\" title=\"Prepast 1\" loading=\"lazy\" role=\"img\"\/><\/figure><\/div>\n\n\n\n<div class=\"wp-block-uagb-info-box uagb-block-2604c854 uagb-infobox__content-wrap  uagb-infobox-icon-above-title uagb-infobox-image-valign-top\"><div class=\"uagb-ifb-content\"><div class=\"uagb-ifb-title-wrap\"><h3 class=\"uagb-ifb-title\">Prepirineo espa\u00f1ol<\/h3><\/div><p class=\"uagb-ifb-desc\">Un estudio meramente estad\u00edstico estimar\u00e1 el alcance que podr\u00eda tener la recuperaci\u00f3n de la ganader\u00eda extensiva en base a resultados anteriores.<\/p><\/div><\/div>\n<\/div>\n<\/div>\n<\/div><\/div>\n\n\n\n<div class=\"wp-block-uagb-container uag-hide-desktop uag-hide-tab uag-hide-mob uagb-block-1edb85f4 alignfull uagb-is-root-container\"><div class=\"uagb-container-inner-blocks-wrap\">\n<div data-aos= \"fade-down\" data-aos-duration=\"400\" data-aos-delay=\"0\" data-aos-easing=\"ease\" data-aos-once=\"true\" class=\"wp-block-uagb-info-box uagb-block-d291bca6 uagb-infobox__content-wrap  uagb-infobox-icon-above-title uagb-infobox-image-valign-top\"><div class=\"uagb-ifb-content\"><div class=\"uagb-ifb-title-wrap\"><h2 class=\"uagb-ifb-title\">Territorio<\/h2><\/div><\/div><\/div>\n\n\n\n<div class=\"wp-block-uagb-container uag-blocks-common-selector uagb-layout-flex uagb-block-4e379a0a\">\t\t<div id=\"wpmapblock_5b1e773c\" data-settings='{&quot;map_marker&quot;:[{&quot;lat&quot;:&quot;42.674358576934&quot;,&quot;lng&quot;:&quot;1.1860575712333&quot;,&quot;title&quot;:&quot;Montsec&quot;,&quot;content&quot;:&quot;A Beautiful Country&quot;,&quot;iconType&quot;:&quot;default&quot;,&quot;customIconUrl&quot;:&quot;&quot;,&quot;customIconWidth&quot;:&quot;25&quot;,&quot;customIconHeight&quot;:&quot;40&quot;},{&quot;lat&quot;:&quot;42.2712139&quot;,&quot;lng&quot;:&quot;1.2332126&quot;,&quot;title&quot;:&quot;Prepirineu&quot;,&quot;content&quot;:&quot;&quot;,&quot;iconType&quot;:&quot;default&quot;,&quot;customIconUrl&quot;:&quot;&quot;,&quot;customIconWidth&quot;:&quot;25&quot;,&quot;customIconHeight&quot;:&quot;40&quot;},{&quot;lat&quot;:&quot;42.924251753871&quot;,&quot;lng&quot;:&quot;0.11104586485017&quot;,&quot;title&quot;:&quot;3&quot;,&quot;content&quot;:&quot;&quot;,&quot;iconType&quot;:&quot;default&quot;,&quot;customIconUrl&quot;:&quot;&quot;,&quot;customIconWidth&quot;:&quot;25&quot;,&quot;customIconHeight&quot;:&quot;40&quot;}],&quot;map_zoom&quot;:&quot;9&quot;,&quot;scroll_wheel_zoom&quot;:&quot;1&quot;,&quot;map_type&quot;:&quot;OSM&quot;,&quot;center_index&quot;:0}' class=\"wpmapblockrender\" style=\"\t\t\twidth: 100%;\t\t\theight: 500px;\t\t\"><\/div>\n        <\/div>\n\n\n\n<div data-aos= \"fade-up\" data-aos-duration=\"400\" data-aos-delay=\"0\" data-aos-easing=\"ease\" data-aos-once=\"true\" class=\"wp-block-uagb-container uag-blocks-common-selector uagb-block-bb214443\">\n<div class=\"wp-block-uagb-container uagb-block-6761bdee\">\n<div class=\"wp-block-uagb-advanced-heading uagb-block-9a5beeac\"><h2 class=\"uagb-heading-text\">01.<\/h2><\/div>\n\n\n\n<div class=\"wp-block-uagb-image uagb-block-91666408 wp-block-uagb-image--layout-default wp-block-uagb-image--effect-static wp-block-uagb-image--align-none\"><figure class=\"wp-block-uagb-image__figure\"><img decoding=\"async\" srcset=\"https:\/\/prepast.org\/wp-content\/uploads\/2024\/04\/ramat-2-1024x680.jpg ,https:\/\/prepast.org\/wp-content\/uploads\/2024\/04\/ramat-2.jpg 780w, https:\/\/prepast.org\/wp-content\/uploads\/2024\/04\/ramat-2.jpg 360w\" sizes=\"auto, (max-width: 480px) 150px\" src=\"https:\/\/prepast.org\/wp-content\/uploads\/2024\/04\/ramat-2-1024x680.jpg\" alt=\"\" class=\"uag-image-1680\" width=\"1024\" height=\"680\" title=\"\" loading=\"lazy\" role=\"img\"\/><\/figure><\/div>\n\n\n\n<div class=\"wp-block-uagb-info-box uagb-block-c813711c uagb-infobox__content-wrap  uagb-infobox-icon-above-title uagb-infobox-image-valign-top\"><div class=\"uagb-ifb-content\"><div class=\"uagb-ifb-title-wrap\"><h3 class=\"uagb-ifb-title\">Sierras del Montsec y de Boumort<\/h3><\/div><p class=\"uagb-ifb-desc\">Se compara la situaci\u00f3n ganadera actual y la hist\u00f3rica, se estudia el potencial pastoral del territorio, se detectan las zonas estrat\u00e9gicas para la prevenci\u00f3n de incendios, la potencial mejora de la biodiversidad con la recuperaci\u00f3n de pastos y reba\u00f1os y el inter\u00e9s social en cada zona.<br><br>Con esta diagnosis realizada se determinan unas zonas de actuaci\u00f3n prioritaria para la incorporaci\u00f3n de reba\u00f1os. Se proponen medidas de gesti\u00f3n y manejo que se aplican en 5 reba\u00f1os y que incluyen trabajos forestales, arreglo de infraestructuras, compra de reba\u00f1os y nuevas incorporaciones de pastores y pastoras.<\/p><\/div><\/div>\n<\/div>\n\n\n\n<div class=\"wp-block-uagb-container uagb-block-fe4e53f3\">\n<div class=\"wp-block-uagb-advanced-heading uagb-block-9abeeb93\"><h2 class=\"uagb-heading-text\">02.<\/h2><\/div>\n\n\n\n<div class=\"wp-block-uagb-image uagb-block-cd59ccbd wp-block-uagb-image--layout-default wp-block-uagb-image--effect-static wp-block-uagb-image--align-none\"><figure class=\"wp-block-uagb-image__figure\"><img decoding=\"async\" srcset=\"https:\/\/prepast.org\/wp-content\/uploads\/2024\/04\/ramat-1024x679.jpg ,https:\/\/prepast.org\/wp-content\/uploads\/2024\/04\/ramat.jpg 780w, https:\/\/prepast.org\/wp-content\/uploads\/2024\/04\/ramat.jpg 360w\" sizes=\"auto, (max-width: 480px) 150px\" src=\"https:\/\/prepast.org\/wp-content\/uploads\/2024\/04\/ramat-1024x679.jpg\" alt=\"Ramat d'ovelles pasturant\" class=\"uag-image-1665\" width=\"1024\" height=\"679\" title=\"\" loading=\"lazy\" role=\"img\"\/><\/figure><\/div>\n\n\n\n<div class=\"wp-block-uagb-info-box uagb-block-3c7f2e12 uagb-infobox__content-wrap  uagb-infobox-icon-above-title uagb-infobox-image-valign-top\"><div class=\"uagb-ifb-content\"><div class=\"uagb-ifb-title-wrap\"><h3 class=\"uagb-ifb-title\">Prepirineo de Lleida<\/h3><\/div><p class=\"uagb-ifb-desc\">Se ponen en marcha herramientas para potenciar la ganader\u00eda extensiva: fondos de pastos, contrato modelo entre propietarios de pastos y ganaderos, manual de buenas pr\u00e1cticas, promoci\u00f3n de productos derivados de la ganader\u00eda extensiva y actividades tur\u00edsticas en torno a reba\u00f1os y pastores.<\/p><\/div><\/div>\n<\/div>\n\n\n\n<div class=\"wp-block-uagb-container uagb-block-746166cc\">\n<div class=\"wp-block-uagb-advanced-heading uagb-block-e5eab235\"><h2 class=\"uagb-heading-text\">03.<\/h2><\/div>\n\n\n\n<div class=\"wp-block-uagb-image uagb-block-62e85f68 wp-block-uagb-image--layout-default wp-block-uagb-image--effect-static wp-block-uagb-image--align-none\"><figure class=\"wp-block-uagb-image__figure\"><img decoding=\"async\" srcset=\"https:\/\/prepast.org\/wp-content\/uploads\/2024\/03\/photo-1598181162450-56296491375c-1024x683.jpeg ,https:\/\/prepast.org\/wp-content\/uploads\/2024\/03\/photo-1598181162450-56296491375c.jpeg 780w, https:\/\/prepast.org\/wp-content\/uploads\/2024\/03\/photo-1598181162450-56296491375c.jpeg 360w\" sizes=\"auto, (max-width: 480px) 150px\" src=\"https:\/\/prepast.org\/wp-content\/uploads\/2024\/03\/photo-1598181162450-56296491375c-1024x683.jpeg\" alt=\"The sheep\" class=\"uag-image-1486\" width=\"1024\" height=\"683\" title=\"photo-1598181162450-56296491375c\" loading=\"lazy\" role=\"img\"\/><\/figure><\/div>\n\n\n\n<div class=\"wp-block-uagb-info-box uagb-block-ce1ff53c uagb-infobox__content-wrap  uagb-infobox-icon-above-title uagb-infobox-image-valign-top\"><div class=\"uagb-ifb-content\"><div class=\"uagb-ifb-title-wrap\"><h3 class=\"uagb-ifb-title\">Prepirineo espa\u00f1ol<\/h3><\/div><p class=\"uagb-ifb-desc\">Un estudio meramente estad\u00edstico estimar\u00e1 el alcance que podr\u00eda tener la recuperaci\u00f3n de la ganader\u00eda extensiva en base a resultados anteriores.<\/p><\/div><\/div>\n<\/div>\n<\/div>\n<\/div><\/div>\n\n\n\n<div id=\"qui\" class=\"wp-block-uagb-container uagb-block-f47e1f9e alignfull uagb-is-root-container\"><div class=\"uagb-container-inner-blocks-wrap\">\n<div data-aos= \"fade-down\" data-aos-duration=\"400\" data-aos-delay=\"0\" data-aos-easing=\"ease\" data-aos-once=\"true\" class=\"wp-block-uagb-info-box uagb-block-3a3141d3 uagb-infobox__content-wrap  uagb-infobox-icon-above-title uagb-infobox-image-valign-top\"><div class=\"uagb-ifb-content\"><div class=\"uagb-ifb-title-wrap\"><h2 class=\"uagb-ifb-title\">Qui\u00e9nes somos<\/h2><\/div><\/div><\/div>\n\n\n\n<div class=\"wp-block-uagb-container uagb-block-a2f7f407\">\n<div class=\"wp-block-uagb-container uagb-block-faa313b7\">\n<div class=\"wp-block-uagb-info-box uagb-block-739f62bc uagb-infobox__content-wrap  uagb-infobox_cta-type-all uagb-infobox-icon-above-title uagb-infobox-image-valign-top\"><a href=\"https:\/\/www.ctfc.cat\/\" class=\"uagb-infobox-link-wrap uagb-infbox__link-to-all\" target=\"_blank\" aria-label=\"Infobox Link\" rel=\"noopener noreferrer\" onclick=\"return true;\"><\/a><div class=\"uagb-ifb-content\"><div class=\"uagb-ifb-image-content\"><img decoding=\"async\" src=\"https:\/\/prepast.org\/wp-content\/uploads\/2024\/04\/ctfc.png\" alt=\"\" width=\"189\" height=\"54\" loading=\"lazy\"\/><\/div><div class=\"uagb-ifb-title-wrap\"><\/div><p class=\"uagb-ifb-desc\">El Centro de Ciencia y Tecnolog\u00eda Forestal de Catalu\u00f1a (CTFC) es un centro de investigaci\u00f3n adscrito a la Generalidad de Catalu\u00f1a. Trabajan a partir de tres programas: la gesti\u00f3n forestal multifuncional, la din\u00e1mica del paisaje y la biodiversidad, y la bioeconom\u00eda, la salud y la gobernanza.<br>La recerca desenvolupada en aquests programes es centra en aspectes clau com l&#8217;equilibri de funcions del medi natural, l&#8217;adaptaci\u00f3 al canvi clim\u00e0tic i la competitivitat al llarg de les cadenes de valor. Part de l&#8217;activitat realitzada als programes es transfereix a trav\u00e9s de la societat FBS.<\/p><div class=\"uagb-ifb-button-wrapper wp-block-button\"><\/div><\/div><\/div>\n<\/div>\n\n\n\n<div class=\"wp-block-uagb-container uagb-block-eaef30c1\">\n<div class=\"wp-block-uagb-info-box uagb-block-7cd3dd68 uagb-infobox__content-wrap  uagb-infobox_cta-type-all uagb-infobox-icon-above-title uagb-infobox-image-valign-top\"><a href=\"https:\/\/lasabina.cat\/\" class=\"uagb-infobox-link-wrap uagb-infbox__link-to-all\" target=\"_blank\" aria-label=\"Infobox Link\" rel=\"noopener noreferrer\" onclick=\"return true;\"><\/a><div class=\"uagb-ifb-content\"><div class=\"uagb-ifb-image-content\"><img decoding=\"async\" src=\"https:\/\/prepast.org\/wp-content\/uploads\/2024\/04\/LA-SABINA-1024x341.png\" alt=\"\" width=\"190\" height=\"63\" loading=\"lazy\"\/><\/div><div class=\"uagb-ifb-title-wrap\"><\/div><p class=\"uagb-ifb-desc\">La Asociaci\u00f3n para la Salvaguarda de la Biodiversidad y la Naturaleza \u201cLa Sabina\u201d es una organizaci\u00f3n sin \u00e1nimo de lucro que trabaja por la conservaci\u00f3n del patrimonio natural con proyectos de conservaci\u00f3n de especies y h\u00e1bitats, en educaci\u00f3n ambiental, en ecoturismo y en la revitalizaci\u00f3n del mundo rural principalmente en la provincia de L\u00e9rida.<\/p><div class=\"uagb-ifb-button-wrapper wp-block-button\"><\/div><\/div><\/div>\n<\/div>\n<\/div>\n\n\n\n<div class=\"wp-block-uagb-container uagb-block-721d0ce7\">\n<div class=\"wp-block-uagb-container uagb-block-2b3eccf1\">\n<div class=\"wp-block-uagb-info-box uagb-block-54520df6 uagb-infobox__content-wrap  uagb-infobox_cta-type-all uagb-infobox-icon-above-title uagb-infobox-image-valign-top\"><a href=\"http:\/\/www.paucostafoundation.org\/\" class=\"uagb-infobox-link-wrap uagb-infbox__link-to-all\" target=\"_blank\" aria-label=\"Infobox Link\" rel=\"noopener noreferrer\" onclick=\"return true;\"><\/a><div class=\"uagb-ifb-content\"><div class=\"uagb-ifb-image-content\"><img decoding=\"async\" src=\"https:\/\/prepast.org\/wp-content\/uploads\/2024\/04\/logo_pcf.png\" alt=\"\" width=\"190\" height=\"77\" loading=\"lazy\"\/><\/div><div class=\"uagb-ifb-title-wrap\"><\/div><p class=\"uagb-ifb-desc\">La Fundaci\u00f3n Pau Costa es una entidad global sin \u00e1nimo de lucro que pone el foco en la prevenci\u00f3n y gesti\u00f3n de incendios forestales desde la perspectiva de la ecolog\u00eda del fuego.<br>Des del 2011, treballen per facilitar la trobada entre investigadors, serveis d\u2019emerg\u00e8ncia, administraci\u00f3 p\u00fablica, empresa privada i societat civil, amb la vocaci\u00f3 de divulgar coneixement de la cultura del foc i fer tangibles projectes conjunts arreu del m\u00f3n.<\/p><div class=\"uagb-ifb-button-wrapper wp-block-button\"><\/div><\/div><\/div>\n<\/div>\n\n\n\n<div class=\"wp-block-uagb-container uagb-block-268573a4\">\n<div class=\"wp-block-uagb-info-box uagb-block-be66267f uagb-infobox__content-wrap  uagb-infobox_cta-type-all uagb-infobox-icon-above-title uagb-infobox-image-valign-top\"><a href=\"https:\/\/www.ager.cat\/\" class=\"uagb-infobox-link-wrap uagb-infbox__link-to-all\" target=\"_blank\" aria-label=\"Infobox Link\" rel=\"noopener noreferrer\" onclick=\"return true;\"><\/a><div class=\"uagb-ifb-content\"><div class=\"uagb-ifb-image-content\"><img decoding=\"async\" src=\"https:\/\/prepast.org\/wp-content\/uploads\/2024\/04\/ager.png\" alt=\"\" width=\"200\" height=\"60\" loading=\"lazy\"\/><\/div><div class=\"uagb-ifb-title-wrap\"><\/div><p class=\"uagb-ifb-desc\">El municipio de \u00c0ger, en la Noguera, est\u00e1 en el coraz\u00f3n del Montsec. Acoge 9 pueblos y es uno de los t\u00e9rminos municipales m\u00e1s extensos de Lleida. El turismo y la actividad agraria son los pilares de su econom\u00eda. Actualmente hay tres reba\u00f1os de ovejas muy por debajo de los cerca de medio centenar que hab\u00eda d\u00e9cadas atr\u00e1s. Es voluntad del consistorio promover y recuperar el pasto de su t\u00e9rmino como fuente de riqueza y gesti\u00f3n del entorno.<\/p><div class=\"uagb-ifb-button-wrapper wp-block-button\"><\/div><\/div><\/div>\n<\/div>\n<\/div>\n<\/div><\/div>\n\n\n\n<div id=\"dones\" class=\"wp-block-uagb-container uagb-block-66d62512 alignfull uagb-is-root-container\"><div class=\"uagb-container-inner-blocks-wrap\">\n<div class=\"wp-block-uagb-container uagb-block-6c6f04fa alignfull uagb-is-root-container\"><div class=\"uagb-container-inner-blocks-wrap\">\n<div class=\"wp-block-uagb-advanced-heading uagb-block-eba9a7b2\"><h2 class=\"uagb-heading-text\">Ellas tienen mucho que decir<\/h2><p class=\"uagb-desc-text\">PREPAST es especialmente sensible a la igualdad de g\u00e9nero. Desde las personas involucradas directamente en la ejecuci\u00f3n del proyecto hasta la b\u00fasqueda de profesionales en las diferentes fases. Sin ellas PREPAST no ser\u00eda posible<\/p><\/div>\n\n\n\n<div class=\"wp-block-uagb-container uagb-block-9abb6c25\">\n<div class=\"wp-block-uagb-container uagb-block-0a35ff2e\">\n<div class=\"wp-block-uagb-container profile uagb-block-a14dc39d\">\n<div class=\"wp-block-uagb-info-box uagb-block-538dd8d5 uagb-infobox__content-wrap  uagb-infobox-icon-above-title uagb-infobox-image-valign-top\"><div class=\"uagb-ifb-content\"><div class=\"uagb-ifb-image-content\"><img decoding=\"async\" src=\"https:\/\/prepast.org\/wp-content\/uploads\/2024\/12\/IMG-20240610-WA0045-768x1024.jpg\" alt=\"Helena, t\u00e8cnica de la FPC\" width=\"159\" height=\"212\" loading=\"lazy\"\/><\/div><div class=\"uagb-ifb-title-wrap\"><h3 class=\"uagb-ifb-title\">Helena Ballart<\/h3><\/div><p class=\"uagb-ifb-desc\">Ingeniera forestal, Helena coordina la parte de educaci\u00f3n y sensibilizaci\u00f3n de la Fundaci\u00f3n Pau Costa. Se encarga de proyectos de gesti\u00f3n del riesgo de incendios y colabora en proyectos europeos.<\/p><\/div><\/div>\n<\/div>\n\n\n\n<div class=\"wp-block-uagb-container profile uagb-block-5692baea\">\n<div class=\"wp-block-uagb-info-box uagb-block-6b7c3404 uagb-infobox__content-wrap  uagb-infobox-icon-above-title uagb-infobox-image-valign-top\"><div class=\"uagb-ifb-content\"><div class=\"uagb-ifb-image-content\"><img decoding=\"async\" src=\"https:\/\/prepast.org\/wp-content\/uploads\/2025\/03\/raquel-787x1024.jpg\" alt=\"Raquel, t\u00e8cnica de l'Associaci\u00f3 La Sabina\" width=\"159\" height=\"206\" loading=\"lazy\"\/><\/div><div class=\"uagb-ifb-title-wrap\"><h3 class=\"uagb-ifb-title\">Raquel Baraut<\/h3><\/div><p class=\"uagb-ifb-desc\">Ambient\u00f3loga y formada en temas de biodiversidad y Sistemas de Informaci\u00f3n Geogr\u00e1fica, desde La Sabina dedica el 100% del trabajo a PREPAST.<\/p><\/div><\/div>\n<\/div>\n\n\n\n<div class=\"wp-block-uagb-container profile uagb-block-c636525b\">\n<div class=\"wp-block-uagb-info-box uagb-block-be180e62 uagb-infobox__content-wrap  uagb-infobox-icon-above-title uagb-infobox-image-valign-top\"><div class=\"uagb-ifb-content\"><div class=\"uagb-ifb-image-content\"><img decoding=\"async\" src=\"https:\/\/prepast.org\/wp-content\/uploads\/2025\/03\/mireia-888x1024.jpg\" alt=\"Mireia, alcaldessa d'\u00c0ger\" width=\"159\" height=\"183\" loading=\"lazy\"\/><\/div><div class=\"uagb-ifb-title-wrap\"><h3 class=\"uagb-ifb-title\">Mireia Burgu\u00e9s<\/h3><\/div><p class=\"uagb-ifb-desc\">Alcaldesa de \u00c0ger. Cuando propusimos al ayuntamiento apuntarse a PREPAST no se lo pens\u00f3 dos veces. En su familia ha habido ganaderos y pastores desde hace generaciones.<\/p><\/div><\/div>\n<\/div>\n<\/div>\n\n\n\n<div class=\"wp-block-uagb-container uagb-block-808b5a44\">\n<div class=\"wp-block-uagb-container profile uagb-block-52beab29\">\n<div class=\"wp-block-uagb-info-box uagb-block-6ba1a229 uagb-infobox__content-wrap  uagb-infobox-icon-above-title uagb-infobox-image-valign-top\"><div class=\"uagb-ifb-content\"><div class=\"uagb-ifb-image-content\"><img decoding=\"async\" src=\"https:\/\/prepast.org\/wp-content\/uploads\/2025\/03\/merles.jpg\" alt=\"Merl\u00e8s, t\u00e8cnica de Ramats de Foc\" width=\"159\" height=\"194\" loading=\"lazy\"\/><\/div><div class=\"uagb-ifb-title-wrap\"><h3 class=\"uagb-ifb-title\">Merl\u00e8s Mart\u00ednez<\/h3><\/div><p class=\"uagb-ifb-desc\">Pastora en excedencia formada en ingenier\u00eda agr\u00edcola y etolog\u00eda cl\u00ednica, trabaja en la Fundaci\u00f3n Pau Costa como co-responsable del proyecto Ramats de Foc y ahora forma parte del equipo del PREPAST.<\/p><\/div><\/div>\n<\/div>\n\n\n\n<div class=\"wp-block-uagb-container profile uagb-block-c5bdbc9e\">\n<div class=\"wp-block-uagb-info-box uagb-block-b7b32d26 uagb-infobox__content-wrap  uagb-infobox-icon-above-title uagb-infobox-image-valign-top\"><div class=\"uagb-ifb-content\"><div class=\"uagb-ifb-image-content\"><img decoding=\"async\" src=\"https:\/\/prepast.org\/wp-content\/uploads\/2025\/03\/raquel-tejedor-e1741080253392.png\" alt=\"Raquel, t\u00e8cnica del CTFC\" width=\"159\" height=\"164\" loading=\"lazy\"\/><\/div><div class=\"uagb-ifb-title-wrap\"><h3 class=\"uagb-ifb-title\">Raquel Tejedor<\/h3><\/div><p class=\"uagb-ifb-desc\">T\u00e9cnica del Centro de Ciencia y Tecnolog\u00eda Forestal de Catalu\u00f1a trabaja en el proyecto PREPAST como profesional en ecolog\u00eda y gesti\u00f3n silvopastoral.<\/p><\/div><\/div>\n<\/div>\n\n\n\n<div class=\"wp-block-uagb-container profile uag-hide-desktop uag-hide-tab uag-hide-mob uagb-block-bb0b823a\">\n<div class=\"wp-block-uagb-info-box uagb-block-f166e124 uagb-infobox__content-wrap  uagb-infobox-icon-above-title uagb-infobox-image-valign-top uag-hide-desktop uag-hide-tab uag-hide-mob\"><div class=\"uagb-ifb-content\"><div class=\"uagb-ifb-image-content\"><img decoding=\"async\" src=\"https:\/\/prepast.org\/wp-content\/uploads\/2023\/07\/team-skip-02.jpg\" alt=\"\" width=\"159\" height=\"190\" loading=\"lazy\"\/><\/div><div class=\"uagb-ifb-title-wrap\"><h3 class=\"uagb-ifb-title\">Raquel Baraut<\/h3><\/div><p class=\"uagb-ifb-desc\">Viu a pag\u00e8s en una masia al mig del camp entre gats, gallines i puputs. Des de La Sabina dedica el 100% de la feina a PREPAST.<\/p><\/div><\/div>\n<\/div>\n<\/div>\n<\/div>\n\n\n\n<div class=\"wp-block-uagb-container uagb-block-df995a1b\"><\/div>\n\n\n\n<div style=\"height:50px\" aria-hidden=\"true\" class=\"wp-block-spacer\"><\/div>\n\n\n\n<figure class=\"wp-block-embed is-type-video is-provider-youtube wp-block-embed-youtube wp-embed-aspect-16-9 wp-has-aspect-ratio\"><div class=\"wp-block-embed__wrapper\">\n<iframe loading=\"lazy\" title=\"Las pastoras del Montsec, territorio y pastoreo en femenino\" width=\"500\" height=\"281\" src=\"https:\/\/www.youtube.com\/embed\/c69fqgXhQ2k?feature=oembed\" frameborder=\"0\" allow=\"accelerometer; autoplay; clipboard-write; encrypted-media; gyroscope; picture-in-picture; web-share\" referrerpolicy=\"strict-origin-when-cross-origin\" allowfullscreen><\/iframe>\n<\/div><\/figure>\n<\/div><\/div>\n<\/div><\/div>\n\n\n\n<div class=\"wp-block-uagb-container uag-hide-desktop uag-hide-tab uag-hide-mob uagb-block-df29e8e0 alignfull uagb-is-root-container\"><div class=\"uagb-container-inner-blocks-wrap\">\n<div class=\"wp-block-uagb-container uagb-block-0cc2fca7\">\n<div class=\"wp-block-uagb-advanced-heading uagb-block-46bf9726\"><h2 class=\"uagb-heading-text\">Sobre PREPAST<\/h2><p class=\"uagb-desc-text\">El proyecto PREPAST nace de la preocupaci\u00f3n por la desaparici\u00f3n de reba\u00f1os extensivos del territorio, lo que supone problemas ecol\u00f3gicos, econ\u00f3micos y sociales.<\/p><\/div>\n\n\n\n<p>La p\u00e9rdida de pastores y reba\u00f1os en la situaci\u00f3n actual de cambio clim\u00e1tico, de episodios de sequ\u00eda y de aumento de la intensificaci\u00f3n agr\u00edcola, significa tambi\u00e9n el abandono del campo, la no utilizaci\u00f3n de los recursos renovables locales, el aumento del riesgo de incendios, la p\u00e9rdida de biodiversidad con la homogeneizaci\u00f3n del paisaje y el despoblamiento del territorio.<\/p>\n\n\n\n<p>Para potenciar la bioeconom\u00eda, la transici\u00f3n ecol\u00f3gica y la lucha contra el despoblamiento rural, se persigue promocionar la ganader\u00eda extensiva y servicios asociados en \u00e1reas del Prepirineo y su potencial como infraestructura verde.<\/p>\n\n\n\n<div class=\"wp-block-uagb-container uagb-block-e4b1459c\">\n<div class=\"wp-block-uagb-advanced-heading uagb-block-e664ddd9\"><div class=\"uagb-heading-text\">Pr\u00e1cticas sostenibles<\/div><p class=\"uagb-desc-text\">Aprovechamiento de recursos locales renovables para realizar productos de calidad con impacto social y medioambiental positivo.<\/p><\/div>\n\n\n\n<div class=\"wp-block-uagb-advanced-heading uagb-block-4c1b05fa\"><div class=\"uagb-heading-text\">Cambio clim\u00e1tico<\/div><p class=\"uagb-desc-text\">Prevenci\u00f3n del riesgo de incendios forestales, de la p\u00e9rdida de biodiversidad y de la homogeneizaci\u00f3n del paisaje<\/p><\/div>\n\n\n\n<div class=\"wp-block-uagb-advanced-heading uagb-block-3fa31074\"><div class=\"uagb-heading-text\">Impacto social<\/div><p class=\"uagb-desc-text\">Lucha contra el despoblamiento y la desigualdad de g\u00e9nero en el mundo rural. Empoderamiento del oficio de pastor.<\/p><\/div>\n<\/div>\n<\/div>\n\n\n\n<div class=\"wp-block-uagb-container uagb-block-612c00eb\">\n<div class=\"wp-block-uagb-image alignleft uagb-block-fc55f369 wp-block-uagb-image--layout-default wp-block-uagb-image--effect-static wp-block-uagb-image--align-left\"><figure class=\"wp-block-uagb-image__figure\"><img decoding=\"async\" srcset=\"https:\/\/prepast.org\/wp-content\/uploads\/2024\/03\/photo-1568984756023-1c3080470e28.jpeg ,https:\/\/prepast.org\/wp-content\/uploads\/2024\/03\/photo-1568984756023-1c3080470e28.jpeg 780w, https:\/\/prepast.org\/wp-content\/uploads\/2024\/03\/photo-1568984756023-1c3080470e28.jpeg 360w\" sizes=\"auto, (max-width: 480px) 150px\" src=\"https:\/\/prepast.org\/wp-content\/uploads\/2024\/03\/photo-1568984756023-1c3080470e28.jpeg\" alt=\"\" class=\"uag-image-1483\" width=\"675\" height=\"400\" title=\"\" loading=\"lazy\" role=\"img\"\/><\/figure><\/div>\n\n\n\n<div class=\"wp-block-uagb-image alignleft uagb-block-ef39edcd wp-block-uagb-image--layout-default wp-block-uagb-image--effect-static wp-block-uagb-image--align-left\"><figure class=\"wp-block-uagb-image__figure\"><img decoding=\"async\" srcset=\"https:\/\/prepast.org\/wp-content\/uploads\/2024\/03\/photo-1568984756023-1c3080470e28.jpeg ,https:\/\/prepast.org\/wp-content\/uploads\/2024\/03\/photo-1568984756023-1c3080470e28.jpeg 780w, https:\/\/prepast.org\/wp-content\/uploads\/2024\/03\/photo-1568984756023-1c3080470e28.jpeg 360w\" sizes=\"auto, (max-width: 480px) 150px\" src=\"https:\/\/prepast.org\/wp-content\/uploads\/2024\/03\/photo-1568984756023-1c3080470e28.jpeg\" alt=\"\" class=\"uag-image-1483\" width=\"675\" height=\"400\" title=\"\" loading=\"lazy\" role=\"img\"\/><\/figure><\/div>\n<\/div>\n<\/div><\/div>","protected":false},"excerpt":{"rendered":"<p>Coneix el projecte Sobre PREPAST El projecte PREPAST neix de la preocupaci\u00f3 per la desaparici\u00f3 de ramats extensius del territori, el que suposa problemes ecol\u00f2gics, econ\u00f2mics i socials. La p\u00e8rdua de pastors i ramats en la situaci\u00f3 actual de canvi clim\u00e0tic, d\u2019episodis de sequera i d\u2019augment de la intensificaci\u00f3 agr\u00edcola, significa tamb\u00e9 l\u2019abandonament del camp, [&hellip;]<\/p>","protected":false},"author":8,"featured_media":0,"parent":0,"menu_order":0,"comment_status":"closed","ping_status":"closed","template":"","meta":{"_uag_custom_page_level_css":"","site-sidebar-layout":"default","site-content-layout":"page-builder","ast-site-content-layout":"full-width-container","site-content-style":"unboxed","site-sidebar-style":"unboxed","ast-global-header-display":"","ast-banner-title-visibility":"","ast-main-header-display":"","ast-hfb-above-header-display":"","ast-hfb-below-header-display":"","ast-hfb-mobile-header-display":"","site-post-title":"disabled","ast-breadcrumbs-content":"","ast-featured-img":"","footer-sml-layout":"","ast-disable-related-posts":"","theme-transparent-header-meta":"enabled","adv-header-id-meta":"","stick-header-meta":"","header-above-stick-meta":"","header-main-stick-meta":"","header-below-stick-meta":"","astra-migrate-meta-layouts":"set","ast-page-background-enabled":"default","ast-page-background-meta":{"desktop":{"background-color":"var(--ast-global-color-4)","background-image":"","background-repeat":"repeat","background-position":"center center","background-size":"auto","background-attachment":"scroll","background-type":"","background-media":"","overlay-type":"","overlay-color":"","overlay-opacity":"","overlay-gradient":""},"tablet":{"background-color":"","background-image":"","background-repeat":"repeat","background-position":"center center","background-size":"auto","background-attachment":"scroll","background-type":"","background-media":"","overlay-type":"","overlay-color":"","overlay-opacity":"","overlay-gradient":""},"mobile":{"background-color":"","background-image":"","background-repeat":"repeat","background-position":"center center","background-size":"auto","background-attachment":"scroll","background-type":"","background-media":"","overlay-type":"","overlay-color":"","overlay-opacity":"","overlay-gradient":""}},"ast-content-background-meta":{"desktop":{"background-color":"var(--ast-global-color-5)","background-image":"","background-repeat":"repeat","background-position":"center center","background-size":"auto","background-attachment":"scroll","background-type":"","background-media":"","overlay-type":"","overlay-color":"","overlay-opacity":"","overlay-gradient":""},"tablet":{"background-color":"var(--ast-global-color-5)","background-image":"","background-repeat":"repeat","background-position":"center center","background-size":"auto","background-attachment":"scroll","background-type":"","background-media":"","overlay-type":"","overlay-color":"","overlay-opacity":"","overlay-gradient":""},"mobile":{"background-color":"var(--ast-global-color-5)","background-image":"","background-repeat":"repeat","background-position":"center center","background-size":"auto","background-attachment":"scroll","background-type":"","background-media":"","overlay-type":"","overlay-color":"","overlay-opacity":"","overlay-gradient":""}},"footnotes":""},"class_list":["post-40","page","type-page","status-publish","hentry"],"yoast_head":"<!-- This site is optimized with the Yoast SEO plugin v22.6 - https:\/\/yoast.com\/wordpress\/plugins\/seo\/ -->\n<title>Coneix el projecte - PREPAST<\/title>\n<meta name=\"robots\" content=\"index, follow, max-snippet:-1, max-image-preview:large, max-video-preview:-1\" \/>\n<link rel=\"canonical\" href=\"https:\/\/prepast.org\/es\/projecte\/\" \/>\n<meta property=\"og:locale\" content=\"es_ES\" \/>\n<meta property=\"og:type\" content=\"article\" \/>\n<meta property=\"og:title\" content=\"Coneix el projecte - PREPAST\" \/>\n<meta property=\"og:description\" content=\"Coneix el projecte Sobre PREPAST El projecte PREPAST neix de la preocupaci\u00f3 per la desaparici\u00f3 de ramats extensius del territori, el que suposa problemes ecol\u00f2gics, econ\u00f2mics i socials. La p\u00e8rdua de pastors i ramats en la situaci\u00f3 actual de canvi clim\u00e0tic, d\u2019episodis de sequera i d\u2019augment de la intensificaci\u00f3 agr\u00edcola, significa tamb\u00e9 l\u2019abandonament del camp, [&hellip;]\" \/>\n<meta property=\"og:url\" content=\"https:\/\/prepast.org\/es\/projecte\/\" \/>\n<meta property=\"og:site_name\" content=\"PREPAST\" \/>\n<meta property=\"article:modified_time\" content=\"2026-01-07T09:05:20+00:00\" \/>\n<meta property=\"og:image\" content=\"https:\/\/prepast.org\/wp-content\/uploads\/2024\/04\/ramat-2-1024x680.jpg\" \/>\n<meta name=\"twitter:card\" content=\"summary_large_image\" \/>\n<meta name=\"twitter:site\" content=\"@projecteprepast\" \/>\n<meta name=\"twitter:label1\" content=\"Tiempo de lectura\" \/>\n\t<meta name=\"twitter:data1\" content=\"11 minutos\" \/>\n<script type=\"application\/ld+json\" class=\"yoast-schema-graph\">{\"@context\":\"https:\/\/schema.org\",\"@graph\":[{\"@type\":\"WebPage\",\"@id\":\"https:\/\/prepast.org\/projecte\/\",\"url\":\"https:\/\/prepast.org\/projecte\/\",\"name\":\"Coneix el projecte - PREPAST\",\"isPartOf\":{\"@id\":\"https:\/\/prepast.org\/#website\"},\"primaryImageOfPage\":{\"@id\":\"https:\/\/prepast.org\/projecte\/#primaryimage\"},\"image\":{\"@id\":\"https:\/\/prepast.org\/projecte\/#primaryimage\"},\"thumbnailUrl\":\"https:\/\/prepast.org\/wp-content\/uploads\/2024\/04\/ramat-2-1024x680.jpg\",\"datePublished\":\"2023-06-08T07:03:08+00:00\",\"dateModified\":\"2026-01-07T09:05:20+00:00\",\"breadcrumb\":{\"@id\":\"https:\/\/prepast.org\/projecte\/#breadcrumb\"},\"inLanguage\":\"es\",\"potentialAction\":[{\"@type\":\"ReadAction\",\"target\":[\"https:\/\/prepast.org\/projecte\/\"]}]},{\"@type\":\"ImageObject\",\"inLanguage\":\"es\",\"@id\":\"https:\/\/prepast.org\/projecte\/#primaryimage\",\"url\":\"https:\/\/prepast.org\/wp-content\/uploads\/2024\/04\/ramat-2-1024x680.jpg\",\"contentUrl\":\"https:\/\/prepast.org\/wp-content\/uploads\/2024\/04\/ramat-2-1024x680.jpg\"},{\"@type\":\"BreadcrumbList\",\"@id\":\"https:\/\/prepast.org\/projecte\/#breadcrumb\",\"itemListElement\":[{\"@type\":\"ListItem\",\"position\":1,\"name\":\"Inici\",\"item\":\"https:\/\/prepast.org\/\"},{\"@type\":\"ListItem\",\"position\":2,\"name\":\"Coneix el projecte\"}]},{\"@type\":\"WebSite\",\"@id\":\"https:\/\/prepast.org\/#website\",\"url\":\"https:\/\/prepast.org\/\",\"name\":\"PREPAST\",\"description\":\"Pastures del Prepirineu\",\"publisher\":{\"@id\":\"https:\/\/prepast.org\/#organization\"},\"potentialAction\":[{\"@type\":\"SearchAction\",\"target\":{\"@type\":\"EntryPoint\",\"urlTemplate\":\"https:\/\/prepast.org\/?s={search_term_string}\"},\"query-input\":\"required name=search_term_string\"}],\"inLanguage\":\"es\"},{\"@type\":\"Organization\",\"@id\":\"https:\/\/prepast.org\/#organization\",\"name\":\"PREPAST\",\"url\":\"https:\/\/prepast.org\/\",\"logo\":{\"@type\":\"ImageObject\",\"inLanguage\":\"es\",\"@id\":\"https:\/\/prepast.org\/#\/schema\/logo\/image\/\",\"url\":\"https:\/\/prepast.org\/wp-content\/uploads\/2024\/03\/LOGO-PREPAST.png\",\"contentUrl\":\"https:\/\/prepast.org\/wp-content\/uploads\/2024\/03\/LOGO-PREPAST.png\",\"width\":1095,\"height\":1095,\"caption\":\"PREPAST\"},\"image\":{\"@id\":\"https:\/\/prepast.org\/#\/schema\/logo\/image\/\"},\"sameAs\":[\"https:\/\/x.com\/projecteprepast\",\"https:\/\/www.instagram.com\/projecteprepast\/\"]}]}<\/script>\n<!-- \/ Yoast SEO plugin. -->","yoast_head_json":{"title":"Coneix el projecte - PREPAST","robots":{"index":"index","follow":"follow","max-snippet":"max-snippet:-1","max-image-preview":"max-image-preview:large","max-video-preview":"max-video-preview:-1"},"canonical":"https:\/\/prepast.org\/es\/projecte\/","og_locale":"es_ES","og_type":"article","og_title":"Coneix el projecte - PREPAST","og_description":"Coneix el projecte Sobre PREPAST El projecte PREPAST neix de la preocupaci\u00f3 per la desaparici\u00f3 de ramats extensius del territori, el que suposa problemes ecol\u00f2gics, econ\u00f2mics i socials. La p\u00e8rdua de pastors i ramats en la situaci\u00f3 actual de canvi clim\u00e0tic, d\u2019episodis de sequera i d\u2019augment de la intensificaci\u00f3 agr\u00edcola, significa tamb\u00e9 l\u2019abandonament del camp, [&hellip;]","og_url":"https:\/\/prepast.org\/es\/projecte\/","og_site_name":"PREPAST","article_modified_time":"2026-01-07T09:05:20+00:00","og_image":[{"url":"https:\/\/prepast.org\/wp-content\/uploads\/2024\/04\/ramat-2-1024x680.jpg"}],"twitter_card":"summary_large_image","twitter_site":"@projecteprepast","twitter_misc":{"Tiempo de lectura":"11 minutos"},"schema":{"@context":"https:\/\/schema.org","@graph":[{"@type":"WebPage","@id":"https:\/\/prepast.org\/projecte\/","url":"https:\/\/prepast.org\/projecte\/","name":"Coneix el projecte - PREPAST","isPartOf":{"@id":"https:\/\/prepast.org\/#website"},"primaryImageOfPage":{"@id":"https:\/\/prepast.org\/projecte\/#primaryimage"},"image":{"@id":"https:\/\/prepast.org\/projecte\/#primaryimage"},"thumbnailUrl":"https:\/\/prepast.org\/wp-content\/uploads\/2024\/04\/ramat-2-1024x680.jpg","datePublished":"2023-06-08T07:03:08+00:00","dateModified":"2026-01-07T09:05:20+00:00","breadcrumb":{"@id":"https:\/\/prepast.org\/projecte\/#breadcrumb"},"inLanguage":"es","potentialAction":[{"@type":"ReadAction","target":["https:\/\/prepast.org\/projecte\/"]}]},{"@type":"ImageObject","inLanguage":"es","@id":"https:\/\/prepast.org\/projecte\/#primaryimage","url":"https:\/\/prepast.org\/wp-content\/uploads\/2024\/04\/ramat-2-1024x680.jpg","contentUrl":"https:\/\/prepast.org\/wp-content\/uploads\/2024\/04\/ramat-2-1024x680.jpg"},{"@type":"BreadcrumbList","@id":"https:\/\/prepast.org\/projecte\/#breadcrumb","itemListElement":[{"@type":"ListItem","position":1,"name":"Inici","item":"https:\/\/prepast.org\/"},{"@type":"ListItem","position":2,"name":"Coneix el projecte"}]},{"@type":"WebSite","@id":"https:\/\/prepast.org\/#website","url":"https:\/\/prepast.org\/","name":"PREPAST","description":"Pastos del Prepirineo","publisher":{"@id":"https:\/\/prepast.org\/#organization"},"potentialAction":[{"@type":"SearchAction","target":{"@type":"EntryPoint","urlTemplate":"https:\/\/prepast.org\/?s={search_term_string}"},"query-input":"required name=search_term_string"}],"inLanguage":"es"},{"@type":"Organization","@id":"https:\/\/prepast.org\/#organization","name":"PREPAST","url":"https:\/\/prepast.org\/","logo":{"@type":"ImageObject","inLanguage":"es","@id":"https:\/\/prepast.org\/#\/schema\/logo\/image\/","url":"https:\/\/prepast.org\/wp-content\/uploads\/2024\/03\/LOGO-PREPAST.png","contentUrl":"https:\/\/prepast.org\/wp-content\/uploads\/2024\/03\/LOGO-PREPAST.png","width":1095,"height":1095,"caption":"PREPAST"},"image":{"@id":"https:\/\/prepast.org\/#\/schema\/logo\/image\/"},"sameAs":["https:\/\/x.com\/projecteprepast","https:\/\/www.instagram.com\/projecteprepast\/"]}]}},"uagb_featured_image_src":{"full":false,"thumbnail":false,"medium":false,"medium_large":false,"large":false,"1536x1536":false,"2048x2048":false,"trp-custom-language-flag":false},"uagb_author_info":{"display_name":"NznR1yyA2iIR","author_link":"https:\/\/prepast.org\/es\/author\/nznr1yya2iir\/"},"uagb_comment_info":0,"uagb_excerpt":"Coneix el projecte Sobre PREPAST El projecte PREPAST neix de la preocupaci\u00f3 per la desaparici\u00f3 de ramats extensius del territori, el que suposa problemes ecol\u00f2gics, econ\u00f2mics i socials. La p\u00e8rdua de pastors i ramats en la situaci\u00f3 actual de canvi clim\u00e0tic, d\u2019episodis de sequera i d\u2019augment de la intensificaci\u00f3 agr\u00edcola, significa tamb\u00e9 l\u2019abandonament del camp,&hellip;","_links":{"self":[{"href":"https:\/\/prepast.org\/es\/wp-json\/wp\/v2\/pages\/40","targetHints":{"allow":["GET"]}}],"collection":[{"href":"https:\/\/prepast.org\/es\/wp-json\/wp\/v2\/pages"}],"about":[{"href":"https:\/\/prepast.org\/es\/wp-json\/wp\/v2\/types\/page"}],"author":[{"embeddable":true,"href":"https:\/\/prepast.org\/es\/wp-json\/wp\/v2\/users\/8"}],"replies":[{"embeddable":true,"href":"https:\/\/prepast.org\/es\/wp-json\/wp\/v2\/comments?post=40"}],"version-history":[{"count":59,"href":"https:\/\/prepast.org\/es\/wp-json\/wp\/v2\/pages\/40\/revisions"}],"predecessor-version":[{"id":3416,"href":"https:\/\/prepast.org\/es\/wp-json\/wp\/v2\/pages\/40\/revisions\/3416"}],"wp:attachment":[{"href":"https:\/\/prepast.org\/es\/wp-json\/wp\/v2\/media?parent=40"}],"curies":[{"name":"wp","href":"https:\/\/api.w.org\/{rel}","templated":true}]}}